{"id":765576,"date":"2025-08-28T11:46:21","date_gmt":"2025-08-28T08:46:21","guid":{"rendered":"https:\/\/roveyayinevi.com.tr\/index.php\/urun\/modernlik-kehanetleri-2\/"},"modified":"2026-04-15T03:31:30","modified_gmt":"2026-04-15T00:31:30","slug":"modernlik-kehanetleri-2","status":"publish","type":"product","link":"https:\/\/roveyayinevi.com.tr\/index.php\/urun\/modernlik-kehanetleri-2\/","title":{"rendered":"Modernlik Kehanetleri"},"content":{"rendered":"<p>Kitab\u0131n kapa\u011f\u0131nda yukar\u0131da yer alan tablo, &#8220;mekanik evren&#8221; anlay\u0131\u015f\u0131n\u0131n \u00f6ncesinde evreni meleklerin d\u00f6nd\u00fcrd\u00fc\u011f\u00fcn\u00fc temek alm\u0131\u015f kozmolojinin sureti iken, di\u011ferinde-Benjamin gibi yorumlarsak cennetten esen bir f\u0131rt\u0131nan\u0131n m\u00fctemadiyen gelece\u011fe do\u011fru s\u00fcr\u00fckledi\u011fi ve ilerledik\u00e7e \u00f6n\u00fcndeki y\u0131k\u0131nt\u0131lar\u0131 g\u00f6\u011fe do\u011fru y\u00fckseltti\u011fi &#8220;tarih mele\u011fi&#8221; tasvir edilmektedir; ayn\u0131 imgeden devam etti\u011fimizde film sahnesinde \u00fcretim \u00e7ark\u0131nda ayakta kalmaya \u00e7al\u0131\u015fan bir meleksilikle kar\u015f\u0131la\u015fmaktay\u0131z. Bu imgeleri ku\u015fatan olumsuzluklar\u0131n genel ad\u0131 &#8220;modernlik&#8221; tir.Modern kozmoloji ilerleme ve yabanc\u0131la\u015fma portrelerinin g\u00fcn\u00fcm\u00fczde iyice silikle\u015fti\u011fi modernlik yorumcular\u0131n\u0131n ittifak etti\u011fi bir g\u00f6r\u00fc\u015f haline geldi. Oysa, bunlar\u0131 bir ba\u015fka a\u00e7\u0131dan ortaya koyan \u00f6nc\u00fc d\u00fc\u015f\u00fcn\u00fcrlerin \u00f6ng\u00f6r\u00fcleri yanl\u0131\u015flanm\u0131\u015f m\u0131d\u0131r? (K\u00f6t\u00fc bir Popperc\u0131 terim). Mesela, Marx ve Engels, Kom\u00fcnist, Manifesto&#8217;da modern-kapitalist toplumun &#8220;kat\u0131 olan her \u015feyin buharla\u015ft\u0131\u011f\u0131&#8221; b\u00fcy\u00fck bir d\u00f6n\u00fc\u015f\u00fcm olarak ele\u015ftirel bir portresini ortaya koymu\u015flard\u0131, Simmel, Paran\u0131n Felsefesi&#8217;nde (modern toplumda ili\u015fkileri daha fazla etkileyen, bir g\u00fc\u00e7 konumuna ula\u015fan) paran\u0131n her \u015feyi bir &#8220;formsuzlu\u011fa&#8221;, &#8220;renksizli\u011fe&#8221;, &#8220;nicel olgulara&#8221; indirgedi\u011fini, ruhun bireyselli\u011fin ve yarat\u0131c\u0131l\u0131\u011f\u0131n &#8220;hakiki d\u00fc\u015fman\u0131&#8221; oldu\u011funu iddia etmi\u015fti, Weber Protestan Ahlak\u0131 ve Kapitalizmin Ruhu&#8217;nda kapitalizmin ruhu olarak ara\u00e7sal rasyonelli\u011fin &#8220;d\u00fcnyan\u0131n b\u00fcy\u00fcs\u00fcn\u00fcn bozulmas\u0131&#8221;na yol a\u00e7t\u0131\u011f\u0131n\u0131 ileri s\u00fcrm\u00fc\u015ft\u00fc, ara\u00e7sal rasyonelli\u011fin ruhsuzlu\u011fu \u00e7evremizi ayn\u0131 d\u00f6nemde Charlie Chaplin&#8217;in Modern Times&#8217;\u0131nda temsil edildi\u011fi gibi- mekanik bir evrene d\u00f6n\u00fc\u015ft\u00fcrm\u00fc\u015ft\u00fc. Bu \u00fc\u00e7 klasik modern toplum yorumu ge\u00e7erliliklerini yitirdi mi? S\u00f6z konusu ruh, modernli\u011fe hayat veren &#8220;kapitalist ruh&#8221; \u00f6lm\u00fc\u015f m\u00fcd\u00fcr? Pek \u00f6yle g\u00f6r\u00fcnm\u00fcyor. Bunlar modernli\u011fin kehanetleri olarak hayalet varl\u0131klar\u0131n\u0131 s\u00fcrd\u00fcrmeye devam ediyor.<\/p>\n","protected":false},"excerpt":{"rendered":"<p>Kitab\u0131n kapa\u011f\u0131nda yukar\u0131da yer alan tablo, &#8220;mekanik evren&#8221; anlay\u0131\u015f\u0131n\u0131n \u00f6ncesinde evreni meleklerin d\u00f6nd\u00fcrd\u00fc\u011f\u00fcn\u00fc temek alm\u0131\u015f kozmolojinin sureti iken, di\u011ferinde-Benjamin gibi yorumlarsak cennetten esen bir f\u0131rt\u0131nan\u0131n m\u00fctemadiyen<span class=\"excerpt-hellip\"> [\u2026]<\/span><\/p>\n","protected":false},"featured_media":0,"template":"","meta":{"_monsterinsights_skip_tracking":false,"_monsterinsights_sitenote_active":false,"_monsterinsights_sitenote_note":"","_monsterinsights_sitenote_category":0},"product_brand":[],"product_cat":[12337,14706],"product_tag":[],"class_list":{"0":"post-765576","1":"product","2":"type-product","3":"status-publish","5":"product_cat-politika-siyaset","6":"product_cat-siyaset-bilimi","7":"pa_cilt-ciltsiz","8":"pa_tur-kitap","9":"pa_yayinevi-orion-kitabevi","10":"pa_yazar-firat-mollaer","12":"first","13":"instock","14":"sale","15":"shipping-taxable","16":"purchasable","17":"product-type-simple"},"_links":{"self":[{"href":"https:\/\/roveyayinevi.com.tr\/index.php\/wp-json\/wp\/v2\/product\/765576","targetHints":{"allow":["GET"]}}],"collection":[{"href":"https:\/\/roveyayinevi.com.tr\/index.php\/wp-json\/wp\/v2\/product"}],"about":[{"href":"https:\/\/roveyayinevi.com.tr\/index.php\/wp-json\/wp\/v2\/types\/product"}],"wp:attachment":[{"href":"https:\/\/roveyayinevi.com.tr\/index.php\/wp-json\/wp\/v2\/media?parent=765576"}],"wp:term":[{"taxonomy":"product_brand","embeddable":true,"href":"https:\/\/roveyayinevi.com.tr\/index.php\/wp-json\/wp\/v2\/product_brand?post=765576"},{"taxonomy":"product_cat","embeddable":true,"href":"https:\/\/roveyayinevi.com.tr\/index.php\/wp-json\/wp\/v2\/product_cat?post=765576"},{"taxonomy":"product_tag","embeddable":true,"href":"https:\/\/roveyayinevi.com.tr\/index.php\/wp-json\/wp\/v2\/product_tag?post=765576"}],"curies":[{"name":"wp","href":"https:\/\/api.w.org\/{rel}","templated":true}]}}