{"id":765575,"date":"2025-08-28T11:46:20","date_gmt":"2025-08-28T08:46:20","guid":{"rendered":"https:\/\/roveyayinevi.com.tr\/index.php\/urun\/modernlesme-krizi\/"},"modified":"2026-04-15T03:31:30","modified_gmt":"2026-04-15T00:31:30","slug":"modernlesme-krizi","status":"publish","type":"product","link":"https:\/\/roveyayinevi.com.tr\/index.php\/urun\/modernlesme-krizi\/","title":{"rendered":"Modernle\u015fme Krizi"},"content":{"rendered":"<p>G\u00fcn\u00fcm\u00fczde de y\u00fcz y\u00fcze geldi\u011fimiz ulus-devlet tart\u0131\u015fmas\u0131, K\u00fcrt sorunu, otoriter devlet gelene\u011fi, insan haklar\u0131 ve demokratikle\u015fme sorunu, Ab&#8217;ye kat\u0131l\u0131m s\u00fcreci, Y\u00d6K, asker-sivil ili\u015fkileri, e\u011fitim alanlar\u0131ndaki problemler, kamusal alan tart\u0131\u015fmalar\u0131, siyasal partilerle halk ili\u015fkileri, ayd\u0131n dorunsalo, d\u00fc\u015f\u00fcnce ve ifade \u00f6zg\u00fcrl\u00fc\u011f\u00fc, siyasal kat\u0131l\u0131m ve b\u00fct\u00fcnle\u015fme gibi krizlerin k\u00f6keninde de temel sorun olarak T\u00fcrk modernle\u015fme gelene\u011finin ideoloji ve \u00fctopya aras\u0131nda kalm\u0131\u015fl\u0131\u011f\u0131 vard\u0131r. Bir yanda devletin toplumu d\u00fczenleme gereksinmi gere\u011fi bir ideoloji olarak Kemalizm, di\u011fer yanda topluma bunu kabullendirme\/meruiyet gere\u011fi bir \u00fctopya olarak Modernle\u015fme. \u00d6zellikle demokratikle\u015fme alan\u0131nda T\u00fcrk modernle\u015fmesi, bu ikircikli yap\u0131 i\u00e7erisinde toplumu d\u00fczenlemek ve kontrol etmek ideolojisi ile bireysel \u00f6zg\u00fcrle\u015fim anlam\u0131nda modernle\u015fme \u00fctopyas\u0131 aras\u0131nda ciddi krizler ya\u015famaktad\u0131r. Bu durum &#8220;ideoloji&#8221;nin &#8220;\u00fctopya&#8221;y\u0131 yok etmesidir. T\u00fcrk modernle\u015fmesindeki bu ideolojik d\u00fczen kurgusu toplumu ve siyasay\u0131 kendi ger\u00e7ekli\u011fine kapat\u0131eken devleti de modernle\u015fmenin demokratik ve \u00f6zg\u00fcrl\u00fck\u00e7\u00fc y\u00f6n\u00fcne y\u00f6nelme a\u00e7\u0131s\u0131ndan evrensel d\u00fcnyaya ve evrensel de\u011fer ve ilkelere kapatmaktad\u0131r. T\u00fcrk modernle\u015fmesi, modenle\u015fmenin en \u00f6nemli boyutu olan, &#8220;evrensellik&#8221; ilkesini ret \u00fczerine kurulu devrimci modernle\u015fme gelene\u011fi i\u00e7erisinde evrensel de\u011ferler (\u00fctopya) kar\u015f\u0131s\u0131nda i\u00e7ine b\u00fcz\u00fclerek (ideoloji) bireyi topluma, toplumu devlete, devleti ed evrenselli\u011fe kapatmaktad\u0131r. Bu s\u00fcre\u00e7 i\u00e7erisinde sadece topluma yabanc\u0131la\u015fm\u0131\u015f birey veya devlete yabanc\u0131la\u015fm\u0131\u015f toplum de\u011fil, ayn\u0131 zamanda evrensel d\u00fcnyaya yabanc\u0131la\u015fm\u0131\u015f bir devlet ortaya \u00e7\u0131kmaktad\u0131r. Bu eserde yazar, \u00f6ncelikle bat\u0131 modernle\u015fme s\u00fcreci olmak \u00fczeri, modernle\u015fmeyi krize d\u00f6n\u00fc\u015ft\u00fcren ideolojik unsurlar\u0131 ve ba\u015fta resmi ideoloji olmak \u00fczere T\u00fcrk modernle\u015fme s\u00fcrecindeki kriz alanlar\u0131n\u0131 tart\u0131\u015fmaya a\u00e7maktad\u0131r.<\/p>\n","protected":false},"excerpt":{"rendered":"<p>G\u00fcn\u00fcm\u00fczde de y\u00fcz y\u00fcze geldi\u011fimiz ulus-devlet tart\u0131\u015fmas\u0131, K\u00fcrt sorunu, otoriter devlet gelene\u011fi, insan haklar\u0131 ve demokratikle\u015fme sorunu, Ab&#8217;ye kat\u0131l\u0131m s\u00fcreci, Y\u00d6K, asker-sivil ili\u015fkileri, e\u011fitim alanlar\u0131ndaki problemler,<span class=\"excerpt-hellip\"> [\u2026]<\/span><\/p>\n","protected":false},"featured_media":0,"template":"","meta":{"_monsterinsights_skip_tracking":false,"_monsterinsights_sitenote_active":false,"_monsterinsights_sitenote_note":"","_monsterinsights_sitenote_category":0},"product_brand":[],"product_cat":[12338,12337],"product_tag":[],"class_list":{"0":"post-765575","1":"product","2":"type-product","3":"status-publish","5":"product_cat-dunya-siyaseti-ve-politikasi","6":"product_cat-politika-siyaset","7":"pa_cilt-ciltsiz","8":"pa_tur-kitap","9":"pa_yayinevi-orion-kitabevi","10":"pa_yazar-halis-cetin","12":"first","13":"instock","14":"sale","15":"shipping-taxable","16":"purchasable","17":"product-type-simple"},"_links":{"self":[{"href":"https:\/\/roveyayinevi.com.tr\/index.php\/wp-json\/wp\/v2\/product\/765575","targetHints":{"allow":["GET"]}}],"collection":[{"href":"https:\/\/roveyayinevi.com.tr\/index.php\/wp-json\/wp\/v2\/product"}],"about":[{"href":"https:\/\/roveyayinevi.com.tr\/index.php\/wp-json\/wp\/v2\/types\/product"}],"wp:attachment":[{"href":"https:\/\/roveyayinevi.com.tr\/index.php\/wp-json\/wp\/v2\/media?parent=765575"}],"wp:term":[{"taxonomy":"product_brand","embeddable":true,"href":"https:\/\/roveyayinevi.com.tr\/index.php\/wp-json\/wp\/v2\/product_brand?post=765575"},{"taxonomy":"product_cat","embeddable":true,"href":"https:\/\/roveyayinevi.com.tr\/index.php\/wp-json\/wp\/v2\/product_cat?post=765575"},{"taxonomy":"product_tag","embeddable":true,"href":"https:\/\/roveyayinevi.com.tr\/index.php\/wp-json\/wp\/v2\/product_tag?post=765575"}],"curies":[{"name":"wp","href":"https:\/\/api.w.org\/{rel}","templated":true}]}}