{"id":765534,"date":"2025-08-28T11:45:31","date_gmt":"2025-08-28T08:45:31","guid":{"rendered":"https:\/\/roveyayinevi.com.tr\/index.php\/urun\/insan-haklari-5\/"},"modified":"2026-04-15T03:31:29","modified_gmt":"2026-04-15T00:31:29","slug":"insan-haklari-5","status":"publish","type":"product","link":"https:\/\/roveyayinevi.com.tr\/index.php\/urun\/insan-haklari-5\/","title":{"rendered":"\u0130nsan Haklar\u0131"},"content":{"rendered":"<p>B\u00fct\u00fcn insanlar haklar\u0131 ve onurlar\u0131 bak\u0131m\u0131ndan e\u015fit ve \u00f6zg\u00fcr do\u011farlar. (E\u0130HB)\u0130nsanlar\u0131n insanca ve insanl\u0131k onuruna yak\u0131\u015f\u0131r bir hayat s\u00fcrebilmesi, b\u00fcy\u00fck oranda t\u00fcm insanl\u0131\u011f\u0131n tecr\u00fcbesinin bir \u00fcr\u00fcn\u00fc olan \u0130nsan Haklar\u0131n\u0131n herkes ve toplumsal her akt\u00f6r taraf\u0131ndan tan\u0131nmas\u0131, benimsenmesi ve sayg\u0131 g\u00f6sterilmesine ba\u011fl\u0131d\u0131r. Zira, felsefe ve siyaset biliminin y\u00fczy\u0131llard\u0131r cevab\u0131n\u0131 arad\u0131\u011f\u0131 toplumsal bar\u0131\u015f\u0131n, huzurun ve \u00f6zg\u00fcrl\u00fc\u011f\u00fcn temelinde bu evrensel ahlaki ve hukuki ilkeler vard\u0131r. Evrensel \u0130nsan Haklar\u0131 Beyannamesi (E\u0130HB)&#8217;nin diliyle, &#8220;\u0130nsanl\u0131k ailesinin b\u00fct\u00fcn \u00fcyelerinin f\u0131traten sahip oldu\u011fu insanl\u0131k onuru ile e\u015fit ve devredilemez haklar\u0131n\u0131 tan\u0131mak d\u00fcnyada bar\u0131\u015f\u0131n, adaletin ve \u00f6zg\u00fcrl\u00fc\u011f\u00fcn temelidir&#8221;.\u00d6zg\u00fcrl\u00fck ve e\u015fitlik emek ister, \u00e7aba ister ve en \u00f6nemlisi samimiyet ve ahlak ister. \u0130nsan haklar\u0131 d\u00fc\u015f\u00fcncesi, adaletin h\u00e2kim oldu\u011fu, insan haklar\u0131 ihlallerinin olmad\u0131\u011f\u0131 ideal bir d\u00fcnya tasavvur eder. \u0130nsanl\u0131k bunu ne kadar ba\u015farabilirse o kadar insan kalma ve insan olma onurunu yakalayabilir.Peki, insan haklar\u0131n\u0131n kayna\u011f\u0131 nedir ve me\u015fruiyeti nereden gelir?Dinler ve medeniyetlerin bu evrensel ilkelerin olu\u015fumunda rolleri nelerdir?\u0130nsan haklar\u0131 modern bir olgu mu, yoksa insanl\u0131k ser\u00fcveniyle \u00f6zde\u015f mi?\u0130nsan haklar\u0131 Bat\u0131&#8217;n\u0131n bir de\u011feri mi? Yoksa t\u00fcm d\u00fcnyan\u0131n ortak miras\u0131 m\u0131?\u0130nsan haklar\u0131 mutlak do\u011frular m\u0131? Yoksa ara\u015ft\u0131r\u0131lmas\u0131 ve geli\u015ftirilmesi gereken olgular m\u0131?\u0130nsan Haklar\u0131n\u0131 korumada bireyler ve devletlerin, \u015firketler ve toplumlar\u0131n sorumlulu\u011fu nedir?\u0130nsan haklar\u0131 koruma mekanizmalar\u0131 nelerdir?Uluslararas\u0131 politikada insan haklar\u0131 nas\u0131l bir i\u015flev g\u00f6rmektedir?Demokrasi, kalk\u0131nma, k\u00fcreselle\u015fme ve e\u011fitimin insan haklar\u0131yla ili\u015fkisi nedir?Ve teknoloji insan haklar\u0131n\u0131 nas\u0131l etkilemektedir?Elinizde bulunan \u0130nsan haklar\u0131 \u00e7al\u0131\u015fmas\u0131, b\u00fct\u00fcn bu sorular ve merak edilen di\u011fer pek \u00e7ok suallere cevap arama gayretinin bir \u00fcr\u00fcn\u00fcd\u00fcr.<\/p>\n","protected":false},"excerpt":{"rendered":"<p>B\u00fct\u00fcn insanlar haklar\u0131 ve onurlar\u0131 bak\u0131m\u0131ndan e\u015fit ve \u00f6zg\u00fcr do\u011farlar. (E\u0130HB)\u0130nsanlar\u0131n insanca ve insanl\u0131k onuruna yak\u0131\u015f\u0131r bir hayat s\u00fcrebilmesi, b\u00fcy\u00fck oranda t\u00fcm insanl\u0131\u011f\u0131n tecr\u00fcbesinin bir \u00fcr\u00fcn\u00fc<span class=\"excerpt-hellip\"> [\u2026]<\/span><\/p>\n","protected":false},"featured_media":0,"template":"","meta":{"_monsterinsights_skip_tracking":false,"_monsterinsights_sitenote_active":false,"_monsterinsights_sitenote_note":"","_monsterinsights_sitenote_category":0},"product_brand":[],"product_cat":[15350,17602],"product_tag":[],"class_list":{"0":"post-765534","1":"product","2":"type-product","3":"status-publish","5":"product_cat-hukuk","6":"product_cat-hukuk-uzerine","7":"pa_cilt-ciltsiz","8":"pa_tur-kitap","9":"pa_yayinevi-orion-kitabevi","10":"pa_yazar-nezir-akyesilmen","12":"first","13":"instock","14":"sale","15":"shipping-taxable","16":"purchasable","17":"product-type-simple"},"_links":{"self":[{"href":"https:\/\/roveyayinevi.com.tr\/index.php\/wp-json\/wp\/v2\/product\/765534","targetHints":{"allow":["GET"]}}],"collection":[{"href":"https:\/\/roveyayinevi.com.tr\/index.php\/wp-json\/wp\/v2\/product"}],"about":[{"href":"https:\/\/roveyayinevi.com.tr\/index.php\/wp-json\/wp\/v2\/types\/product"}],"wp:attachment":[{"href":"https:\/\/roveyayinevi.com.tr\/index.php\/wp-json\/wp\/v2\/media?parent=765534"}],"wp:term":[{"taxonomy":"product_brand","embeddable":true,"href":"https:\/\/roveyayinevi.com.tr\/index.php\/wp-json\/wp\/v2\/product_brand?post=765534"},{"taxonomy":"product_cat","embeddable":true,"href":"https:\/\/roveyayinevi.com.tr\/index.php\/wp-json\/wp\/v2\/product_cat?post=765534"},{"taxonomy":"product_tag","embeddable":true,"href":"https:\/\/roveyayinevi.com.tr\/index.php\/wp-json\/wp\/v2\/product_tag?post=765534"}],"curies":[{"name":"wp","href":"https:\/\/api.w.org\/{rel}","templated":true}]}}