{"id":765532,"date":"2025-08-28T11:45:28","date_gmt":"2025-08-28T08:45:28","guid":{"rendered":"https:\/\/roveyayinevi.com.tr\/index.php\/urun\/iletisim-teorisi\/"},"modified":"2026-04-15T03:31:29","modified_gmt":"2026-04-15T00:31:29","slug":"iletisim-teorisi","status":"publish","type":"product","link":"https:\/\/roveyayinevi.com.tr\/index.php\/urun\/iletisim-teorisi\/","title":{"rendered":"\u0130leti\u015fim Teorisi"},"content":{"rendered":"<p>\u0130leti\u015fim topluma harici bir eylemler b\u00fct\u00fcn\u00fc de\u011fil topluma dair her \u015feyin t\u00fcm y\u00f6nleriyle m\u00fcmk\u00fcn k\u0131l\u0131nd\u0131\u011f\u0131, bu yolla s\u00fcrd\u00fcr\u00fcld\u00fc\u011f\u00fc d\u00e2hili bir k\u00fclt\u00fcrel dinamiktir. Toplumsal d\u00fcnya i\u00e7inde vuku bulan hemen her ili\u015fki semantik ve estetik boyutlar\u0131 olan, anlamlarla donat\u0131lm\u0131\u015f bir temsili ve simgesel be\u015feri iklim i\u00e7inde icra edilir ya da ya\u015fan\u0131r. Bu y\u00fczden ileti\u015fim gibi toplumsal hayat\u0131n b\u00fct\u00fcn dokusuna n\u00fcfuz etmi\u015f bir temaya odaklanmak \u00e7ok y\u00f6nl\u00fc perspektifleri sentezlemeyi gerekli k\u0131lar. \u0130leti\u015fimsel olgulara siyasi ve y\u00f6netsel, \u00f6rg\u00fctsel, tarihsel, felsefi, sanatsal, dilbilimsel, edebi, enformatik, teknik ve daha benzeri bir\u00e7ok farkl\u0131 perspektiften, hatta e\u015fzamanl\u0131 olarak \u00e7oklu perspektiflerden yakla\u015f\u0131labilir. \u00c7oklu perspektifler, ileti\u015fimin kurucu toplumsal do\u011fas\u0131n\u0131n anla\u015f\u0131lmas\u0131nda ara\u015ft\u0131rmac\u0131y\u0131 \u00e7ok y\u00f6nl\u00fc ve kompleks bir sistem muhayyilesi olu\u015fturmas\u0131 y\u00f6n\u00fcnde zorlar. Di\u011fer yandan kent planlamas\u0131 ve tasar\u0131m\u0131ndan \u00e7evre y\u00f6netimine, sosyo-teknik uygulamalardan stratejik y\u00f6netime kadar be\u015feri bilimlerin herhangi bir konusu \u00fczerinde \u00e7al\u0131\u015fmak i\u00e7in \u00f6ncelikli olarak o konu ile ba\u011flant\u0131l\u0131 ileti\u015fim kozmosunun veya ekosisteminin i\u015fleyi\u015fini, ba\u015fka bir ifadeyle ele al\u0131nan olgunun ili\u015fkisel temellerini \u00e7\u00f6z\u00fcmlemekle i\u015fe ba\u015flamak gerekir.Bu eksende elinizdeki eser, ileti\u015fimi m\u00fcstesna bir tema olmaktan ziyade toplum hayat\u0131n\u0131n b\u00fct\u00fcn h\u00fccrelerine temas eden ve yap\u0131la\u015ft\u0131ran temel bir olgu olarak betimleyerek ileti\u015fim teorisini sosyal teorinin i\u00e7inde ele almay\u0131 deniyor. Bunu yaparken enformasyon teorisinden yeni medya \u00e7al\u0131\u015fmalar\u0131na kadar ileti\u015fim ara\u015ft\u0131rmalar\u0131 alan\u0131n\u0131n geni\u015f gam\u0131 i\u00e7indeki temel motifleri bir k\u00fclt\u00fcr, yap\u0131 ve eylem \u00f6rg\u00fcs\u00fc i\u00e7inde birle\u015ftirmeyi ama\u00e7l\u0131yor.<\/p>\n","protected":false},"excerpt":{"rendered":"<p>\u0130leti\u015fim topluma harici bir eylemler b\u00fct\u00fcn\u00fc de\u011fil topluma dair her \u015feyin t\u00fcm y\u00f6nleriyle m\u00fcmk\u00fcn k\u0131l\u0131nd\u0131\u011f\u0131, bu yolla s\u00fcrd\u00fcr\u00fcld\u00fc\u011f\u00fc d\u00e2hili bir k\u00fclt\u00fcrel dinamiktir. Toplumsal d\u00fcnya i\u00e7inde vuku<span class=\"excerpt-hellip\"> [\u2026]<\/span><\/p>\n","protected":false},"featured_media":0,"template":"","meta":{"_monsterinsights_skip_tracking":false,"_monsterinsights_sitenote_active":false,"_monsterinsights_sitenote_note":"","_monsterinsights_sitenote_category":0},"product_brand":[],"product_cat":[15983,13488],"product_tag":[],"class_list":{"0":"post-765532","1":"product","2":"type-product","3":"status-publish","5":"product_cat-iletisim-ve-medya","6":"product_cat-toplum-ve-insan","7":"pa_cilt-ciltsiz","8":"pa_tur-kitap","9":"pa_yayinevi-orion-kitabevi","10":"pa_yazar-serhat-bastan","12":"first","13":"instock","14":"sale","15":"shipping-taxable","16":"purchasable","17":"product-type-simple"},"_links":{"self":[{"href":"https:\/\/roveyayinevi.com.tr\/index.php\/wp-json\/wp\/v2\/product\/765532","targetHints":{"allow":["GET"]}}],"collection":[{"href":"https:\/\/roveyayinevi.com.tr\/index.php\/wp-json\/wp\/v2\/product"}],"about":[{"href":"https:\/\/roveyayinevi.com.tr\/index.php\/wp-json\/wp\/v2\/types\/product"}],"wp:attachment":[{"href":"https:\/\/roveyayinevi.com.tr\/index.php\/wp-json\/wp\/v2\/media?parent=765532"}],"wp:term":[{"taxonomy":"product_brand","embeddable":true,"href":"https:\/\/roveyayinevi.com.tr\/index.php\/wp-json\/wp\/v2\/product_brand?post=765532"},{"taxonomy":"product_cat","embeddable":true,"href":"https:\/\/roveyayinevi.com.tr\/index.php\/wp-json\/wp\/v2\/product_cat?post=765532"},{"taxonomy":"product_tag","embeddable":true,"href":"https:\/\/roveyayinevi.com.tr\/index.php\/wp-json\/wp\/v2\/product_tag?post=765532"}],"curies":[{"name":"wp","href":"https:\/\/api.w.org\/{rel}","templated":true}]}}