{"id":765528,"date":"2025-08-28T11:45:23","date_gmt":"2025-08-28T08:45:23","guid":{"rendered":"https:\/\/roveyayinevi.com.tr\/index.php\/urun\/iktisadi-krizler-ve-turkiye-ekonomisi\/"},"modified":"2026-04-15T03:31:29","modified_gmt":"2026-04-15T00:31:29","slug":"iktisadi-krizler-ve-turkiye-ekonomisi","status":"publish","type":"product","link":"https:\/\/roveyayinevi.com.tr\/index.php\/urun\/iktisadi-krizler-ve-turkiye-ekonomisi\/","title":{"rendered":"\u0130ktisadi Krizler ve T\u00fcrkiye Ekonomisi"},"content":{"rendered":"<p>Prof Dr. \u0130lker Paras\u0131z&#8217;\u0131n onlarca kitab\u0131 ve bilimsel \u00e7al\u0131\u015fmalar\u0131 iktisat bilimine, akademisyenlere, \u00f6\u011frencilere rehber olmu\u015ftur. Bu \u00f6nemli \u00e7al\u0131\u015fmalar\u0131n pek \u00e7o\u011fu iktisadi krizler \u00fczerine kaleme al\u0131nm\u0131\u015ft\u0131r. Bu arma\u011fan kitap da k\u0131ymetli bilim adam\u0131 \u0130lker Hoca&#8217;ya bir minnet ve \u015f\u00fckran ifadesi olarak haz\u0131rlanm\u0131\u015ft\u0131r.Kitap 25 de\u011fi\u015fik \u00fcniversiteden ve T\u00fcrkiye Cumhuriyet Merkez Bankas\u0131&#8217;ndan toplam 39 yazar\u0131n kaleme ald\u0131\u011f\u0131 28 makaleden ve d\u00f6rt b\u00f6l\u00fcm ba\u015fl\u0131\u011f\u0131ndan olu\u015fmaktad\u0131r. Kitapta iktisadi kriz konusu, teoriden prati\u011fe ve k\u00fcresel boyuttan ulusal boyuta dizayn edilmeye \u00e7al\u0131\u015f\u0131lm\u0131\u015ft\u0131r. \u00dcniversite ve kurum \u00e7e\u015fitlili\u011fi, yazar portf\u00f6y\u00fcn\u00fcn farkl\u0131 bak\u0131\u015f a\u00e7\u0131lar\u0131na sahip akademisyenlerden olu\u015fmas\u0131 bu \u00e7al\u0131\u015fman\u0131n en dikkat \u00e7eken \u00f6zelliklerinden birisidir.Kitapta, krizlerin genel olarak nedenleri, \u00f6zellikleri, yay\u0131lma yollar\u0131 ile teorik ve kavramsal arka plan\u0131 ve kriz kuramlar\u0131 tart\u0131\u015f\u0131lm\u0131\u015f, krizlerin \u00e7\u0131k\u0131\u015f nedenleri olarak teknoloji, politika, para ve banka ili\u015fkilerinin yan\u0131 s\u0131ra ticaret ve sermaye ili\u015fkileri de incelenmi\u015f, liberal e Marksist g\u00f6r\u00fc\u015flerin ekonomik krizler hakk\u0131ndaki yakla\u015f\u0131mlar\u0131 analiz edilmi\u015ftir.D\u00fcnyada ya\u015fanan krizleri tarihsel perspektifte de\u011ferlendirmeyi ama\u00e7layan bu kitap, daha \u00e7ok g\u00fcn\u00fcm\u00fczde etkilerini devam ettiren 2008 k\u00fcresel kriz \u00fczerine yo\u011funla\u015fmakta, 2008&#8217;e kadar, 1929 krizi ile ba\u015flayan, petrol krizi, Latin Amerika, Asya ve Rusya krizlerini de derinlemesine analiz etmektedir. \u00d6zellikle, 2008 krizi, finansalla\u015fma ve gelir adaletsizili\u011fi ili\u015fkisine vurgu yapmakta, ya\u015fanan k\u00fcresel kriz sonras\u0131 d\u00fcnya ekonomisinin genel g\u00f6r\u00fcn\u00fcm\u00fc ve akabinde uygulanan iktisat politikalar\u0131n\u0131 de\u011ferlenmektedir.\u00c7al\u0131\u015fmada ayr\u0131ca T\u00fcrkiye&#8217;de ya\u015fanan iktisadi krizler ile k\u00fcresel krizlerinin T\u00fcrkiye&#8217;ye etkilerini inceleme konusu yap\u0131lmaktad\u0131r. Ulusal \u00f6l\u00e7ekte 1994 krizi bir ba\u015fl\u0131kta, 1994 sonras\u0131 d\u00f6nem de 2000 ve 2001 krizi olarak iki ayr\u0131 ba\u015fl\u0131kta de\u011ferlendirilmektedir. 2008 krizi \u00f6ncesi ve sonras\u0131 T\u00fcrkiye ekonomisi ve 2008 krizi sonras\u0131 bor\u00e7 krizine yakalanan Avrupa Birli\u011fi&#8217;ndeki krizin T\u00fcrkiye&#8217;ye yans\u0131malar\u0131 da ayr\u0131 makalelerde ele al\u0131nmaktad\u0131r.Kriz g\u00f6stergeleri, krizden al\u0131nan dersler, risk y\u00f6netimi ve krize kar\u015f\u0131 al\u0131nacak uluslararas\u0131 \u00f6nlemlerle ilgili \u00f6nemli makalelerin yer ald\u0131\u011f\u0131 bu eserde risk y\u00f6netimi kavram\u0131 tart\u0131\u015f\u0131larak bilimsel bir temele oturtulmakta, kantitatif olarak kriz kriterleri kapsam\u0131nda uluslararas\u0131 i\u015fbirli\u011fi \u00e7er\u00e7evesinde yap\u0131lan G-20 toplant\u0131lar\u0131 de\u011ferlendirmektedir.Kitap, iktisadi krizleri \u00e7ok y\u00f6nl\u00fc ele alarak bu konunun hem teorideki yerini hem de pratikteki yans\u0131malar\u0131n\u0131 y\u00fcksek \u00f6\u011frenimin ve konuya ilgi duyan di\u011fer kesimlerin istifadesine sunmaktad\u0131r.<\/p>\n","protected":false},"excerpt":{"rendered":"<p>Prof Dr. \u0130lker Paras\u0131z&#8217;\u0131n onlarca kitab\u0131 ve bilimsel \u00e7al\u0131\u015fmalar\u0131 iktisat bilimine, akademisyenlere, \u00f6\u011frencilere rehber olmu\u015ftur. Bu \u00f6nemli \u00e7al\u0131\u015fmalar\u0131n pek \u00e7o\u011fu iktisadi krizler \u00fczerine kaleme al\u0131nm\u0131\u015ft\u0131r. Bu<span class=\"excerpt-hellip\"> [\u2026]<\/span><\/p>\n","protected":false},"featured_media":0,"template":"","meta":{"_monsterinsights_skip_tracking":false,"_monsterinsights_sitenote_active":false,"_monsterinsights_sitenote_note":"","_monsterinsights_sitenote_category":0},"product_brand":[],"product_cat":[13043,14144],"product_tag":[],"class_list":{"0":"post-765528","1":"product","2":"type-product","3":"status-publish","5":"product_cat-ekonomi","6":"product_cat-turkiye-ekonomisi","7":"pa_cilt-ciltsiz","8":"pa_tur-kitap","9":"pa_yayinevi-orion-kitabevi","10":"pa_yazar-kolektif","12":"first","13":"instock","14":"sale","15":"shipping-taxable","16":"purchasable","17":"product-type-simple"},"_links":{"self":[{"href":"https:\/\/roveyayinevi.com.tr\/index.php\/wp-json\/wp\/v2\/product\/765528","targetHints":{"allow":["GET"]}}],"collection":[{"href":"https:\/\/roveyayinevi.com.tr\/index.php\/wp-json\/wp\/v2\/product"}],"about":[{"href":"https:\/\/roveyayinevi.com.tr\/index.php\/wp-json\/wp\/v2\/types\/product"}],"wp:attachment":[{"href":"https:\/\/roveyayinevi.com.tr\/index.php\/wp-json\/wp\/v2\/media?parent=765528"}],"wp:term":[{"taxonomy":"product_brand","embeddable":true,"href":"https:\/\/roveyayinevi.com.tr\/index.php\/wp-json\/wp\/v2\/product_brand?post=765528"},{"taxonomy":"product_cat","embeddable":true,"href":"https:\/\/roveyayinevi.com.tr\/index.php\/wp-json\/wp\/v2\/product_cat?post=765528"},{"taxonomy":"product_tag","embeddable":true,"href":"https:\/\/roveyayinevi.com.tr\/index.php\/wp-json\/wp\/v2\/product_tag?post=765528"}],"curies":[{"name":"wp","href":"https:\/\/api.w.org\/{rel}","templated":true}]}}