{"id":765520,"date":"2025-08-28T11:45:13","date_gmt":"2025-08-28T08:45:13","guid":{"rendered":"https:\/\/roveyayinevi.com.tr\/index.php\/urun\/haricilik-ve-anarsizm\/"},"modified":"2026-04-15T03:31:29","modified_gmt":"2026-04-15T00:31:29","slug":"haricilik-ve-anarsizm","status":"publish","type":"product","link":"https:\/\/roveyayinevi.com.tr\/index.php\/urun\/haricilik-ve-anarsizm\/","title":{"rendered":"Haricilik ve Anar\u015fizm"},"content":{"rendered":"<p>\u0130ktidar ili\u015fkilerinin minimize edildi\u011fi\/olmad\u0131\u011f\u0131 bir d\u00fcnya m\u00fcmk\u00fcn m\u00fc? Devlet\/y\u00f6netim bu iktidar ili\u015fkilerinin neresinde? \u0130ktidar ili\u015fkilerinin olmad\u0131\u011f\u0131 toplum (e\u011fer m\u00fcmk\u00fcnse) devaml\u0131l\u0131\u011f\u0131n\u0131 nas\u0131l sa\u011flar? \u0130ktidar\u0131\/tahakk\u00fcm\u00fc d\u0131\u015flam\u0131\u015f bir toplumun varl\u0131\u011f\u0131 ya da var olma potansiyeli kabul edilirse, bu toplumda nas\u0131l tekrar tahakk\u00fcm\/iktidar ili\u015fkilerinin vuku bulmas\u0131n\u0131n \u00f6n\u00fcne ge\u00e7ilebilir veya bu ili\u015fkiler k\u0131sa bir s\u00fcreli\u011fine ortadan kalkm\u0131\u015f olsa\/etkisi azalt\u0131lsa bile tekrar \u00e7\u0131kma ihtimali yok mudur? \u0130lgimizi uzun s\u00fcredir cezbeden b\u00fct\u00fcn bu sorular ve sorunsallar kar\u015f\u0131s\u0131nda, Bat\u0131 toplumsal ve siyasal tarihinde her t\u00fcrden tahakk\u00fcmc\u00fc ve m\u00fclkiyet\u00e7i iktidar ili\u015fkilerine bir kar\u015f\u0131 \u00e7\u0131k\u0131\u015f olarak ortaya \u00e7\u0131kan anar\u015fist siyaset felsefesi ve hareketine benzer \u015fekilde Do\u011fu ve \u0130slam tarihinde y\u00f6netim ve iktidar ili\u015fkilerine kar\u015f\u0131t bir toplumsal ve siyasal bir duru\u015f, anlay\u0131\u015f ve hareketin olup olmad\u0131\u011f\u0131, varsa nas\u0131l \u015fekillendi\u011fi ve farkl\u0131 y\u00f6nlerinin olup olmad\u0131\u011f\u0131 da zihnimizi me\u015fgul etti. Ba\u015fka bir deyi\u015fle, \u0130slam siyasal d\u00fc\u015f\u00fcncesi\/felsefesi gelene\u011finde, Bat\u0131&#8217;daki anar\u015fist felsefeye benzer \u015fekilde \u0130slam tarihinde benzer bir felsefeyi i\u00e7eren bir hareketin olup olmad\u0131\u011f\u0131 sorusuydu? Bu \u00e7er\u00e7evede, \u0130slam tarihinde iktidar kar\u015f\u0131t\u0131 bir y\u00f6nelim ve adalet ve e\u015fitlik talebiyle ilk siyasi mezhep olarak ortaya \u00e7\u0131kan Haricili\u011fin, Bat\u0131&#8217;da ortaya \u00e7\u0131kan anar\u015fist siyasi felsefe ile zamansal ve ko\u015fulsal anakronizme d\u00fc\u015fmeden, siyasi teorinin temel kavram setleri \u00e7er\u00e7evesinde benzerlik ve farkl\u0131l\u0131\u011f\u0131n olup olmad\u0131\u011f\u0131 ara\u015ft\u0131r\u0131lmaya de\u011ferdi.B\u00f6ylesi sorunsallar ve aray\u0131\u015flar s\u00fcrecinde devam eden \u00e7al\u0131\u015fma, nihayetinde ba\u015far\u0131l\u0131 bir tez savunmas\u0131 olarak sunuldu. \u0130ki farkl\u0131 co\u011frafya ve zamanda ortaya \u00e7\u0131kan ve i\u00e7lerinde de b\u00fcy\u00fck farkl\u0131la\u015fmalar ve k\u0131r\u0131lmalar ya\u015fayan Haricilik ile anar\u015fizmin, siyasi teorinin adalet, \u00f6zg\u00fcrl\u00fck, e\u015fitlik ve m\u00fclkiyet gibi temel kavram setleri \u00e7er\u00e7evesinde kar\u015f\u0131la\u015ft\u0131r\u0131lmas\u0131ndan m\u00fclhem \u00e7al\u0131\u015fman\u0131n yay\u0131nlanmas\u0131 konusunda te\u015fvik, kitap olarak bas\u0131lmas\u0131 sonucunu do\u011furdu.<\/p>\n","protected":false},"excerpt":{"rendered":"<p>\u0130ktidar ili\u015fkilerinin minimize edildi\u011fi\/olmad\u0131\u011f\u0131 bir d\u00fcnya m\u00fcmk\u00fcn m\u00fc? Devlet\/y\u00f6netim bu iktidar ili\u015fkilerinin neresinde? \u0130ktidar ili\u015fkilerinin olmad\u0131\u011f\u0131 toplum (e\u011fer m\u00fcmk\u00fcnse) devaml\u0131l\u0131\u011f\u0131n\u0131 nas\u0131l sa\u011flar? \u0130ktidar\u0131\/tahakk\u00fcm\u00fc d\u0131\u015flam\u0131\u015f bir toplumun<span class=\"excerpt-hellip\"> [\u2026]<\/span><\/p>\n","protected":false},"featured_media":0,"template":"","meta":{"_monsterinsights_skip_tracking":false,"_monsterinsights_sitenote_active":false,"_monsterinsights_sitenote_note":"","_monsterinsights_sitenote_category":0},"product_brand":[],"product_cat":[13059,12337],"product_tag":[],"class_list":{"0":"post-765520","1":"product","2":"type-product","3":"status-publish","5":"product_cat-diger-politika-siyaset","6":"product_cat-politika-siyaset","7":"pa_cilt-ciltsiz","8":"pa_tur-kitap","9":"pa_yayinevi-orion-kitabevi","10":"pa_yazar-adem-caylak","12":"first","13":"instock","14":"sale","15":"shipping-taxable","16":"purchasable","17":"product-type-simple"},"_links":{"self":[{"href":"https:\/\/roveyayinevi.com.tr\/index.php\/wp-json\/wp\/v2\/product\/765520","targetHints":{"allow":["GET"]}}],"collection":[{"href":"https:\/\/roveyayinevi.com.tr\/index.php\/wp-json\/wp\/v2\/product"}],"about":[{"href":"https:\/\/roveyayinevi.com.tr\/index.php\/wp-json\/wp\/v2\/types\/product"}],"wp:attachment":[{"href":"https:\/\/roveyayinevi.com.tr\/index.php\/wp-json\/wp\/v2\/media?parent=765520"}],"wp:term":[{"taxonomy":"product_brand","embeddable":true,"href":"https:\/\/roveyayinevi.com.tr\/index.php\/wp-json\/wp\/v2\/product_brand?post=765520"},{"taxonomy":"product_cat","embeddable":true,"href":"https:\/\/roveyayinevi.com.tr\/index.php\/wp-json\/wp\/v2\/product_cat?post=765520"},{"taxonomy":"product_tag","embeddable":true,"href":"https:\/\/roveyayinevi.com.tr\/index.php\/wp-json\/wp\/v2\/product_tag?post=765520"}],"curies":[{"name":"wp","href":"https:\/\/api.w.org\/{rel}","templated":true}]}}