{"id":765470,"date":"2025-08-28T11:44:12","date_gmt":"2025-08-28T08:44:12","guid":{"rendered":"https:\/\/roveyayinevi.com.tr\/index.php\/urun\/covid-19-ve-kuresel-siyaset\/"},"modified":"2026-04-15T03:31:27","modified_gmt":"2026-04-15T00:31:27","slug":"covid-19-ve-kuresel-siyaset","status":"publish","type":"product","link":"https:\/\/roveyayinevi.com.tr\/index.php\/urun\/covid-19-ve-kuresel-siyaset\/","title":{"rendered":"Covid-19 ve K\u00fcresel Siyaset"},"content":{"rendered":"<p>COVID-19 pandemisi sadece sa\u011fl\u0131k boyutuyla ele al\u0131namayacak \u00f6l\u00e7\u00fcye ula\u015fm\u0131\u015f olup, k\u00fcresel \u00e7apta siyaseti d\u00f6n\u00fc\u015ft\u00fcrebilen bir salg\u0131n haline d\u00f6n\u00fc\u015fm\u00fc\u015ft\u00fcr. Pandeminin etkileri \u00fclke ve b\u00f6lgelere g\u00f6re de\u011fi\u015fiklik g\u00f6stermesine ra\u011fmen, \u00f6zellikle az geli\u015fmi\u015f \u00fclkelerin siyasal konumlar\u0131 ba\u015fta olmak \u00fczere k\u00fcresel siyaset \u00fczerinde \u00f6nemli sonu\u00e7lara neden olmaktad\u0131r. Bu kolektif \u00e7al\u0131\u015fman\u0131n temel amac\u0131 da bahsedilen d\u00f6n\u00fc\u015f\u00fcm\u00fc \u00e7e\u015fitli boyutlar\u0131yla ele alarak literat\u00fcre katk\u0131da bulunmay\u0131 sa\u011flamakt\u0131r.\u0130\u00e7 ve d\u0131\u015f politika odakl\u0131 \u00fclke analizlerinden ter\u00f6rizm ve \u00e7at\u0131\u015fma analizleri dahil uluslararas\u0131 g\u00fcvenlik sorunlar\u0131na, siyasi tarih incelemelerinden kad\u0131n politikalar\u0131na, yerel y\u00f6netimlerden \u00e7evre politikalar\u0131 ve iklim de\u011fi\u015fikli\u011fine kadar olduk\u00e7a geni\u015f bir \u00e7er\u00e7eveden interdisipliner bir \u00e7al\u0131\u015fma ortaya \u00e7\u0131karan bu eserin ayn\u0131 zamanda bir\u00e7ok alanda lisans \u00f6\u011frencileri ba\u015fta olmak \u00fczere \u00f6\u011frenciler i\u00e7in \u00f6nemli kaynak eserlerden birisi olmas\u0131 hedeflenmektedir.<\/p>\n","protected":false},"excerpt":{"rendered":"<p>COVID-19 pandemisi sadece sa\u011fl\u0131k boyutuyla ele al\u0131namayacak \u00f6l\u00e7\u00fcye ula\u015fm\u0131\u015f olup, k\u00fcresel \u00e7apta siyaseti d\u00f6n\u00fc\u015ft\u00fcrebilen bir salg\u0131n haline d\u00f6n\u00fc\u015fm\u00fc\u015ft\u00fcr. Pandeminin etkileri \u00fclke ve b\u00f6lgelere g\u00f6re de\u011fi\u015fiklik g\u00f6stermesine<span class=\"excerpt-hellip\"> [\u2026]<\/span><\/p>\n","protected":false},"featured_media":0,"template":"","meta":{"_monsterinsights_skip_tracking":false,"_monsterinsights_sitenote_active":false,"_monsterinsights_sitenote_note":"","_monsterinsights_sitenote_category":0},"product_brand":[],"product_cat":[31194,12337],"product_tag":[],"class_list":{"0":"post-765470","1":"product","2":"type-product","3":"status-publish","5":"product_cat-guncel-siyaset","6":"product_cat-politika-siyaset","7":"pa_cilt-ciltsiz","8":"pa_tur-kitap","9":"pa_yayinevi-orion-kitabevi","10":"pa_yazar-caglar-ezikoglu","12":"first","13":"instock","14":"sale","15":"shipping-taxable","16":"purchasable","17":"product-type-simple"},"_links":{"self":[{"href":"https:\/\/roveyayinevi.com.tr\/index.php\/wp-json\/wp\/v2\/product\/765470","targetHints":{"allow":["GET"]}}],"collection":[{"href":"https:\/\/roveyayinevi.com.tr\/index.php\/wp-json\/wp\/v2\/product"}],"about":[{"href":"https:\/\/roveyayinevi.com.tr\/index.php\/wp-json\/wp\/v2\/types\/product"}],"wp:attachment":[{"href":"https:\/\/roveyayinevi.com.tr\/index.php\/wp-json\/wp\/v2\/media?parent=765470"}],"wp:term":[{"taxonomy":"product_brand","embeddable":true,"href":"https:\/\/roveyayinevi.com.tr\/index.php\/wp-json\/wp\/v2\/product_brand?post=765470"},{"taxonomy":"product_cat","embeddable":true,"href":"https:\/\/roveyayinevi.com.tr\/index.php\/wp-json\/wp\/v2\/product_cat?post=765470"},{"taxonomy":"product_tag","embeddable":true,"href":"https:\/\/roveyayinevi.com.tr\/index.php\/wp-json\/wp\/v2\/product_tag?post=765470"}],"curies":[{"name":"wp","href":"https:\/\/api.w.org\/{rel}","templated":true}]}}