{"id":765468,"date":"2025-08-28T11:44:09","date_gmt":"2025-08-28T08:44:09","guid":{"rendered":"https:\/\/roveyayinevi.com.tr\/index.php\/urun\/bizi-kurtler-ozgurlestirecek\/"},"modified":"2026-04-15T03:31:27","modified_gmt":"2026-04-15T00:31:27","slug":"bizi-kurtler-ozgurlestirecek","status":"publish","type":"product","link":"https:\/\/roveyayinevi.com.tr\/index.php\/urun\/bizi-kurtler-ozgurlestirecek\/","title":{"rendered":"Bizi K\u00fcrtler \u00d6zg\u00fcrle\u015ftirecek"},"content":{"rendered":"<p>Mustafa Erdo\u011fan bu yeni kitab\u0131nda K\u00fcrt meselesini ele almakta ve T\u00fcrkiye&#8217;nin bu b\u00fcy\u00fck meselesine \u00f6zg\u00fcrl\u00fck ve bar\u0131\u015f temel alan \u00e7\u00f6z\u00fcmler sunmaktad\u0131r. Yazar\u0131n bu kitapta yapt\u0131\u011f\u0131 \u015fey, hem evrensel insan haklar\u0131 anlay\u0131\u015f\u0131ndan sapmayan hem de bireysel \u00f6zerkli\u011fi grup \u00f6zerkli\u011fine feda etmeyen \u00f6zg\u00fcrl\u00fck\u00e7\u00fc ve \u00e7o\u011fulcu bir a\u00e7\u0131k toplum i\u00e7inde T\u00fcrkler, K\u00fcrtler ve T\u00fcrkiye toplumunun di\u011fer unsurlar\u0131n\u0131n nas\u0131l bar\u0131\u015f i\u00e7inde bir arada ya\u015fayabileceklerini g\u00f6stermeye \u00e7al\u0131\u015fmakt\u0131r. Erdo\u011fan bu eseriyle K\u00fcrt sorununu ger\u00e7ekten \u00e7\u00f6zmek isteyen taraflara yard\u0131mc\u0131 olmay\u0131 \u00fcmit etmektedir.<\/p>\n","protected":false},"excerpt":{"rendered":"<p>Mustafa Erdo\u011fan bu yeni kitab\u0131nda K\u00fcrt meselesini ele almakta ve T\u00fcrkiye&#8217;nin bu b\u00fcy\u00fck meselesine \u00f6zg\u00fcrl\u00fck ve bar\u0131\u015f temel alan \u00e7\u00f6z\u00fcmler sunmaktad\u0131r. Yazar\u0131n bu kitapta yapt\u0131\u011f\u0131 \u015fey,<span class=\"excerpt-hellip\"> [\u2026]<\/span><\/p>\n","protected":false},"featured_media":0,"template":"","meta":{"_monsterinsights_skip_tracking":false,"_monsterinsights_sitenote_active":false,"_monsterinsights_sitenote_note":"","_monsterinsights_sitenote_category":0},"product_brand":[],"product_cat":[13656,12337],"product_tag":[],"class_list":{"0":"post-765468","1":"product","2":"type-product","3":"status-publish","5":"product_cat-azinliklar-etnik-sorunlar","6":"product_cat-politika-siyaset","7":"pa_cilt-ciltsiz","8":"pa_tur-kitap","9":"pa_yayinevi-orion-kitabevi","10":"pa_yazar-mustafa-erdogan","12":"first","13":"instock","14":"sale","15":"shipping-taxable","16":"purchasable","17":"product-type-simple"},"_links":{"self":[{"href":"https:\/\/roveyayinevi.com.tr\/index.php\/wp-json\/wp\/v2\/product\/765468","targetHints":{"allow":["GET"]}}],"collection":[{"href":"https:\/\/roveyayinevi.com.tr\/index.php\/wp-json\/wp\/v2\/product"}],"about":[{"href":"https:\/\/roveyayinevi.com.tr\/index.php\/wp-json\/wp\/v2\/types\/product"}],"wp:attachment":[{"href":"https:\/\/roveyayinevi.com.tr\/index.php\/wp-json\/wp\/v2\/media?parent=765468"}],"wp:term":[{"taxonomy":"product_brand","embeddable":true,"href":"https:\/\/roveyayinevi.com.tr\/index.php\/wp-json\/wp\/v2\/product_brand?post=765468"},{"taxonomy":"product_cat","embeddable":true,"href":"https:\/\/roveyayinevi.com.tr\/index.php\/wp-json\/wp\/v2\/product_cat?post=765468"},{"taxonomy":"product_tag","embeddable":true,"href":"https:\/\/roveyayinevi.com.tr\/index.php\/wp-json\/wp\/v2\/product_tag?post=765468"}],"curies":[{"name":"wp","href":"https:\/\/api.w.org\/{rel}","templated":true}]}}