{"id":765467,"date":"2025-08-28T11:44:08","date_gmt":"2025-08-28T08:44:08","guid":{"rendered":"https:\/\/roveyayinevi.com.tr\/index.php\/urun\/bir-donem-turkiye-1938-1960-donemini-anlama-rehberi\/"},"modified":"2026-04-15T03:31:27","modified_gmt":"2026-04-15T00:31:27","slug":"bir-donem-turkiye-1938-1960-donemini-anlama-rehberi","status":"publish","type":"product","link":"https:\/\/roveyayinevi.com.tr\/index.php\/urun\/bir-donem-turkiye-1938-1960-donemini-anlama-rehberi\/","title":{"rendered":"Bir D\u00f6nem T\u00fcrkiye 1938-1960 D\u00f6nemini Anlama Rehberi"},"content":{"rendered":"<p>T\u00fcrkiye&#8217;nin bug\u00fcn\u00fcn\u00fc anlaman\u0131n yolu Cumhuriyet tarihinin en bilinmeyen, ancak belki de buna tezat bir \u015fekilde en \u00e7ok tart\u0131\u015f\u0131lan 1940 ve 50&#8217;li y\u0131llar\u0131n\u0131 anlamaktan ge\u00e7iyor. Toplumsal haf\u0131zam\u0131zda &#8220;gri bir alan&#8221; olarak kalan bu d\u00f6nemi anlatan kitaplar\u0131n ekseriyetinin politik arka plan bar\u0131nd\u0131rmas\u0131 d\u00f6nemi anlamam\u0131z\u0131 g\u00fc\u00e7le\u015ftiriyor. Buradan yola \u00e7\u0131kan bu kitab\u0131n ana gayesi yukar\u0131da tan\u0131mlanan \u00abgri alan\u0131\u00bb daha anla\u015f\u0131l\u0131r k\u0131labilmektir.Bu \u00e7al\u0131\u015fma ne Adnan Menderes&#8217;e ve Celal Bayar&#8217;a, ne de \u0130smet \u0130n\u00f6n\u00fc&#8217;ye ve tabi ki onlar\u0131n siyasi \u00f6rg\u00fctleri olan CHP ve DP&#8217;ye \u00f6vg\u00fc ya da yergi amac\u0131n\u0131 g\u00fctmektedir. Yazar\u0131n \u00f6vg\u00fc duyabilece\u011fi tek lider Gazi Mustafa Kemal Atat\u00fcrk&#8217;t\u00fcr.Eserin benzerlerinden en \u00f6nemli fark\u0131: \u00e7er\u00e7evesini toplumlar\u0131n ve onlara ait d\u00f6nemlerin hayat\u0131n t\u00fcm boyutlar\u0131n\u0131 incelemeden anla\u015f\u0131lamayaca\u011f\u0131n\u0131 \u00f6ne s\u00fcren, antropolojinin de temelini olu\u015fturan &#8220;b\u00fct\u00fcnc\u00fcl yakla\u015f\u0131m&#8221;\u0131n belirlemi\u015f olmas\u0131d\u0131r. Bu bak\u0131\u015f a\u00e7\u0131s\u0131 sayesinde kitapta sadece 1938-60 d\u00f6nemindeki siyasi ya\u015fam de\u011fil, sa\u011fl\u0131ktan e\u011fitime, dinden edebiyat, sinema ve tiyatroya kadar farkl\u0131 k\u00fclt\u00fcrel \u00f6\u011feler de yer almaktad\u0131r.<\/p>\n","protected":false},"excerpt":{"rendered":"<p>T\u00fcrkiye&#8217;nin bug\u00fcn\u00fcn\u00fc anlaman\u0131n yolu Cumhuriyet tarihinin en bilinmeyen, ancak belki de buna tezat bir \u015fekilde en \u00e7ok tart\u0131\u015f\u0131lan 1940 ve 50&#8217;li y\u0131llar\u0131n\u0131 anlamaktan ge\u00e7iyor. Toplumsal haf\u0131zam\u0131zda<span class=\"excerpt-hellip\"> [\u2026]<\/span><\/p>\n","protected":false},"featured_media":0,"template":"","meta":{"_monsterinsights_skip_tracking":false,"_monsterinsights_sitenote_active":false,"_monsterinsights_sitenote_note":"","_monsterinsights_sitenote_category":0},"product_brand":[],"product_cat":[12370,12304],"product_tag":[],"class_list":{"0":"post-765467","1":"product","2":"type-product","3":"status-publish","5":"product_cat-arastirma-inceleme","6":"product_cat-tarih","7":"pa_cilt-ciltsiz","8":"pa_tur-kitap","9":"pa_yayinevi-orion-kitabevi","10":"pa_yazar-abdurrahman-yilmaz","12":"first","13":"instock","14":"sale","15":"shipping-taxable","16":"purchasable","17":"product-type-simple"},"_links":{"self":[{"href":"https:\/\/roveyayinevi.com.tr\/index.php\/wp-json\/wp\/v2\/product\/765467","targetHints":{"allow":["GET"]}}],"collection":[{"href":"https:\/\/roveyayinevi.com.tr\/index.php\/wp-json\/wp\/v2\/product"}],"about":[{"href":"https:\/\/roveyayinevi.com.tr\/index.php\/wp-json\/wp\/v2\/types\/product"}],"wp:attachment":[{"href":"https:\/\/roveyayinevi.com.tr\/index.php\/wp-json\/wp\/v2\/media?parent=765467"}],"wp:term":[{"taxonomy":"product_brand","embeddable":true,"href":"https:\/\/roveyayinevi.com.tr\/index.php\/wp-json\/wp\/v2\/product_brand?post=765467"},{"taxonomy":"product_cat","embeddable":true,"href":"https:\/\/roveyayinevi.com.tr\/index.php\/wp-json\/wp\/v2\/product_cat?post=765467"},{"taxonomy":"product_tag","embeddable":true,"href":"https:\/\/roveyayinevi.com.tr\/index.php\/wp-json\/wp\/v2\/product_tag?post=765467"}],"curies":[{"name":"wp","href":"https:\/\/api.w.org\/{rel}","templated":true}]}}