{"id":765393,"date":"2025-08-28T11:41:56","date_gmt":"2025-08-28T08:41:56","guid":{"rendered":"https:\/\/roveyayinevi.com.tr\/index.php\/urun\/ahmet-atilla-senturk-armagani\/"},"modified":"2026-04-15T03:31:01","modified_gmt":"2026-04-15T00:31:01","slug":"ahmet-atilla-senturk-armagani","status":"publish","type":"product","link":"https:\/\/roveyayinevi.com.tr\/index.php\/urun\/ahmet-atilla-senturk-armagani\/","title":{"rendered":"Ahmet Atilla \u015eent\u00fcrk Arma\u011fan\u0131"},"content":{"rendered":"<p>Bu kitap Eski T\u00fcrk Edebiyat\u0131 m\u00fctehass\u0131s ve \u00e2limi Prof. Dr. Ahmet Atill\u00e2 \u015eent\u00fcrk&#8217;\u00fcn meslekta\u015flar\u0131, takip\u00e7ileri, sevenleri, \u00f6\u011frencileri ve tabi\u00ee en m\u00fchimi de ger\u00e7ek dost ve yak\u0131nlar\u0131n\u0131n, ba\u015fta kendi hayat\u0131 ve Eski T\u00fcrk Edebiyat\u0131 olmak \u00fczere k\u00fclt\u00fcr dairemizin muhtelif mevzular\u0131nda kaleme alm\u0131\u015f olduklar\u0131 yaz\u0131lardan meydana gelen bir &#8220;arma\u011fan&#8221; kitab\u0131d\u0131r.Gelene\u011fi Avrupa akademilerinde \u00e7ok daha \u00f6ncelere giden, bir akademisyen ad\u0131na \u00e7\u0131kar\u0131lan arma\u011fan kitab\u0131, \u00f6mr\u00fcn\u00fc akademik \u00e7al\u0131\u015fmalara hasretmi\u015f birinin eme\u011fini ifadeye elbette yeterli say\u0131lamaz; ama di\u011fer taraftan &#8220;vefa&#8221; da eskiden beri \u00e7ok az bulunan bir k\u0131ymetli m\u00fccevher gibi aranagelir. G\u00f6lgemizin bile bize \u0131\u015f\u0131k kar\u015f\u0131l\u0131\u011f\u0131nda yolda\u015f oldu\u011funu d\u00fc\u015f\u00fcn\u00fcrsek hat\u0131rlanmay\u0131 hak edenlerin unutulmas\u0131 da ayn\u0131 nispette ac\u0131kl\u0131d\u0131r. Ahmed bin Kays&#8217;\u0131n dedi\u011fi gibi &#8220;Edebin ba\u015f\u0131 ak\u0131ll\u0131ca hareket etmektir. Yap\u0131lmayan, yerine getirilmeyen s\u00f6zde hay\u0131r yoktur. C\u00f6mertlik olmay\u0131nca mal\u0131n, vefa olmay\u0131nca da arkada\u015f\u0131n hayr\u0131 yoktur.&#8221; Prof. Dr. Ahmet Atill\u00e2 \u015eent\u00fcrk&#8217;e bu arma\u011fan\u0131 bu duygu ve d\u00fc\u015f\u00fcncelerin s\u00e2ikiyle haz\u0131rlad\u0131k. Ne mutlu anan ve an\u0131lanlara!<\/p>\n","protected":false},"excerpt":{"rendered":"<p>Bu kitap Eski T\u00fcrk Edebiyat\u0131 m\u00fctehass\u0131s ve \u00e2limi Prof. Dr. Ahmet Atill\u00e2 \u015eent\u00fcrk&#8217;\u00fcn meslekta\u015flar\u0131, takip\u00e7ileri, sevenleri, \u00f6\u011frencileri ve tabi\u00ee en m\u00fchimi de ger\u00e7ek dost ve yak\u0131nlar\u0131n\u0131n,<span class=\"excerpt-hellip\"> [\u2026]<\/span><\/p>\n","protected":false},"featured_media":0,"template":"","meta":{"_monsterinsights_skip_tracking":false,"_monsterinsights_sitenote_active":false,"_monsterinsights_sitenote_note":"","_monsterinsights_sitenote_category":0},"product_brand":[],"product_cat":[13701,12291],"product_tag":[],"class_list":{"0":"post-765393","1":"product","2":"type-product","3":"status-publish","5":"product_cat-ani-mektup-gunluk","6":"product_cat-edebiyat","7":"pa_cilt-ciltsiz","8":"pa_tur-kitap","9":"pa_yayinevi-akademik-kitaplar","10":"pa_yazar-ahmet-kartal","12":"first","13":"instock","14":"sale","15":"shipping-taxable","16":"purchasable","17":"product-type-simple"},"_links":{"self":[{"href":"https:\/\/roveyayinevi.com.tr\/index.php\/wp-json\/wp\/v2\/product\/765393","targetHints":{"allow":["GET"]}}],"collection":[{"href":"https:\/\/roveyayinevi.com.tr\/index.php\/wp-json\/wp\/v2\/product"}],"about":[{"href":"https:\/\/roveyayinevi.com.tr\/index.php\/wp-json\/wp\/v2\/types\/product"}],"wp:attachment":[{"href":"https:\/\/roveyayinevi.com.tr\/index.php\/wp-json\/wp\/v2\/media?parent=765393"}],"wp:term":[{"taxonomy":"product_brand","embeddable":true,"href":"https:\/\/roveyayinevi.com.tr\/index.php\/wp-json\/wp\/v2\/product_brand?post=765393"},{"taxonomy":"product_cat","embeddable":true,"href":"https:\/\/roveyayinevi.com.tr\/index.php\/wp-json\/wp\/v2\/product_cat?post=765393"},{"taxonomy":"product_tag","embeddable":true,"href":"https:\/\/roveyayinevi.com.tr\/index.php\/wp-json\/wp\/v2\/product_tag?post=765393"}],"curies":[{"name":"wp","href":"https:\/\/api.w.org\/{rel}","templated":true}]}}