{"id":765358,"date":"2025-08-28T11:40:40","date_gmt":"2025-08-28T08:40:40","guid":{"rendered":"https:\/\/roveyayinevi.com.tr\/index.php\/urun\/buyuk-taarruz-3\/"},"modified":"2026-04-15T03:31:00","modified_gmt":"2026-04-15T00:31:00","slug":"buyuk-taarruz-3","status":"publish","type":"product","link":"https:\/\/roveyayinevi.com.tr\/index.php\/urun\/buyuk-taarruz-3\/","title":{"rendered":"B\u00fcy\u00fck Taarruz"},"content":{"rendered":"<p>19 May\u0131s 1919\u2019da Samsun\u2019da ba\u015flayan yolculuk, 9 Eyl\u00fcl 1922\u2019de \u0130zmir\u2019de B\u00fcy\u00fck Taarruz zaferiyle son bulur. Bu yolculukta, Mustafa Kemal tarihin ak\u0131\u015f\u0131n\u0131 de\u011fi\u015ftirir. Ve, bu yolculukta kendi kaderini dokur. Ve O\u2019nun kaderi, T\u00fcrk Ulusu\u2019nun kaderi olur&#8230; O\u2019nun zaferi ise, T\u00fcrk Ulusu\u2019nun ve b\u00fct\u00fcn mazlum \u00fclkelerin zaferi olur\u2026 Bu kitapta, Sar\u0131\u015f\u0131n Kurt\u2019un B\u00fcy\u00fck \u0130skender, Hannibal, Sezar ve Napolyon\u2019u k\u0131skand\u0131ran sava\u015f ustal\u0131\u011f\u0131n\u0131 okuyacaks\u0131n\u0131z. \u00dc\u00e7 Mustafa\u2019y\u0131; Mustafa Kemal\u2019i, Mustafa Fevzi\u2019yi, Mustafa \u0130smet\u2019i\u2026 \u00d6l\u00fcmden a\u011f\u0131r sorumluluk duygusunu, \u00f6l\u00fc ve yaral\u0131larla dolu sava\u015f meydan\u0131n\u0131\u2026 Endi\u015fe de var, g\u00f6z ya\u015f\u0131 da; biraz da tebess\u00fcm ve mutluluk\u2026 Sava\u015f\u0131n Ustas\u0131, bu Taarruz\u2019da s\u00f6z\u00fcn\u00fc s\u00f6yler ve i\u015fgalcilerin hayallerini yerle bir eder\u2026 Ve, Usta Naz\u0131m\u2019\u0131n dedi\u011fi gibi, \u201cKocatepe\u2019den Afyon Ovas\u0131\u2019na atlar\u2026\u201d 41 ya\u015f\u0131ndad\u0131r. Bu zafer, bir son de\u011fil yeni bir ba\u015flang\u0131\u00e7t\u0131. Sava\u015f\u0131n Ustas\u0131, s\u00f6z\u00fcn\u00fc s\u00f6ylemi\u015fti\u2026 S\u00f6z s\u0131ras\u0131, Bar\u0131\u015f\u0131n Efendisi\u2019nde\u2026 Ve as\u0131l sava\u015f \u015fimdi ba\u015fl\u0131yordu\u2026 Siz, \u00e7ocuklar\u0131n\u0131z ve gelecek ku\u015faklar i\u00e7in yaz\u0131lm\u0131\u015ft\u0131r\u2026 <\/p>\n","protected":false},"excerpt":{"rendered":"<p>19 May\u0131s 1919\u2019da Samsun\u2019da ba\u015flayan yolculuk, 9 Eyl\u00fcl 1922\u2019de \u0130zmir\u2019de B\u00fcy\u00fck Taarruz zaferiyle son bulur. Bu yolculukta, Mustafa Kemal tarihin ak\u0131\u015f\u0131n\u0131 de\u011fi\u015ftirir. Ve, bu yolculukta kendi<span class=\"excerpt-hellip\"> [\u2026]<\/span><\/p>\n","protected":false},"featured_media":0,"template":"","meta":{"_monsterinsights_skip_tracking":false,"_monsterinsights_sitenote_active":false,"_monsterinsights_sitenote_note":"","_monsterinsights_sitenote_category":0},"product_brand":[],"product_cat":[12370,12304],"product_tag":[],"class_list":{"0":"post-765358","1":"product","2":"type-product","3":"status-publish","5":"product_cat-arastirma-inceleme","6":"product_cat-tarih","7":"pa_cilt-ciltsiz","8":"pa_tur-kitap","9":"pa_yayinevi-inkilap-kitabevi","10":"pa_yazar-naim-baburoglu","12":"first","13":"instock","14":"sale","15":"shipping-taxable","16":"purchasable","17":"product-type-simple"},"_links":{"self":[{"href":"https:\/\/roveyayinevi.com.tr\/index.php\/wp-json\/wp\/v2\/product\/765358","targetHints":{"allow":["GET"]}}],"collection":[{"href":"https:\/\/roveyayinevi.com.tr\/index.php\/wp-json\/wp\/v2\/product"}],"about":[{"href":"https:\/\/roveyayinevi.com.tr\/index.php\/wp-json\/wp\/v2\/types\/product"}],"wp:attachment":[{"href":"https:\/\/roveyayinevi.com.tr\/index.php\/wp-json\/wp\/v2\/media?parent=765358"}],"wp:term":[{"taxonomy":"product_brand","embeddable":true,"href":"https:\/\/roveyayinevi.com.tr\/index.php\/wp-json\/wp\/v2\/product_brand?post=765358"},{"taxonomy":"product_cat","embeddable":true,"href":"https:\/\/roveyayinevi.com.tr\/index.php\/wp-json\/wp\/v2\/product_cat?post=765358"},{"taxonomy":"product_tag","embeddable":true,"href":"https:\/\/roveyayinevi.com.tr\/index.php\/wp-json\/wp\/v2\/product_tag?post=765358"}],"curies":[{"name":"wp","href":"https:\/\/api.w.org\/{rel}","templated":true}]}}