{"id":765339,"date":"2025-08-28T11:39:58","date_gmt":"2025-08-28T08:39:58","guid":{"rendered":"https:\/\/roveyayinevi.com.tr\/index.php\/urun\/sifirdan-temel-almanca\/"},"modified":"2026-04-15T03:31:00","modified_gmt":"2026-04-15T00:31:00","slug":"sifirdan-temel-almanca","status":"publish","type":"product","link":"https:\/\/roveyayinevi.com.tr\/index.php\/urun\/sifirdan-temel-almanca\/","title":{"rendered":"S\u0131f\u0131rdan Temel Almanca"},"content":{"rendered":"<p>Hadi gel, eline ald\u0131\u011f\u0131n bu kitapla beraber yabanc\u0131 dil \u00f6\u011frenimine olan \u00f6n yarg\u0131lar\u0131n\u0131 k\u0131ral\u0131m. Almanca \u00f6\u011frenmeye ba\u015flayaca\u011f\u0131n\u0131 s\u00f6yledi\u011finde \u00e7evrenden s\u00fcrekli \u015fu c\u00fcmleleri duyuyorsun de\u011fil mi? \u201cAlmanca \u00e7ok zor. Almanya\u2019ya gitmeden dilini \u00f6\u011frenemezsin!\u201d HAYIR.       Do\u011fru bir yol haritas\u0131 ve d\u00fczenli tekrar ile nerede olursan ol Almanca\u2019y\u0131 bu kitap ile \u00f6\u011freneceksin. Peki, Almanca \u00f6\u011frenmek i\u00e7in bunca zaman ka\u00e7 tane kitap\u00e7\u0131 gezip, ka\u00e7 tane kitap ald\u0131n kendine? Belki de o kitaplar\u0131n hepsi hen\u00fcz bitmeden, k\u00fct\u00fcphanende bir k\u00f6\u015fede duruyor.       Bu kitab\u0131 se\u00e7erek yol haritanda bir ad\u0131m \u00f6nde ba\u015flad\u0131n. Almanca\u2019y\u0131 \u00f6\u011frenen birinin bu dili kendi kendine de \u00f6\u011frenebilece\u011fi bi\u00e7imde, kitab\u0131 kenara b\u0131rakma iste\u011fini getirmeyecek titizlikle haz\u0131rlanm\u0131\u015ft\u0131r. Aile Birle\u015fimi S\u0131nav\u0131na Haz\u0131rl\u0131k i\u00e7in A1.1\/A1.2 dil seviyesinde kurgulanm\u0131\u015ft\u0131r. 36 ders konusu i\u00e7in 36 videolu ders anlat\u0131m\u0131yla desteklenmi\u015ftir. Bu videolara kitab\u0131n sayfalar\u0131ndaki QR kodlar\u0131 telefonunuza okutarak ula\u015fabilirsiniz.       A1.1\/A1.2 seviyesi i\u00e7in gerekli olan b\u00fct\u00fcn konular\u0131 i\u00e7ermekte ve kitaptaki konular s\u0131navda istenen d\u00f6rt temel dil becerisi g\u00f6z \u00f6n\u00fcne al\u0131narak i\u015flenmektedir. Bununla birlikte kitapta Aile Birle\u015fimi S\u0131nav\u0131\u2019yla ilgili ihtiyac\u0131n olan t\u00fcm bilgiler yer almaktad\u0131r. Konular basitten karma\u015f\u0131\u011fa do\u011fru ilerlemektedir. \u0130htiyac\u0131n olan seviyedeki t\u00fcm konular\u0131 belirli bir s\u0131ra ve d\u00fczene g\u00f6re vermekte ve arad\u0131\u011f\u0131n b\u00fct\u00fcn sorular\u0131n cevaplar\u0131n\u0131 i\u00e7ermektedir. B\u00fct\u00fcn kavram, s\u00f6zc\u00fck, ifade ve c\u00fcmlelerin hem Almanca hem de T\u00fcrk\u00e7esine yer verilmi\u015ftir. Bol bol \u00f6rneklerle peki\u015ftirilip, seviyene uygun kelime da\u011farc\u0131\u011f\u0131n\u0131 geli\u015ftirmek i\u00e7in b\u00fct\u00fcn ayr\u0131nt\u0131lara yer verilmi\u015ftir. \u201cBir dil daha \u00f6\u011freneyim.\u201d, \u201cAlmanca temelim sa\u011flam olsun.\u201d ya da \u201cAlmanya\u2019ya yerle\u015fmeyi d\u00fc\u015f\u00fcn\u00fcyorum.\u201d diyorsan, bu kitap senin i\u00e7in bi\u00e7ilmi\u015f bir kaftan.<\/p>\n","protected":false},"excerpt":{"rendered":"<p>Hadi gel, eline ald\u0131\u011f\u0131n bu kitapla beraber yabanc\u0131 dil \u00f6\u011frenimine olan \u00f6n yarg\u0131lar\u0131n\u0131 k\u0131ral\u0131m. Almanca \u00f6\u011frenmeye ba\u015flayaca\u011f\u0131n\u0131 s\u00f6yledi\u011finde \u00e7evrenden s\u00fcrekli \u015fu c\u00fcmleleri duyuyorsun de\u011fil mi? \u201cAlmanca<span class=\"excerpt-hellip\"> [\u2026]<\/span><\/p>\n","protected":false},"featured_media":0,"template":"","meta":{"_monsterinsights_skip_tracking":false,"_monsterinsights_sitenote_active":false,"_monsterinsights_sitenote_note":"","_monsterinsights_sitenote_category":0},"product_brand":[],"product_cat":[14597,12566],"product_tag":[],"class_list":{"0":"post-765339","1":"product","2":"type-product","3":"status-publish","5":"product_cat-dil-ogrenimi","6":"product_cat-egitim","7":"pa_cilt-ciltsiz","8":"pa_tur-kitap","9":"pa_yayinevi-delta-kultur-yayinevi","10":"pa_yazar-eylul-karadeniz-arac","12":"first","13":"instock","14":"sale","15":"shipping-taxable","16":"purchasable","17":"product-type-simple"},"_links":{"self":[{"href":"https:\/\/roveyayinevi.com.tr\/index.php\/wp-json\/wp\/v2\/product\/765339","targetHints":{"allow":["GET"]}}],"collection":[{"href":"https:\/\/roveyayinevi.com.tr\/index.php\/wp-json\/wp\/v2\/product"}],"about":[{"href":"https:\/\/roveyayinevi.com.tr\/index.php\/wp-json\/wp\/v2\/types\/product"}],"wp:attachment":[{"href":"https:\/\/roveyayinevi.com.tr\/index.php\/wp-json\/wp\/v2\/media?parent=765339"}],"wp:term":[{"taxonomy":"product_brand","embeddable":true,"href":"https:\/\/roveyayinevi.com.tr\/index.php\/wp-json\/wp\/v2\/product_brand?post=765339"},{"taxonomy":"product_cat","embeddable":true,"href":"https:\/\/roveyayinevi.com.tr\/index.php\/wp-json\/wp\/v2\/product_cat?post=765339"},{"taxonomy":"product_tag","embeddable":true,"href":"https:\/\/roveyayinevi.com.tr\/index.php\/wp-json\/wp\/v2\/product_tag?post=765339"}],"curies":[{"name":"wp","href":"https:\/\/api.w.org\/{rel}","templated":true}]}}