{"id":765159,"date":"2025-08-28T11:33:51","date_gmt":"2025-08-28T08:33:51","guid":{"rendered":"https:\/\/roveyayinevi.com.tr\/index.php\/urun\/dakikalar-icinde-hitler-ve-nazi-almanyasi\/"},"modified":"2026-04-15T03:30:55","modified_gmt":"2026-04-15T00:30:55","slug":"dakikalar-icinde-hitler-ve-nazi-almanyasi","status":"publish","type":"product","link":"https:\/\/roveyayinevi.com.tr\/index.php\/urun\/dakikalar-icinde-hitler-ve-nazi-almanyasi\/","title":{"rendered":"Dakikalar \u0130\u00e7inde Hitler ve Nazi Almanyas\u0131"},"content":{"rendered":"<p>Avusturyal\u0131 bir adam\u0131n siyas\u00ee arenada y\u00fckseli\u015fi ve d\u00fcnyan\u0131n bamba\u015fka bir \u00e7a\u011fa giri\u015fi\u2026 Birinci D\u00fcnya Sava\u015f\u0131\u2019nda \u00e7arp\u0131\u015fan, d\u00f6nemin pek \u00e7ok sorununun Yahudiler kaynakl\u0131 oldu\u011funu savunan Hitler\u2019in hayat\u0131, Almanya\u2019n\u0131n ba\u015f\u0131na ge\u00e7i\u015fi ve \u00e7evresindeki \u00f6nemli isimler t\u00fcm y\u00f6nleriyle Dakikalar \u0130\u00e7inde Hitler ve Nazi Almanyas\u0131\u2019nda.   Peki Adolf Hitler kimdi? Ki\u015fili\u011fi, kariyeri ve fikirleri nas\u0131l \u015fekillendi? Nazi ideolojisi hangi d\u00fc\u015f\u00fcn\u00fcr ve d\u00fc\u015f\u00fcncelerden etkilendi? Parti\u2019nin y\u00f6netici kadrolar\u0131 kimlerden olu\u015fuyordu? Naziler iktidar\u0131 ele ge\u00e7irmek i\u00e7in nas\u0131l bir politika izledi? Nazi iktidar\u0131n\u0131n akabinde Almanya\u2019da neler oldu? Sava\u015f d\u00f6neminde neler ya\u015fand\u0131? Himmler, G\u00f6ring, Goebbels, D\u00f6nitz, Rosenberg, Speer, Heydrich, Riefenstahl ve Reitsch gibi isimler Hitler\u2019in \u00e7evresine nas\u0131l girdi?     Dakikalar \u0130\u00e7inde Hitler ve Nazi Almanyas\u0131, t\u00fcm bu sorular\u0131 ve daha fazlas\u0131n\u0131 yan\u0131tlayarak 200 foto\u011fraf, \u00e7izim ve haritas\u0131yla okurlar\u0131 tarihin en karanl\u0131k ve en \u00e7arp\u0131c\u0131 d\u00f6nemlerinden birinde h\u0131zl\u0131 bir yolculu\u011fa \u00e7\u0131kar\u0131yor. <\/p>\n","protected":false},"excerpt":{"rendered":"<p>Avusturyal\u0131 bir adam\u0131n siyas\u00ee arenada y\u00fckseli\u015fi ve d\u00fcnyan\u0131n bamba\u015fka bir \u00e7a\u011fa giri\u015fi\u2026 Birinci D\u00fcnya Sava\u015f\u0131\u2019nda \u00e7arp\u0131\u015fan, d\u00f6nemin pek \u00e7ok sorununun Yahudiler kaynakl\u0131 oldu\u011funu savunan Hitler\u2019in hayat\u0131,<span class=\"excerpt-hellip\"> [\u2026]<\/span><\/p>\n","protected":false},"featured_media":0,"template":"","meta":{"_monsterinsights_skip_tracking":false,"_monsterinsights_sitenote_active":false,"_monsterinsights_sitenote_note":"","_monsterinsights_sitenote_category":0},"product_brand":[],"product_cat":[12305,12304],"product_tag":[],"class_list":{"0":"post-765159","1":"product","2":"type-product","3":"status-publish","5":"product_cat-dunya-tarihi","6":"product_cat-tarih","7":"pa_cilt-ciltsiz","8":"pa_tur-kitap","9":"pa_yayinevi-kronik-kitap","10":"pa_yazar-selcuk-uygur","12":"first","13":"instock","14":"sale","15":"shipping-taxable","16":"purchasable","17":"product-type-simple"},"_links":{"self":[{"href":"https:\/\/roveyayinevi.com.tr\/index.php\/wp-json\/wp\/v2\/product\/765159","targetHints":{"allow":["GET"]}}],"collection":[{"href":"https:\/\/roveyayinevi.com.tr\/index.php\/wp-json\/wp\/v2\/product"}],"about":[{"href":"https:\/\/roveyayinevi.com.tr\/index.php\/wp-json\/wp\/v2\/types\/product"}],"wp:attachment":[{"href":"https:\/\/roveyayinevi.com.tr\/index.php\/wp-json\/wp\/v2\/media?parent=765159"}],"wp:term":[{"taxonomy":"product_brand","embeddable":true,"href":"https:\/\/roveyayinevi.com.tr\/index.php\/wp-json\/wp\/v2\/product_brand?post=765159"},{"taxonomy":"product_cat","embeddable":true,"href":"https:\/\/roveyayinevi.com.tr\/index.php\/wp-json\/wp\/v2\/product_cat?post=765159"},{"taxonomy":"product_tag","embeddable":true,"href":"https:\/\/roveyayinevi.com.tr\/index.php\/wp-json\/wp\/v2\/product_tag?post=765159"}],"curies":[{"name":"wp","href":"https:\/\/api.w.org\/{rel}","templated":true}]}}