{"id":764989,"date":"2025-08-28T11:28:01","date_gmt":"2025-08-28T08:28:01","guid":{"rendered":"https:\/\/roveyayinevi.com.tr\/index.php\/urun\/gelecegimize-nutuk-cizgi-roman-mustafa-kemal-ataturk\/"},"modified":"2026-04-15T03:30:51","modified_gmt":"2026-04-15T00:30:51","slug":"gelecegimize-nutuk-cizgi-roman-mustafa-kemal-ataturk","status":"publish","type":"product","link":"https:\/\/roveyayinevi.com.tr\/index.php\/urun\/gelecegimize-nutuk-cizgi-roman-mustafa-kemal-ataturk\/","title":{"rendered":"Gelece\u011fimize Nutuk- \u00c7izgi Roman &#8211; Mustafa Kemal Atat\u00fcrk"},"content":{"rendered":"<p>ATAT\u00dcRK, \u00fclkemizin Kurtulu\u015f Sava\u015f\u0131\u2019n\u0131 anlatan Nutuk\u2019u en \u00e7ok \u00e7ocuklar ve gen\u00e7ler i\u00e7in yazm\u0131\u015f; 100 y\u0131l sonra do\u011fan \u00e7ocuklar, bu \u00fclkenin hangi \u015fartlar alt\u0131nda kuruldu\u011funu bilsin istemi\u015ftir. \u0130\u015fte bu y\u00fczden, Cumhuriyet\u2019in emanet edildi\u011fi \u00e7ocuklara Nutuk\u2019u ger\u00e7ekten anlatmal\u0131y\u0131z. Gelece\u011fimize Nutuk, 19 May\u0131s 1919\u2019da ba\u015flayan \u015fanl\u0131 destan\u0131m\u0131z\u0131 \u00e7ocuklar\u0131n hayalinde daha iyi canland\u0131rabilmesi i\u00e7in, \u00e7izgi roman diliyle yaz\u0131ld\u0131 ve resimlendi. Atat\u00fcrk\u2019\u00fcn ya\u015fam\u0131 ve Nutuk\u2019un yaz\u0131ld\u0131\u011f\u0131 d\u00f6nemde d\u00fcnyada neler oldu\u011funu anlatan b\u00f6l\u00fcmlerle zenginle\u015ftirildi. Nutuk, hi\u00e7 unutulmamas\u0131 gereken \u015fanl\u0131 bir destan, bir milli miras, demokrasinin nas\u0131l kazan\u0131laca\u011f\u0131na, cumhuriyetin nas\u0131l kurulaca\u011f\u0131na, en \u00fcmitsiz zamanlarda bile ba\u015far\u0131ya nas\u0131l ula\u015f\u0131labilece\u011fine dair e\u015fsiz bir rehber. <\/p>\n","protected":false},"excerpt":{"rendered":"<p>ATAT\u00dcRK, \u00fclkemizin Kurtulu\u015f Sava\u015f\u0131\u2019n\u0131 anlatan Nutuk\u2019u en \u00e7ok \u00e7ocuklar ve gen\u00e7ler i\u00e7in yazm\u0131\u015f; 100 y\u0131l sonra do\u011fan \u00e7ocuklar, bu \u00fclkenin hangi \u015fartlar alt\u0131nda kuruldu\u011funu bilsin istemi\u015ftir.<span class=\"excerpt-hellip\"> [\u2026]<\/span><\/p>\n","protected":false},"featured_media":0,"template":"","meta":{"_monsterinsights_skip_tracking":false,"_monsterinsights_sitenote_active":false,"_monsterinsights_sitenote_note":"","_monsterinsights_sitenote_category":0},"product_brand":[],"product_cat":[12689,12274],"product_tag":[],"class_list":{"0":"post-764989","1":"product","2":"type-product","3":"status-publish","5":"product_cat-cizgi-roman-cocuk-ve-genclik-kitaplari","6":"product_cat-cocuk-ve-genclik-kitaplari","7":"pa_cilt-ciltsiz","8":"pa_tur-kitap","9":"pa_yayinevi-dogan-cocuk","10":"pa_yazar-senem-kale","12":"first","13":"instock","14":"sale","15":"shipping-taxable","16":"purchasable","17":"product-type-simple"},"_links":{"self":[{"href":"https:\/\/roveyayinevi.com.tr\/index.php\/wp-json\/wp\/v2\/product\/764989","targetHints":{"allow":["GET"]}}],"collection":[{"href":"https:\/\/roveyayinevi.com.tr\/index.php\/wp-json\/wp\/v2\/product"}],"about":[{"href":"https:\/\/roveyayinevi.com.tr\/index.php\/wp-json\/wp\/v2\/types\/product"}],"wp:attachment":[{"href":"https:\/\/roveyayinevi.com.tr\/index.php\/wp-json\/wp\/v2\/media?parent=764989"}],"wp:term":[{"taxonomy":"product_brand","embeddable":true,"href":"https:\/\/roveyayinevi.com.tr\/index.php\/wp-json\/wp\/v2\/product_brand?post=764989"},{"taxonomy":"product_cat","embeddable":true,"href":"https:\/\/roveyayinevi.com.tr\/index.php\/wp-json\/wp\/v2\/product_cat?post=764989"},{"taxonomy":"product_tag","embeddable":true,"href":"https:\/\/roveyayinevi.com.tr\/index.php\/wp-json\/wp\/v2\/product_tag?post=764989"}],"curies":[{"name":"wp","href":"https:\/\/api.w.org\/{rel}","templated":true}]}}