{"id":764975,"date":"2025-08-28T11:27:34","date_gmt":"2025-08-28T08:27:34","guid":{"rendered":"https:\/\/roveyayinevi.com.tr\/index.php\/urun\/helen-keller-haydi-kurtaralim-dunyayi-4\/"},"modified":"2026-04-15T03:30:50","modified_gmt":"2026-04-15T00:30:50","slug":"helen-keller-haydi-kurtaralim-dunyayi-4","status":"publish","type":"product","link":"https:\/\/roveyayinevi.com.tr\/index.php\/urun\/helen-keller-haydi-kurtaralim-dunyayi-4\/","title":{"rendered":"Helen Keller &#8211; Haydi Kurtaral\u0131m D\u00fcnyay\u0131 4"},"content":{"rendered":"<p>Ya\u015fad\u0131\u011f\u0131 d\u00f6nemde engelli bireyler i\u00e7in \u00e7ok az e\u011fitim f\u0131rsat\u0131 vard\u0131. Parlak zek\u00e2s\u0131 ve \u00e7al\u0131\u015fma azmi sayesinde b\u00fcy\u00fck ba\u015far\u0131lar elde etti. Lisans derecesini alan ilk g\u00f6rme, i\u015fitme ve konu\u015fma engelli birey oldu. Braille alfabesiyle kitaplar yazd\u0131. \u015eefkat dolu bir kalbi vard\u0131. \u0130nsanlar\u0131n engelleri a\u015fmalar\u0131na yard\u0131mc\u0131 olmak istiyordu. Ulusun en b\u00fcy\u00fck sivil madalyas\u0131 olan \u00d6zg\u00fcrl\u00fck Madalyas\u0131&#8217;n\u0131 ald\u0131. \u00c7al\u0131\u015fmaktan ve ara\u015ft\u0131rmaktan asla vazge\u00e7meyen, hayat\u0131n\u0131 engellilerin e\u011fitimine adayan, onlarca kad\u0131na g\u00fc\u00e7 veren bir pedagog, Helen Keller.<\/p>\n","protected":false},"excerpt":{"rendered":"<p>Ya\u015fad\u0131\u011f\u0131 d\u00f6nemde engelli bireyler i\u00e7in \u00e7ok az e\u011fitim f\u0131rsat\u0131 vard\u0131. Parlak zek\u00e2s\u0131 ve \u00e7al\u0131\u015fma azmi sayesinde b\u00fcy\u00fck ba\u015far\u0131lar elde etti. Lisans derecesini alan ilk g\u00f6rme, i\u015fitme<span class=\"excerpt-hellip\"> [\u2026]<\/span><\/p>\n","protected":false},"featured_media":0,"template":"","meta":{"_monsterinsights_skip_tracking":false,"_monsterinsights_sitenote_active":false,"_monsterinsights_sitenote_note":"","_monsterinsights_sitenote_category":0},"product_brand":[],"product_cat":[12274,12284],"product_tag":[],"class_list":{"0":"post-764975","1":"product","2":"type-product","3":"status-publish","5":"product_cat-cocuk-ve-genclik-kitaplari","6":"product_cat-hikayeler","7":"pa_cilt-ciltsiz","8":"pa_tur-kitap","9":"pa_yayinevi-timas-cocuk","10":"pa_yazar-ulku-hazman-hur","12":"first","13":"instock","14":"sale","15":"shipping-taxable","16":"purchasable","17":"product-type-simple"},"_links":{"self":[{"href":"https:\/\/roveyayinevi.com.tr\/index.php\/wp-json\/wp\/v2\/product\/764975","targetHints":{"allow":["GET"]}}],"collection":[{"href":"https:\/\/roveyayinevi.com.tr\/index.php\/wp-json\/wp\/v2\/product"}],"about":[{"href":"https:\/\/roveyayinevi.com.tr\/index.php\/wp-json\/wp\/v2\/types\/product"}],"wp:attachment":[{"href":"https:\/\/roveyayinevi.com.tr\/index.php\/wp-json\/wp\/v2\/media?parent=764975"}],"wp:term":[{"taxonomy":"product_brand","embeddable":true,"href":"https:\/\/roveyayinevi.com.tr\/index.php\/wp-json\/wp\/v2\/product_brand?post=764975"},{"taxonomy":"product_cat","embeddable":true,"href":"https:\/\/roveyayinevi.com.tr\/index.php\/wp-json\/wp\/v2\/product_cat?post=764975"},{"taxonomy":"product_tag","embeddable":true,"href":"https:\/\/roveyayinevi.com.tr\/index.php\/wp-json\/wp\/v2\/product_tag?post=764975"}],"curies":[{"name":"wp","href":"https:\/\/api.w.org\/{rel}","templated":true}]}}