{"id":764797,"date":"2025-08-28T11:21:49","date_gmt":"2025-08-28T08:21:49","guid":{"rendered":"https:\/\/roveyayinevi.com.tr\/index.php\/urun\/osmanli-feodalizmi-ve-sinif-savasimlari\/"},"modified":"2026-04-15T03:30:29","modified_gmt":"2026-04-15T00:30:29","slug":"osmanli-feodalizmi-ve-sinif-savasimlari","status":"publish","type":"product","link":"https:\/\/roveyayinevi.com.tr\/index.php\/urun\/osmanli-feodalizmi-ve-sinif-savasimlari\/","title":{"rendered":"Osmanl\u0131 Feodalizmi ve S\u0131n\u0131f Sava\u015f\u0131mlar\u0131"},"content":{"rendered":"<p>Sovyetler Birli\u011fi\u2019nin en \u00f6nemli Osmanl\u0131 tarih\u00e7isi, Do\u011fubilimci ve T\u00fcrkolog Anna S. Tveritinova, resm\u00ee tarihin tezleriyle hesapla\u015farak, Osmanl\u0131 tarihine yeni bir \u0131\u015f\u0131k tutacak sorular soruyor: Osmanl\u0131 devleti, s\u0131n\u0131f m\u00fccadelelerini tan\u0131mayan, imtiyazs\u0131z, ahenkli bir sosyal d\u00fczene mi sahipti? Osmanl\u0131\u2019n\u0131n sosyoekonomik yap\u0131s\u0131 nas\u0131ld\u0131? Osmanl\u0131\u2019n\u0131n Bizans ve Balkan fetihleri, bu halklar\u0131 \u201cfeodalizmden \u00f6zg\u00fcrle\u015ftirdi\u201d mi? \u015eeyh Bedrettin ve B\u00f6rkl\u00fcce Mustafa isyan\u0131, hangi tarihsel ve toplumsal \u015fartlar\u0131n \u00fcr\u00fcn\u00fcyd\u00fc? Halifeli\u011fin Abbasilerden Osmanl\u0131lara devredildi\u011fi bir ger\u00e7ek midir, yoksa sonradan uydurulmu\u015f bir rivayet midir? Osmanl\u0131\u2019n\u0131n gerilemesinin sebebi ba\u015fa T\u00fcrk olmayan y\u00f6neticilerin ge\u00e7mesi midir? Tveritinova, bunlar gibi pek \u00e7ok soruya tarihsel materyalist y\u00f6ntemle yan\u0131t arad\u0131\u011f\u0131 makalelerinde, Osmanl\u0131 tarihine dair Marksist ve bilimsel bir yakla\u015f\u0131m geli\u015ftirmeye \u00e7al\u0131\u015f\u0131yor. Bu derlemede, ayr\u0131ca, Tveritinova\u2019n\u0131n ya\u015fam\u0131na ve eserlerine dair bir sunu\u015f ile yay\u0131mlanm\u0131\u015f eserlerine dair bir kaynak\u00e7a da yer almaktad\u0131r. <\/p>\n","protected":false},"excerpt":{"rendered":"<p>Sovyetler Birli\u011fi\u2019nin en \u00f6nemli Osmanl\u0131 tarih\u00e7isi, Do\u011fubilimci ve T\u00fcrkolog Anna S. Tveritinova, resm\u00ee tarihin tezleriyle hesapla\u015farak, Osmanl\u0131 tarihine yeni bir \u0131\u015f\u0131k tutacak sorular soruyor: Osmanl\u0131 devleti,<span class=\"excerpt-hellip\"> [\u2026]<\/span><\/p>\n","protected":false},"featured_media":0,"template":"","meta":{"_monsterinsights_skip_tracking":false,"_monsterinsights_sitenote_active":false,"_monsterinsights_sitenote_note":"","_monsterinsights_sitenote_category":0},"product_brand":[],"product_cat":[13517,12304],"product_tag":[],"class_list":{"0":"post-764797","1":"product","2":"type-product","3":"status-publish","5":"product_cat-osmanli-tarihi","6":"product_cat-tarih","7":"pa_cilt-ciltsiz","8":"pa_tur-kitap","9":"pa_yayinevi-yordam-kitap","10":"pa_yazar-anna-s-tveritinova","12":"first","13":"instock","14":"sale","15":"shipping-taxable","16":"purchasable","17":"product-type-simple"},"_links":{"self":[{"href":"https:\/\/roveyayinevi.com.tr\/index.php\/wp-json\/wp\/v2\/product\/764797","targetHints":{"allow":["GET"]}}],"collection":[{"href":"https:\/\/roveyayinevi.com.tr\/index.php\/wp-json\/wp\/v2\/product"}],"about":[{"href":"https:\/\/roveyayinevi.com.tr\/index.php\/wp-json\/wp\/v2\/types\/product"}],"wp:attachment":[{"href":"https:\/\/roveyayinevi.com.tr\/index.php\/wp-json\/wp\/v2\/media?parent=764797"}],"wp:term":[{"taxonomy":"product_brand","embeddable":true,"href":"https:\/\/roveyayinevi.com.tr\/index.php\/wp-json\/wp\/v2\/product_brand?post=764797"},{"taxonomy":"product_cat","embeddable":true,"href":"https:\/\/roveyayinevi.com.tr\/index.php\/wp-json\/wp\/v2\/product_cat?post=764797"},{"taxonomy":"product_tag","embeddable":true,"href":"https:\/\/roveyayinevi.com.tr\/index.php\/wp-json\/wp\/v2\/product_tag?post=764797"}],"curies":[{"name":"wp","href":"https:\/\/api.w.org\/{rel}","templated":true}]}}