{"id":764789,"date":"2025-08-28T11:21:39","date_gmt":"2025-08-28T08:21:39","guid":{"rendered":"https:\/\/roveyayinevi.com.tr\/index.php\/urun\/politikadan-sinemaya-minor-olus\/"},"modified":"2026-04-15T03:30:28","modified_gmt":"2026-04-15T00:30:28","slug":"politikadan-sinemaya-minor-olus","status":"publish","type":"product","link":"https:\/\/roveyayinevi.com.tr\/index.php\/urun\/politikadan-sinemaya-minor-olus\/","title":{"rendered":"Politikadan Sinemaya Min\u00f6r-Olu\u015f"},"content":{"rendered":"<p>1968 olaylar\u0131n\u0131n etkisi alt\u0131nda d\u00fc\u015f\u00fcncelerini ortaya koyan ve temsil d\u00fc\u015f\u00fcncesine en fazla kar\u015f\u0131 \u00e7\u0131kan Gilles Deleuze ve Felix Guattari post-yap\u0131salc\u0131 yakla\u015f\u0131mda ayr\u0131 bir konumdad\u0131rlar. Bu filozoflar, toplumsal, siyasal ve ekonomik ya\u015fam\u0131n de\u011fi\u015fimlerine paralel bi\u00e7imde yeni bir d\u00fc\u015f\u00fcnce prati\u011fi geli\u015ftirmi\u015fler ve felsefeye ilk ilkelerden ba\u015flamak yerine ortadan bir yerden ba\u015flam\u0131\u015flard\u0131r. Deleuze felsefesinde arzu, duyumsama, anlam ve ya\u015fam gibi pek \u00e7ok kavram, estetik, etik ve siyasete y\u00f6nelik bir sarmal bi\u00e7iminde i\u00e7 i\u00e7e ge\u00e7er. Kavramlar de\u011fi\u015fim ve d\u00f6n\u00fc\u015f\u00fcm i\u00e7inde klasik felsefenin a\u011fa\u00e7bi\u00e7imli d\u00fc\u015f\u00fcnce sistemati\u011finin d\u0131\u015f\u0131na \u00e7\u0131karak, \u00f6zg\u00fcr bir d\u00fc\u015f\u00fcnceye ula\u015f\u0131labilece\u011fini g\u00f6sterir. Bu kitap fark ve olu\u015f filozofu Deleuze\u2019\u00fcn rehberli\u011finde sineman\u0131n felsefesini anlama \u00e7abas\u0131 i\u00e7inde ortaya \u00e7\u0131km\u0131\u015ft\u0131r. Daima de\u011fi\u015fimi olumlayan, yarat\u0131c\u0131 bir arzuyu \u00f6ne \u00e7\u0131karan Deleuze ke\u015ffedilirken, \u00e7oklu ba\u011flant\u0131larla s\u0131n\u0131rdaki devrimcinin yani min\u00f6r\u00fcn g\u00fcc\u00fc anla\u015f\u0131lmaya \u00e7al\u0131\u015f\u0131lm\u0131\u015ft\u0131r. Min\u00f6r, molar yap\u0131lardan ka\u00e7\u0131\u015f hatt\u0131 \u00e7izerek, farkl\u0131l\u0131\u011f\u0131, olu\u015fu ve ya\u015fam\u0131 olumlar. Min\u00f6r sinema ise klasik sineman\u0131n aksine evrim ya da devrim gibi fikirlerden ba\u011f\u0131ms\u0131z bir bi\u00e7imde politiktir, tahamm\u00fcl edilemeyendir ve imk\u00e2ns\u0131zl\u0131klarla yap\u0131land\u0131r. Bir kitle sanat\u0131 olan sinema \u201chalk\u0131n eksikli\u011fi\u201dni en etkili bir bi\u00e7imde g\u00f6sterecek tek sanatt\u0131r. Politik sineman\u0131n \u00fczerine kuruldu\u011fu temel budur. Bu y\u00fczden sinema sanat\u0131, hen\u00fcz orada olmayan bir halk\u0131n \u00f6zne olmas\u0131na katk\u0131da bulunma i\u015flevini \u00fcstlenmelidir. S\u0131n\u0131fsal fark\u0131n, toplumsal cinsiyetin ayr\u0131mlar\u0131nda izleri g\u00f6r\u00fclen min\u00f6r; ideolojik s\u00f6ylemin, bilin\u00e7lendirmenin yerini terk ederek, \u015fizo\/\u00f6zneye kucak a\u00e7an, par\u00e7alanarak \u00e7o\u011falan, izleyiciyi rahats\u0131z eden bir sinema dilini olu\u015fturmal\u0131d\u0131r. Azime Canta\u015f, Sel\u00e7uk \u00dcniversitesi, Fen Edebiyat Fak\u00fcltesi, Sanat Tarihi b\u00f6l\u00fcm\u00fcnden mezun olduktan sonra \u0130leti\u015fim Fak\u00fcltesi, Radyo, Televizyon ve Sinema b\u00f6l\u00fcm\u00fcnde lisans ve Y\u00fcksek Lisans programlar\u0131n\u0131 tamamlad\u0131. Sel\u00e7uk \u00dcniversitesi, Sosyal Bilimler Enstit\u00fcs\u00fc, Radyo, Televizyon ve Sinema Anabilim Dal\u0131\u2019nda \u201cT\u00fcrk Sinemas\u0131nda Min\u00f6r \u0130zd\u00fc\u015f\u00fcmler\u201d ba\u015fl\u0131kl\u0131 tezi ile doktoradan mezun oldu. \u00d6\u011frencili\u011fi s\u0131ras\u0131nda y\u00f6netmenli\u011fini yapt\u0131\u011f\u0131 H\u00fcrriyet Mimar\u0131 isimli belgesel ve Guernica isimli k\u0131sa film \u00e7al\u0131\u015fmalar\u0131yla \u00e7e\u015fitli ulusal ve uluslararas\u0131 film festivallerine kat\u0131ld\u0131. 2023 y\u0131l\u0131nda yay\u0131nlanan Filozof Y\u00f6netmenler kitab\u0131n\u0131n edit\u00f6rl\u00fc\u011f\u00fcn\u00fc yapt\u0131. IGI Global: International Academic Publisher taraf\u0131ndan yay\u0131nlanacak olan Audience Sociology and Consumer Behavior in the Film Industry kitap \u00e7al\u0131\u015fmas\u0131n\u0131n ve Y\u00f6netmenlerle Felsefe isimli kitab\u0131n edit\u00f6rl\u00fc\u011f\u00fcn\u00fc s\u00fcrd\u00fcrmektedir. Afyon Kocatepe \u00dcniversite G\u00fczel Sanatlar Fak\u00fcltesi, Sinema ve Televizyon b\u00f6l\u00fcm\u00fcnde \u00f6\u011fretim g\u00f6revlisidir.  <\/p>\n","protected":false},"excerpt":{"rendered":"<p>1968 olaylar\u0131n\u0131n etkisi alt\u0131nda d\u00fc\u015f\u00fcncelerini ortaya koyan ve temsil d\u00fc\u015f\u00fcncesine en fazla kar\u015f\u0131 \u00e7\u0131kan Gilles Deleuze ve Felix Guattari post-yap\u0131salc\u0131 yakla\u015f\u0131mda ayr\u0131 bir konumdad\u0131rlar. Bu filozoflar,<span class=\"excerpt-hellip\"> [\u2026]<\/span><\/p>\n","protected":false},"featured_media":0,"template":"","meta":{"_monsterinsights_skip_tracking":false,"_monsterinsights_sitenote_active":false,"_monsterinsights_sitenote_note":"","_monsterinsights_sitenote_category":0},"product_brand":[],"product_cat":[12409,12408],"product_tag":[],"class_list":{"0":"post-764789","1":"product","2":"type-product","3":"status-publish","5":"product_cat-fotograf-sinema-tiyatro","6":"product_cat-sanat","7":"pa_cilt-ciltsiz","8":"pa_tur-kitap","9":"pa_yayinevi-ayrinti-yayinlari","10":"pa_yazar-azime-cantas","12":"first","13":"instock","14":"sale","15":"shipping-taxable","16":"purchasable","17":"product-type-simple"},"_links":{"self":[{"href":"https:\/\/roveyayinevi.com.tr\/index.php\/wp-json\/wp\/v2\/product\/764789","targetHints":{"allow":["GET"]}}],"collection":[{"href":"https:\/\/roveyayinevi.com.tr\/index.php\/wp-json\/wp\/v2\/product"}],"about":[{"href":"https:\/\/roveyayinevi.com.tr\/index.php\/wp-json\/wp\/v2\/types\/product"}],"wp:attachment":[{"href":"https:\/\/roveyayinevi.com.tr\/index.php\/wp-json\/wp\/v2\/media?parent=764789"}],"wp:term":[{"taxonomy":"product_brand","embeddable":true,"href":"https:\/\/roveyayinevi.com.tr\/index.php\/wp-json\/wp\/v2\/product_brand?post=764789"},{"taxonomy":"product_cat","embeddable":true,"href":"https:\/\/roveyayinevi.com.tr\/index.php\/wp-json\/wp\/v2\/product_cat?post=764789"},{"taxonomy":"product_tag","embeddable":true,"href":"https:\/\/roveyayinevi.com.tr\/index.php\/wp-json\/wp\/v2\/product_tag?post=764789"}],"curies":[{"name":"wp","href":"https:\/\/api.w.org\/{rel}","templated":true}]}}