{"id":764422,"date":"2025-08-28T11:10:10","date_gmt":"2025-08-28T08:10:10","guid":{"rendered":"https:\/\/roveyayinevi.com.tr\/index.php\/urun\/anadolu-ronesansi\/"},"modified":"2026-03-07T03:53:39","modified_gmt":"2026-03-07T00:53:39","slug":"anadolu-ronesansi","status":"publish","type":"product","link":"https:\/\/roveyayinevi.com.tr\/index.php\/urun\/anadolu-ronesansi\/","title":{"rendered":"Anadolu R\u00f6nesans\u0131"},"content":{"rendered":"<p>ABD\u2019nin Orta Do\u011fu ve Yak\u0131n Asya politikalar\u0131n\u0131n i\u015fgal ve bombalamalarla en ate\u015fli doru\u011funa ula\u015ft\u0131\u011f\u0131 zaman diliminde Cumhuriyet kurucusu k\u00fclt\u00fcr ve e\u011fitim politikalar\u0131na y\u00f6nelik ele\u015ftiriler de arka arkaya patlak vermi\u015fti. Bat\u0131l\u0131 d\u00fc\u015f\u00fcn\u00fcrler Erik Jan Z\u00fcrcher\u2019den, Etienne Copeaux\u2019den el ve esin alm\u0131\u015f kimi ayd\u0131n ve edebiyat\u00e7\u0131lar\u0131m\u0131z, \u00fcniversiteli ara\u015ft\u0131rmac\u0131lar\u0131m\u0131z, Cumhuriyet\u2019in bir \u201creddiye\u201d ve \u201ctepeden inmecilik\u201d oldu\u011fu g\u00f6r\u00fc\u015f\u00fcnde birle\u015fiyordu.   Nobel \u00f6d\u00fcll\u00fc \u00fcnl\u00fc yazar\u0131m\u0131z\u0131n Kar adl\u0131 roman\u0131nda hedef ald\u0131\u011f\u0131 Cumhuriyet kurucusu \u201cKemalizm\u201d, emperyalizmin b\u00f6lge co\u011frafyas\u0131 i\u00e7in d\u00fc\u015f\u00fcnd\u00fckleri \u00f6n\u00fcnde bir engel olu\u015fturuyor olabilir miydi? II. D\u00fcnya Sava\u015f\u0131 sonras\u0131nda, \u201ck\u00f6ylere kadar uzanm\u0131\u015f k\u0131z\u0131l kom\u00fcnist tehlike\u201d diye g\u00f6sterilerek kapat\u0131lan K\u00f6y Enstit\u00fcleri, 21. Y\u00fczy\u0131l ba\u015f\u0131nda ABD ve \u0130ngiltere kaynakl\u0131 doktora tezlerinde \u201cfa\u015fist m\u00fcessese\u201d makam\u0131na nas\u0131l oturtuldu?   Rumeli\u2019nin Kepirtepesi\u2019nden Kars\u2019\u0131n C\u0131lavuzu\u2019na, 21 ocakta eli \u00f6p\u00fclesi \u00f6\u011fretmenler yeti\u015ftiren ve Anadolu\u2019ya \u00e7ok derin izler b\u0131rakan K\u00f6y Enstit\u00fcleri\u2019nin arkas\u0131ndaki temel ger\u00e7eklik neydi?  Bug\u00fcn, \u00f6n\u00fcm\u00fcze yeni bir \u201cOsmanl\u0131l\u0131k\u201d se\u00e7ene\u011fi s\u00fcr\u00fcl\u00fcyor. Egemen Bat\u0131\u2019n\u0131n toplumumuza giydirmeye \u00e7al\u0131\u015ft\u0131\u011f\u0131 y\u00f6netim bi\u00e7imi, O\u011fuz oymaklar\u0131ndan G\u00fcn Han i\u00e7indeki d\u00f6rt boydan biri olan Kay\u0131 Boyu\u2019nun kendisini karde\u015fi gibi g\u00f6rd\u00fc\u011f\u00fc di\u011fer bireylerden ayr\u0131 tutmam\u0131\u015f, gazilikten \u00f6tesinde g\u00f6z\u00fc olmam\u0131\u015f \u00f6nderi Ertu\u011frul\u2019un, \u0131rk, dil, din gibi farklara hi\u00e7 bakmaks\u0131z\u0131n, yaln\u0131zca insan\u0131 se\u00e7en tutumu de\u011fil, \u0130slam inanc\u0131n\u0131 zorba iktidar\u0131na ideoloji yapmaya kalk\u0131\u015fan Sultan Abd\u00fclhamid\u2019in anlay\u0131\u015f\u0131d\u0131r. Anadolu R\u00f6nesans\u0131, Cumhuriyet kurulu\u015fundan g\u00fcn\u00fcm\u00fcze hayat\u0131m\u0131za kat\u0131lan t\u00fcm toplumsal sesleri, renkleri g\u00f6r\u00fcn\u00fcr k\u0131lmaya \u00e7al\u0131\u015fan yo\u011fun bir denemedir. Tarihcil geli\u015fimi, siyaseti, edebiyat\u0131 birlikte kucaklamaya \u00e7al\u0131\u015ft\u0131. T\u00fcm \u015eark toplumlar\u0131na 1789 Burjuva Devrimi\u2019nin insanl\u0131\u011fa arma\u011fan\u0131 \u201cE\u015fitlik, karde\u015flik, h\u00fcrriyet\u201d parolas\u0131 ve sorgulayan akl\u0131 yerine Orta \u00c7a\u011f ya\u015fam\u0131n\u0131 hak g\u00f6ren emperyal g\u00fc\u00e7lere i\u015faret eden bir uyar\u0131 sesi olmak istedi\u2026    \u0130\u00e7indekiler;   \u00b7         \u201cErken Cumhuriyet D\u00f6nemi\u201d K\u00fclt\u00fcr ve E\u011fitim Politikalar\u0131na Y\u00f6nelik Ele\u015ftiriler   \u00b7         Ele\u015ftiriler I\u015f\u0131\u011f\u0131nda T\u00fcrkiye Cumhuriyeti Ulusla\u015fma S\u00fcrecinin K\u0131sa Tarih\u00e7esi   \u00b7         \u201cErken Cumhuriyet D\u00f6nemi\u201d K\u00fclt\u00fcr ve E\u011fitim Politikalar\u0131 <\/p>\n","protected":false},"excerpt":{"rendered":"<p>ABD\u2019nin Orta Do\u011fu ve Yak\u0131n Asya politikalar\u0131n\u0131n i\u015fgal ve bombalamalarla en ate\u015fli doru\u011funa ula\u015ft\u0131\u011f\u0131 zaman diliminde Cumhuriyet kurucusu k\u00fclt\u00fcr ve e\u011fitim politikalar\u0131na y\u00f6nelik ele\u015ftiriler de arka<span class=\"excerpt-hellip\"> [\u2026]<\/span><\/p>\n","protected":false},"featured_media":0,"template":"","meta":{"_monsterinsights_skip_tracking":false,"_monsterinsights_sitenote_active":false,"_monsterinsights_sitenote_note":"","_monsterinsights_sitenote_category":0},"product_brand":[],"product_cat":[12370,12304],"product_tag":[],"class_list":{"0":"post-764422","1":"product","2":"type-product","3":"status-publish","5":"product_cat-arastirma-inceleme","6":"product_cat-tarih","7":"pa_cilt-ciltsiz","8":"pa_tur-kitap","9":"pa_yayinevi-literatur-yayinevi","10":"pa_yazar-alper-akcam","12":"first","13":"instock","14":"sale","15":"shipping-taxable","16":"purchasable","17":"product-type-simple"},"_links":{"self":[{"href":"https:\/\/roveyayinevi.com.tr\/index.php\/wp-json\/wp\/v2\/product\/764422","targetHints":{"allow":["GET"]}}],"collection":[{"href":"https:\/\/roveyayinevi.com.tr\/index.php\/wp-json\/wp\/v2\/product"}],"about":[{"href":"https:\/\/roveyayinevi.com.tr\/index.php\/wp-json\/wp\/v2\/types\/product"}],"wp:attachment":[{"href":"https:\/\/roveyayinevi.com.tr\/index.php\/wp-json\/wp\/v2\/media?parent=764422"}],"wp:term":[{"taxonomy":"product_brand","embeddable":true,"href":"https:\/\/roveyayinevi.com.tr\/index.php\/wp-json\/wp\/v2\/product_brand?post=764422"},{"taxonomy":"product_cat","embeddable":true,"href":"https:\/\/roveyayinevi.com.tr\/index.php\/wp-json\/wp\/v2\/product_cat?post=764422"},{"taxonomy":"product_tag","embeddable":true,"href":"https:\/\/roveyayinevi.com.tr\/index.php\/wp-json\/wp\/v2\/product_tag?post=764422"}],"curies":[{"name":"wp","href":"https:\/\/api.w.org\/{rel}","templated":true}]}}