{"id":764298,"date":"2025-08-28T11:06:18","date_gmt":"2025-08-28T08:06:18","guid":{"rendered":"https:\/\/roveyayinevi.com.tr\/index.php\/urun\/asyalilar-nasil-sarardi\/"},"modified":"2026-04-15T03:30:14","modified_gmt":"2026-04-15T00:30:14","slug":"asyalilar-nasil-sarardi","status":"publish","type":"product","link":"https:\/\/roveyayinevi.com.tr\/index.php\/urun\/asyalilar-nasil-sarardi\/","title":{"rendered":"Asyal\u0131lar Nas\u0131l Sarard\u0131?"},"content":{"rendered":"<p>&#8220;Avrupal\u0131lar, Asya\u2019ya ilk ayak bast\u0131\u011f\u0131nda \u00c7inlileri ve Japonlar\u0131 \u201cbeyaz\u201d olarak tan\u0131mlad\u0131. Bat\u0131\u2019yla ticaret yapmaya istekliydiler ve H\u0131ristiyanla\u015fma ihtimalleri vard\u0131. Ancak 17. y\u00fczy\u0131l\u0131n sonunda art\u0131k yaln\u0131zca Avrupal\u0131lara \u201cbeyaz\u201d denir oldu. 18. y\u00fczy\u0131lda bilim insanlar\u0131, her insan toplulu\u011funa \u00e7e\u015fitli renkler atad\u0131 ve \u0131rklar\u0131 bu renklerle tan\u0131mlad\u0131. Do\u011fu Asyal\u0131lar, tek bir \u0131rk\u0131n mensuplar\u0131 olarak ele al\u0131nd\u0131 ve onlara toptan \u201cMo\u011fol \u0131rk\u0131\u201d dendi. Bu \u0131rka atanan renk ise sar\u0131 oldu. Dahas\u0131, ilerleyen y\u0131llarda, T\u00fcrk ve Mo\u011fol ak\u0131nlar\u0131n\u0131n hat\u0131ralar\u0131 canland\u0131r\u0131larak \u201csar\u0131 tehlike\u201d tabiri yarat\u0131ld\u0131. \u0130\u015fin sonunda \u201cbeyaz \u0131rk\u201d di\u011fer \u0131rklar aras\u0131nda en \u00fcst\u00fcn\u00fc, dolay\u0131s\u0131yla y\u00f6netmeye yazg\u0131l\u0131 olan \u0131rk olarak g\u00f6r\u00fcl\u00fcr oldu. Peki bunlar neden ve nas\u0131l oldu? Ne oldu da Asyal\u0131lar sarard\u0131? Asyal\u0131lar\u0131 tan\u0131mlamak i\u00e7in neden sar\u0131 renk se\u00e7ildi? Yazar Michael Keevak, yak\u0131n d\u00f6neme kadar insanlar aras\u0131ndaki fiziksel farkl\u0131l\u0131klar\u0131n nas\u0131l alg\u0131land\u0131\u011f\u0131n\u0131n ve anlamland\u0131r\u0131ld\u0131\u011f\u0131n\u0131n izini s\u00fcr\u00fcyor. Asyal\u0131lar Nas\u0131l Sarard\u0131? \u0131rksal d\u00fc\u015f\u00fcncenin tarihine bakarak sar\u0131l\u0131k kavram\u0131n\u0131 ke\u015ffediyor. Sar\u0131 \u0131rk efsanesinin temelinde, 18. ve 19. y\u00fczy\u0131llarda bilimselle\u015ftirilen \u0131rk\u00e7\u0131l\u0131k oldu\u011funu g\u00f6steriyor.&#8221;<\/p>\n","protected":false},"excerpt":{"rendered":"<p>&#8220;Avrupal\u0131lar, Asya\u2019ya ilk ayak bast\u0131\u011f\u0131nda \u00c7inlileri ve Japonlar\u0131 \u201cbeyaz\u201d olarak tan\u0131mlad\u0131. Bat\u0131\u2019yla ticaret yapmaya istekliydiler ve H\u0131ristiyanla\u015fma ihtimalleri vard\u0131. Ancak 17. y\u00fczy\u0131l\u0131n sonunda art\u0131k yaln\u0131zca Avrupal\u0131lara<span class=\"excerpt-hellip\"> [\u2026]<\/span><\/p>\n","protected":false},"featured_media":0,"template":"","meta":{"_monsterinsights_skip_tracking":false,"_monsterinsights_sitenote_active":false,"_monsterinsights_sitenote_note":"","_monsterinsights_sitenote_category":0},"product_brand":[],"product_cat":[12304],"product_tag":[],"class_list":{"0":"post-764298","1":"product","2":"type-product","3":"status-publish","5":"product_cat-tarih","6":"pa_cilt-ciltsiz","7":"pa_tur-kitap","8":"pa_yayinevi-pinhan-yayincilik","9":"pa_yazar-michael-keevak","11":"first","12":"instock","13":"sale","14":"shipping-taxable","15":"purchasable","16":"product-type-simple"},"_links":{"self":[{"href":"https:\/\/roveyayinevi.com.tr\/index.php\/wp-json\/wp\/v2\/product\/764298","targetHints":{"allow":["GET"]}}],"collection":[{"href":"https:\/\/roveyayinevi.com.tr\/index.php\/wp-json\/wp\/v2\/product"}],"about":[{"href":"https:\/\/roveyayinevi.com.tr\/index.php\/wp-json\/wp\/v2\/types\/product"}],"wp:attachment":[{"href":"https:\/\/roveyayinevi.com.tr\/index.php\/wp-json\/wp\/v2\/media?parent=764298"}],"wp:term":[{"taxonomy":"product_brand","embeddable":true,"href":"https:\/\/roveyayinevi.com.tr\/index.php\/wp-json\/wp\/v2\/product_brand?post=764298"},{"taxonomy":"product_cat","embeddable":true,"href":"https:\/\/roveyayinevi.com.tr\/index.php\/wp-json\/wp\/v2\/product_cat?post=764298"},{"taxonomy":"product_tag","embeddable":true,"href":"https:\/\/roveyayinevi.com.tr\/index.php\/wp-json\/wp\/v2\/product_tag?post=764298"}],"curies":[{"name":"wp","href":"https:\/\/api.w.org\/{rel}","templated":true}]}}