{"id":764184,"date":"2025-08-28T11:02:19","date_gmt":"2025-08-28T08:02:19","guid":{"rendered":"https:\/\/roveyayinevi.com.tr\/index.php\/urun\/balkan-ekonomileri\/"},"modified":"2026-04-15T03:29:54","modified_gmt":"2026-04-15T00:29:54","slug":"balkan-ekonomileri","status":"publish","type":"product","link":"https:\/\/roveyayinevi.com.tr\/index.php\/urun\/balkan-ekonomileri\/","title":{"rendered":"Balkan Ekonomileri"},"content":{"rendered":"<p>Bu \u00e7al\u0131\u015fmada on bir balkan \u00fclkesinin 2000-2022 aras\u0131nda makroekonomi ve d\u0131\u015f ticaret performanslar\u0131n\u0131n ortaya konulmas\u0131 ama\u00e7lanm\u0131\u015ft\u0131r. Bu ama\u00e7 do\u011frultusunda ge\u00e7en iki on y\u0131lda balkan \u00fclkelerinin b\u00fcy\u00fcme, i\u015fsizlik, enflasyon, d\u0131\u015f bor\u00e7 gibi makroekonomik g\u00f6stergelerinin ve ihracat, ithalat, yabanc\u0131 yat\u0131r\u0131m giri\u015fleri gibi d\u0131\u015f ticaret g\u00f6stergelerinin nas\u0131l bir seyir izledi\u011fi ve bu seyri etkileyen temel fakt\u00f6rlerin neler oldu\u011funun a\u00e7\u0131klanmas\u0131 hedeflenmi\u015ftir. Global ve ulusal krizlerin makroekonomik verilere nas\u0131l yans\u0131d\u0131\u011f\u0131, hangi krizlerden \u00fclkelerin daha \u00e7ok etkilendikleri ve bu krizlerin temel nedenlerinin \u00fclke d\u00fczeyinde neler oldu\u011funun somutla\u015ft\u0131r\u0131lmas\u0131na \u00e7aba sarfedilmi\u015ftir. Balkan \u00fclkeleri, T\u00fcrkiye ile ekonomik ba\u011flar\u0131 g\u00f6rece g\u00fc\u00e7l\u00fc \u00fclkelerdir. Bu nedenle, T\u00fcrkiye\u2019nin Balkan \u00fclkeleriyle d\u0131\u015f ticaretinin seyri ve sekt\u00f6rel deseni de bu \u00e7al\u0131\u015fman\u0131n cevab\u0131n\u0131 arad\u0131\u011f\u0131 di\u011fer bir soru olarak kar\u015f\u0131m\u0131zda durmaktad\u0131r. Elinizdeki kitap yukar\u0131da belirtilen ama\u00e7 ve hedefler do\u011frultusunda \u00fc\u00e7 b\u00f6l\u00fcmden te\u015fekk\u00fcl etmektedir. \u00c7al\u0131\u015fman\u0131n ilk b\u00f6l\u00fcm\u00fcnde Balkan \u00fclkelerinin kalk\u0131nma ve refah d\u00fczeyleri uluslararas\u0131 kabul g\u00f6ren geli\u015fmi\u015flik g\u00f6stergeleri \u00e7er\u00e7evesinde tahlil edilmekte, \u00e7al\u0131\u015fman\u0131n ana omurgas\u0131n\u0131 olu\u015fturan ikinci b\u00f6l\u00fcmde Balkan \u00fclkelerinin 2000 y\u0131l\u0131ndan g\u00fcn\u00fcm\u00fcze makroekonomi ve d\u0131\u015f ticaret performanslar\u0131 somutla\u015ft\u0131r\u0131lmakta, \u00fc\u00e7\u00fcnc\u00fc ve son b\u00f6l\u00fcmde ise T\u00fcrkiye ile d\u0131\u015f ticaretlerinin nas\u0131l bir geli\u015fim g\u00f6sterdi\u011fi ve nas\u0131l bir bile\u015fime sahip oldu\u011fu ortaya konulmaktad\u0131r. \u00c7al\u0131\u015fman\u0131n konusuyla ilgili T\u00fcrk\u00e7e literat\u00fcr\u00fcn azl\u0131\u011f\u0131 dikkate al\u0131nd\u0131\u011f\u0131nda, \u00e7al\u0131\u015fman\u0131n alanla ilgili \u00e7al\u0131\u015fmalara yard\u0131mc\u0131 ve y\u00f6n g\u00f6sterici olaca\u011f\u0131 umulmaktad\u0131r.<\/p>\n","protected":false},"excerpt":{"rendered":"<p>Bu \u00e7al\u0131\u015fmada on bir balkan \u00fclkesinin 2000-2022 aras\u0131nda makroekonomi ve d\u0131\u015f ticaret performanslar\u0131n\u0131n ortaya konulmas\u0131 ama\u00e7lanm\u0131\u015ft\u0131r. Bu ama\u00e7 do\u011frultusunda ge\u00e7en iki on y\u0131lda balkan \u00fclkelerinin b\u00fcy\u00fcme,<span class=\"excerpt-hellip\"> [\u2026]<\/span><\/p>\n","protected":false},"featured_media":0,"template":"","meta":{"_monsterinsights_skip_tracking":false,"_monsterinsights_sitenote_active":false,"_monsterinsights_sitenote_note":"","_monsterinsights_sitenote_category":0},"product_brand":[],"product_cat":[14841,13043],"product_tag":[],"class_list":{"0":"post-764184","1":"product","2":"type-product","3":"status-publish","5":"product_cat-arastirma-inceleme-kuram","6":"product_cat-ekonomi","7":"pa_cilt-ciltsiz","8":"pa_tur-kitap","9":"pa_yayinevi-astana-yayinlari","10":"pa_yazar-adem-dogan","12":"first","13":"instock","14":"sale","15":"shipping-taxable","16":"purchasable","17":"product-type-simple"},"_links":{"self":[{"href":"https:\/\/roveyayinevi.com.tr\/index.php\/wp-json\/wp\/v2\/product\/764184","targetHints":{"allow":["GET"]}}],"collection":[{"href":"https:\/\/roveyayinevi.com.tr\/index.php\/wp-json\/wp\/v2\/product"}],"about":[{"href":"https:\/\/roveyayinevi.com.tr\/index.php\/wp-json\/wp\/v2\/types\/product"}],"wp:attachment":[{"href":"https:\/\/roveyayinevi.com.tr\/index.php\/wp-json\/wp\/v2\/media?parent=764184"}],"wp:term":[{"taxonomy":"product_brand","embeddable":true,"href":"https:\/\/roveyayinevi.com.tr\/index.php\/wp-json\/wp\/v2\/product_brand?post=764184"},{"taxonomy":"product_cat","embeddable":true,"href":"https:\/\/roveyayinevi.com.tr\/index.php\/wp-json\/wp\/v2\/product_cat?post=764184"},{"taxonomy":"product_tag","embeddable":true,"href":"https:\/\/roveyayinevi.com.tr\/index.php\/wp-json\/wp\/v2\/product_tag?post=764184"}],"curies":[{"name":"wp","href":"https:\/\/api.w.org\/{rel}","templated":true}]}}