{"id":764142,"date":"2025-08-28T11:01:21","date_gmt":"2025-08-28T08:01:21","guid":{"rendered":"https:\/\/roveyayinevi.com.tr\/index.php\/urun\/dunyada-ve-turkiyede-muhafazakarlik\/"},"modified":"2026-04-15T03:29:53","modified_gmt":"2026-04-15T00:29:53","slug":"dunyada-ve-turkiyede-muhafazakarlik","status":"publish","type":"product","link":"https:\/\/roveyayinevi.com.tr\/index.php\/urun\/dunyada-ve-turkiyede-muhafazakarlik\/","title":{"rendered":"D\u00fcnyada ve T\u00fcrkiye\u2019de Muhafazakarl\u0131k"},"content":{"rendered":"<p>\u0130deolojiler d\u00fcnyay\u0131 anlamland\u0131rmam\u0131za yard\u0131mc\u0131 olan d\u00fc\u015f\u00fcnce sistemleridir. Ancak bu d\u00fc\u015f\u00fcnce sistemlerinin kendi i\u00e7inde b\u00fct\u00fcn\u00fcyle tutarl\u0131l\u0131k g\u00f6sterdi\u011fini ileri s\u00fcrmek son derece g\u00fc\u00e7t\u00fcr. Bu ba\u011flamda eklektik bir \u00f6zellik g\u00f6steren muhafazak\u00e2rl\u0131k (conservatism) genel itibariyle ideolojilere s\u0131cak bakmasa da son tahlilde anti-ideolojik modern bir ideolojidir. Bir tutum olarak muhafazak\u00e2rl\u0131k kavram\u0131n\u0131n k\u00f6kleri \u00e7ok gerilere g\u00f6t\u00fcr\u00fclmekle birlikte ideolojik a\u00e7\u0131dan muhafazak\u00e2rl\u0131k kavram\u0131 modern bir olgu olup esas itibariyle modernle\u015fme s\u00fcreciyle beraber tart\u0131\u015f\u0131lmaya ba\u015flanm\u0131\u015ft\u0131r. Bu \u00e7er\u00e7evede muhafazak\u00e2r ve muhafazak\u00e2rl\u0131k sosyal bilimcilerin \u00fczerinde en \u00e7ok kafa yordu\u011fu ve en az fikir birline vard\u0131\u011f\u0131 kavramlar aras\u0131nda yer almaktad\u0131r. D\u00fcnyada farkl\u0131 muhafazak\u00e2r geleneklerin olmas\u0131 muhafazak\u00e2rl\u0131\u011f\u0131n evrensellik iddias\u0131n\u0131n olmad\u0131\u011f\u0131n\u0131 ortaya koymaktad\u0131r. Muhafazak\u00e2rl\u0131\u011f\u0131n evrensellik iddias\u0131 olmasa da muhafazak\u00e2rlar\u0131n her d\u00f6nemde ekonomik ve toplumsal d\u00fczenin savunuculu\u011funu \u00fcstlendikleri bir ger\u00e7ektir. Buradan da \u201cMuhafazak\u00e2rlar neyi muhafaza ediyor?\u201d \u015feklindeki sorunun yan\u0131t\u0131 ortaya \u00e7\u0131kmaktad\u0131r. Muhafaza etme arzusu ise \u00fclkeden \u00fclkeye farkl\u0131l\u0131k g\u00f6sterebilmektedir. Muhafazak\u00e2rl\u0131k farkl\u0131 formlara sahip bir ideoloji olma \u00f6zelli\u011fini ta\u015f\u0131makla birlikte d\u00fcnya genelindeki b\u00fct\u00fcn muhafazak\u00e2r d\u00fc\u015f\u00fcnce geleneklerinin yo\u011fun bir pragmatizmden beslendi\u011fi ve bu sayede muhafazak\u00e2rl\u0131\u011f\u0131n ba\u015fka ideolojilerle ve ak\u0131mlarla, \u00f6zellikle liberalizm ve kapitalizm, eklemlendi\u011fi s\u00f6ylenebilir. Bu eklemlenme s\u00fcreci ayn\u0131 zamanda muhafazak\u00e2rl\u0131\u011f\u0131n ya da muhafazak\u00e2rlar\u0131n de\u011fi\u015fimini ifade etmektedir. Bu kitapta ele\u015ftirel bir bak\u0131\u015f a\u00e7\u0131s\u0131yla muhafazak\u00e2rl\u0131\u011f\u0131n T\u00fcrkiye \u00f6zelinde ve d\u00fcnya d\u00fczeyindeki uygulamalar\u0131 ele al\u0131nm\u0131\u015ft\u0131r. Bu \u015fekilde muhafazak\u00e2rl\u0131\u011f\u0131n farkl\u0131 formlar\u0131 dikkate al\u0131narak \u00f6zg\u00fcn bir ara\u015ft\u0131rma ortaya konmaya \u00e7al\u0131\u015f\u0131lm\u0131\u015ft\u0131r. Muhafazak\u00e2rl\u0131\u011f\u0131 anlamak hem T\u00fcrkiye\u2019yi hem de d\u00fcnyay\u0131 anlaman\u0131n \u00f6nemli bir a\u015famas\u0131d\u0131r\u2026<\/p>\n","protected":false},"excerpt":{"rendered":"<p>\u0130deolojiler d\u00fcnyay\u0131 anlamland\u0131rmam\u0131za yard\u0131mc\u0131 olan d\u00fc\u015f\u00fcnce sistemleridir. Ancak bu d\u00fc\u015f\u00fcnce sistemlerinin kendi i\u00e7inde b\u00fct\u00fcn\u00fcyle tutarl\u0131l\u0131k g\u00f6sterdi\u011fini ileri s\u00fcrmek son derece g\u00fc\u00e7t\u00fcr. Bu ba\u011flamda eklektik bir \u00f6zellik<span class=\"excerpt-hellip\"> [\u2026]<\/span><\/p>\n","protected":false},"featured_media":0,"template":"","meta":{"_monsterinsights_skip_tracking":false,"_monsterinsights_sitenote_active":false,"_monsterinsights_sitenote_note":"","_monsterinsights_sitenote_category":0},"product_brand":[],"product_cat":[12324],"product_tag":[],"class_list":{"0":"post-764142","1":"product","2":"type-product","3":"status-publish","5":"product_cat-sosyoloji","6":"pa_cilt-ciltsiz","7":"pa_tur-kitap","8":"pa_yayinevi-astana-yayinlari","9":"pa_yazar-muhittin-isik","11":"first","12":"instock","13":"sale","14":"shipping-taxable","15":"purchasable","16":"product-type-simple"},"_links":{"self":[{"href":"https:\/\/roveyayinevi.com.tr\/index.php\/wp-json\/wp\/v2\/product\/764142","targetHints":{"allow":["GET"]}}],"collection":[{"href":"https:\/\/roveyayinevi.com.tr\/index.php\/wp-json\/wp\/v2\/product"}],"about":[{"href":"https:\/\/roveyayinevi.com.tr\/index.php\/wp-json\/wp\/v2\/types\/product"}],"wp:attachment":[{"href":"https:\/\/roveyayinevi.com.tr\/index.php\/wp-json\/wp\/v2\/media?parent=764142"}],"wp:term":[{"taxonomy":"product_brand","embeddable":true,"href":"https:\/\/roveyayinevi.com.tr\/index.php\/wp-json\/wp\/v2\/product_brand?post=764142"},{"taxonomy":"product_cat","embeddable":true,"href":"https:\/\/roveyayinevi.com.tr\/index.php\/wp-json\/wp\/v2\/product_cat?post=764142"},{"taxonomy":"product_tag","embeddable":true,"href":"https:\/\/roveyayinevi.com.tr\/index.php\/wp-json\/wp\/v2\/product_tag?post=764142"}],"curies":[{"name":"wp","href":"https:\/\/api.w.org\/{rel}","templated":true}]}}