{"id":764121,"date":"2025-08-28T11:00:54","date_gmt":"2025-08-28T08:00:54","guid":{"rendered":"https:\/\/roveyayinevi.com.tr\/index.php\/urun\/daglik-karabag-sorunu\/"},"modified":"2026-04-15T03:29:52","modified_gmt":"2026-04-15T00:29:52","slug":"daglik-karabag-sorunu","status":"publish","type":"product","link":"https:\/\/roveyayinevi.com.tr\/index.php\/urun\/daglik-karabag-sorunu\/","title":{"rendered":"Da\u011fl\u0131k Karaba\u011f Sorunu"},"content":{"rendered":"<p>Klasik yakla\u015f\u0131mlara dayan\u0131larak analizi yap\u0131lan Da\u011fl\u0131k Karaba\u011f meselesi hakk\u0131ndaki di\u011fer \u00e7al\u0131\u015fmalardan farkl\u0131 olarak bu ara\u015ft\u0131rma do\u011frudan \u0130kinci Karaba\u011f Sava\u015f\u0131 s\u00fcresince ABD\u2019de bulunan Ermeni diasporas\u0131n\u0131n faaliyetleri hakk\u0131ndad\u0131r. Ermeni toplumunun ve lobi kurulu\u015flar\u0131n\u0131n Da\u011fl\u0131k Karaba\u011f\u2019da ya\u015fanan sava\u015f\u0131 diasporik mek\u00e2nlarda nas\u0131l yeniden \u00fcretti\u011fi ve ulus \u00f6tesilik (transnationalism) ba\u011flam\u0131nda \u201canavatan\u201d olarak kodlanan Ermenistan\u2019a ve \u201cd\u00fc\u015fman\u201d olarak zihin d\u00fcnyalar\u0131nda tasavvur eden T\u00fcrklere y\u00f6nelik faaliyetlerinin sistematik olarak ortaya konmas\u0131 hedeflenmi\u015ftir.<\/p>\n","protected":false},"excerpt":{"rendered":"<p>Klasik yakla\u015f\u0131mlara dayan\u0131larak analizi yap\u0131lan Da\u011fl\u0131k Karaba\u011f meselesi hakk\u0131ndaki di\u011fer \u00e7al\u0131\u015fmalardan farkl\u0131 olarak bu ara\u015ft\u0131rma do\u011frudan \u0130kinci Karaba\u011f Sava\u015f\u0131 s\u00fcresince ABD\u2019de bulunan Ermeni diasporas\u0131n\u0131n faaliyetleri hakk\u0131ndad\u0131r.<span class=\"excerpt-hellip\"> [\u2026]<\/span><\/p>\n","protected":false},"featured_media":0,"template":"","meta":{"_monsterinsights_skip_tracking":false,"_monsterinsights_sitenote_active":false,"_monsterinsights_sitenote_note":"","_monsterinsights_sitenote_category":0},"product_brand":[],"product_cat":[12573,12566],"product_tag":[],"class_list":{"0":"post-764121","1":"product","2":"type-product","3":"status-publish","5":"product_cat-akademik-kitaplar","6":"product_cat-egitim","7":"pa_cilt-ciltsiz","8":"pa_tur-kitap","9":"pa_yayinevi-astana-yayinlari","10":"pa_yazar-mustafa-tayfun-ustun","12":"first","13":"instock","14":"sale","15":"shipping-taxable","16":"purchasable","17":"product-type-simple"},"_links":{"self":[{"href":"https:\/\/roveyayinevi.com.tr\/index.php\/wp-json\/wp\/v2\/product\/764121","targetHints":{"allow":["GET"]}}],"collection":[{"href":"https:\/\/roveyayinevi.com.tr\/index.php\/wp-json\/wp\/v2\/product"}],"about":[{"href":"https:\/\/roveyayinevi.com.tr\/index.php\/wp-json\/wp\/v2\/types\/product"}],"wp:attachment":[{"href":"https:\/\/roveyayinevi.com.tr\/index.php\/wp-json\/wp\/v2\/media?parent=764121"}],"wp:term":[{"taxonomy":"product_brand","embeddable":true,"href":"https:\/\/roveyayinevi.com.tr\/index.php\/wp-json\/wp\/v2\/product_brand?post=764121"},{"taxonomy":"product_cat","embeddable":true,"href":"https:\/\/roveyayinevi.com.tr\/index.php\/wp-json\/wp\/v2\/product_cat?post=764121"},{"taxonomy":"product_tag","embeddable":true,"href":"https:\/\/roveyayinevi.com.tr\/index.php\/wp-json\/wp\/v2\/product_tag?post=764121"}],"curies":[{"name":"wp","href":"https:\/\/api.w.org\/{rel}","templated":true}]}}