{"id":764100,"date":"2025-08-28T11:00:28","date_gmt":"2025-08-28T08:00:28","guid":{"rendered":"https:\/\/roveyayinevi.com.tr\/index.php\/urun\/birlesmis-milletler-baris-gucu-operasyonlarinda-hukuka-aykiri-eylemler-nedeniyle-sorumluluk\/"},"modified":"2026-04-15T03:29:51","modified_gmt":"2026-04-15T00:29:51","slug":"birlesmis-milletler-baris-gucu-operasyonlarinda-hukuka-aykiri-eylemler-nedeniyle-sorumluluk","status":"publish","type":"product","link":"https:\/\/roveyayinevi.com.tr\/index.php\/urun\/birlesmis-milletler-baris-gucu-operasyonlarinda-hukuka-aykiri-eylemler-nedeniyle-sorumluluk\/","title":{"rendered":"Birle\u015fmi\u015f Milletler Bar\u0131\u015f G\u00fcc\u00fc Operasyonlar\u0131nda Hukuka Ayk\u0131r\u0131 Eylemler Nedeniyle Sorumluluk"},"content":{"rendered":"<p>So\u011fuk Sava\u015f&#8217;\u0131n sona ermesi, uluslararas\u0131 toplumda yeni bir \u00e7at\u0131\u015fma kategorisine yol a\u00e7m\u0131\u015ft\u0131r. Esas olarak Afrika k\u0131tas\u0131nda yay\u0131lan, \u015fiddetli olan bu s\u00f6zde &#8220;asimetrik&#8221; \u00e7at\u0131\u015fmalar, devletlerin ba\u015far\u0131s\u0131zl\u0131\u011f\u0131ndan kaynaklanmakta ve kitlesel ve sistematik insan haklar\u0131 ihlalleriyle kendini g\u00f6stermektedir. Nitekim 1990&#8217;l\u0131 y\u0131llardan itibaren Birle\u015fmi\u015f Milletler G\u00fcvenlik Konseyi, bar\u0131\u015f g\u00fcc\u00fc operasyonlar\u0131 \u00e7er\u00e7evesinde uluslararas\u0131 bar\u0131\u015f ve g\u00fcvenli\u011fin sa\u011flanmas\u0131na \u00f6nemli bir yer vermi\u015ftir. Bu operasyonlar\u0131n, insan haklar\u0131n\u0131n korunmas\u0131na ili\u015fkin g\u00f6revi ba\u015fta olmak \u00fczere uluslararas\u0131 bar\u0131\u015f ve g\u00fcvenlikle ilgili pek \u00e7ok g\u00f6revi yerine getirmekle beraber, ayn\u0131 zamanda s\u00f6z konusu g\u00f6revlerin yerine getirilmesinde uluslararas\u0131 hukukun kurallar\u0131na uyma y\u00fck\u00fcml\u00fcl\u00fc\u011f\u00fcne sahiptir. Uluslararas\u0131 hukukun literat\u00fcr\u00fcne bak\u0131ld\u0131\u011f\u0131nda BM bar\u0131\u015f g\u00fcc\u00fc operasyonlar\u0131na ili\u015fkin akademik \u00e7al\u0131\u015fmalar yeterli g\u00f6r\u00fclse de bu operasyonlar\u0131nda uluslararas\u0131 hukuka ayk\u0131r\u0131 eylemlerden do\u011fan sorumluluk konusunda yap\u0131lan \u00e7al\u0131\u015fmalar\u0131n olduk\u00e7a az oldu\u011fu fark edilmektedir g\u00f6r\u00fclmektedir. 1990\u2019l\u0131 y\u0131llardan bu yana, BM bar\u0131\u015f g\u00fcc\u00fc operasyonlar\u0131nda g\u00f6revi yapan personelinin ev sahibi \u00fclkelerin sivil halklar\u0131na y\u00f6nelik, \u00f6zellikle cinsel sald\u0131r\u0131 ve suiistimal pek \u00e7ok hukuka ayk\u0131r\u0131 eylem ger\u00e7ekle\u015ftirmekte ve s\u00f6z konusu eylemler hakk\u0131ndaki iddialar\u0131 y\u0131ll\u0131k olarak ihbar edilmeye devam etmektedir. Bu nedenle bu \u00e7al\u0131\u015fmada, bir yandan BM bar\u0131\u015f g\u00fcc\u00fc operasyonlar\u0131nda g\u00f6revi yapan personel taraf\u0131ndan ger\u00e7ekle\u015ftirilen uluslararas\u0131 hukuka ayk\u0131r\u0131 eylemleri, di\u011fer yandan ise s\u00f6z konusu hukuka ayk\u0131r\u0131 eylemlerden do\u011fan uluslararas\u0131 sorumlulu\u011fun atfedilmesinin konusu incelecektir. Ba\u015fka bir deyi\u015fle BM bar\u0131\u015f g\u00fcc\u00fc operasyonlar\u0131nda g\u00f6rev yapan personel taraf\u0131ndan ger\u00e7ekle\u015ftirilen hukuka ayk\u0131r\u0131 eylemlerden do\u011fan uluslararas\u0131 sorumluluk Birle\u015fmi\u015f Milletler\u2019e mi, yoksa bar\u0131\u015f g\u00fcc\u00fc operasyonlar\u0131n\u0131n personelini g\u00f6nderen devletle mi atfedilip atfedilmeyece\u011fi soruya yan\u0131tlama \u00e7al\u0131\u015f\u0131lacakt\u0131r. Ayn\u0131 \u00e7er\u00e7evede bar\u0131\u015f g\u00fcc\u00fc operasyonlar\u0131n\u0131n personelinin cezai sorumluluk da ele al\u0131nacakt\u0131r.<\/p>\n","protected":false},"excerpt":{"rendered":"<p>So\u011fuk Sava\u015f&#8217;\u0131n sona ermesi, uluslararas\u0131 toplumda yeni bir \u00e7at\u0131\u015fma kategorisine yol a\u00e7m\u0131\u015ft\u0131r. Esas olarak Afrika k\u0131tas\u0131nda yay\u0131lan, \u015fiddetli olan bu s\u00f6zde &#8220;asimetrik&#8221; \u00e7at\u0131\u015fmalar, devletlerin ba\u015far\u0131s\u0131zl\u0131\u011f\u0131ndan kaynaklanmakta<span class=\"excerpt-hellip\"> [\u2026]<\/span><\/p>\n","protected":false},"featured_media":0,"template":"","meta":{"_monsterinsights_skip_tracking":false,"_monsterinsights_sitenote_active":false,"_monsterinsights_sitenote_note":"","_monsterinsights_sitenote_category":0},"product_brand":[],"product_cat":[12337,17225],"product_tag":[],"class_list":{"0":"post-764100","1":"product","2":"type-product","3":"status-publish","5":"product_cat-politika-siyaset","6":"product_cat-uluslararasi-iliskiler","7":"pa_cilt-ciltsiz","8":"pa_tur-kitap","9":"pa_yayinevi-astana-yayinlari","10":"pa_yazar-dr-mondjombo-saidi-sindani","12":"first","13":"instock","14":"sale","15":"shipping-taxable","16":"purchasable","17":"product-type-simple"},"_links":{"self":[{"href":"https:\/\/roveyayinevi.com.tr\/index.php\/wp-json\/wp\/v2\/product\/764100","targetHints":{"allow":["GET"]}}],"collection":[{"href":"https:\/\/roveyayinevi.com.tr\/index.php\/wp-json\/wp\/v2\/product"}],"about":[{"href":"https:\/\/roveyayinevi.com.tr\/index.php\/wp-json\/wp\/v2\/types\/product"}],"wp:attachment":[{"href":"https:\/\/roveyayinevi.com.tr\/index.php\/wp-json\/wp\/v2\/media?parent=764100"}],"wp:term":[{"taxonomy":"product_brand","embeddable":true,"href":"https:\/\/roveyayinevi.com.tr\/index.php\/wp-json\/wp\/v2\/product_brand?post=764100"},{"taxonomy":"product_cat","embeddable":true,"href":"https:\/\/roveyayinevi.com.tr\/index.php\/wp-json\/wp\/v2\/product_cat?post=764100"},{"taxonomy":"product_tag","embeddable":true,"href":"https:\/\/roveyayinevi.com.tr\/index.php\/wp-json\/wp\/v2\/product_tag?post=764100"}],"curies":[{"name":"wp","href":"https:\/\/api.w.org\/{rel}","templated":true}]}}