{"id":764095,"date":"2025-08-28T11:00:22","date_gmt":"2025-08-28T08:00:22","guid":{"rendered":"https:\/\/roveyayinevi.com.tr\/index.php\/urun\/turk-dernekler-hukukunda-cocuk-dernekleri\/"},"modified":"2026-04-15T03:29:51","modified_gmt":"2026-04-15T00:29:51","slug":"turk-dernekler-hukukunda-cocuk-dernekleri","status":"publish","type":"product","link":"https:\/\/roveyayinevi.com.tr\/index.php\/urun\/turk-dernekler-hukukunda-cocuk-dernekleri\/","title":{"rendered":"T\u00fcrk Dernekler Hukukunda \u00c7ocuk Dernekleri"},"content":{"rendered":"<p>Birle\u015fmi\u015f Milletler \u00c7ocuk Haklar\u0131 S\u00f6zle\u015fmesi\u2019nin 15. maddesi ile \u00e7ocuklar\u0131n dernek kurma hakk\u0131nda sahip olduklar\u0131 d\u00fczenlenmi\u015ftir. H\u00fck\u00fcm \u015fu \u015fekildedir: \u201c(1) Taraf Devletler, \u00e7ocu\u011fun dernek kurma ve bar\u0131\u015f i\u00e7inde toplanma \u00f6zg\u00fcrl\u00fcklerine ili\u015fkin haklar\u0131n\u0131 kabul ederler. (2) Bu haklar\u0131n kullan\u0131lmas\u0131, ancak yasayla zorunlu k\u0131l\u0131nan ve demokratik bir toplumda gerekli olan ulusal g\u00fcvenlik, kamu g\u00fcvenli\u011fi, kamu d\u00fczeni yarar\u0131na olarak ya da kamu sa\u011fl\u0131\u011f\u0131 ve ahl\u00e2k\u0131n ya da ba\u015fkalar\u0131n\u0131n hak ve \u00f6zg\u00fcrl\u00fcklerinin korunmas\u0131 ama\u00e7lar\u0131yla yap\u0131lan s\u0131n\u0131rlamalardan ba\u015fkalar\u0131yla k\u0131s\u0131tlanamaz.\u201d S\u00f6zle\u015fmenin bu h\u00fckm\u00fc, \u00fclkemizde \u00e7ocuk derneklerine ili\u015fkin d\u00fczenlemelerin de gerek\u00e7esini olu\u015fturmaktad\u0131r. T\u00fcrk Medeni Kanunu\u2019na ve Dernekler Kanunu\u2019na g\u00f6re dernek kurucusu veya dernek \u00fcyesi olabilmek i\u00e7in fiil ehliyetine sahip olmak gerekir. Ancak Dernekler Kanunu\u2019nun 3. maddesinin d\u00f6rd\u00fcnc\u00fc f\u0131kras\u0131na g\u00f6re, on be\u015f ya\u015f\u0131n\u0131 bitiren ay\u0131rt etme g\u00fcc\u00fcne sahip k\u00fc\u00e7\u00fckler toplumsal, ruhsal, ahl\u00e2k\u00ee, bedensel ve zihinsel yetenekleri ile spor, e\u011fitim ve \u00f6\u011fretim haklar\u0131n\u0131, sosyal ve k\u00fclt\u00fcrel varl\u0131klar\u0131n\u0131, aile yap\u0131s\u0131n\u0131 ve \u00f6zel ya\u015fant\u0131lar\u0131n\u0131 korumak ve geli\u015ftirmek amac\u0131yla yasal temsilcilerinin yaz\u0131l\u0131 izni ile \u00e7ocuk dernekleri kurabilir veya kurulmu\u015f \u00e7ocuk derneklerine \u00fcye olabilirler. Yine ayn\u0131 maddede on iki ya\u015f\u0131n\u0131 bitiren k\u00fc\u00e7\u00fcklerin de yasal temsilcilerinin izni ile \u00e7ocuk derneklerine \u00fcye olabilecekleri ancak y\u00f6netim ve denetim kurullar\u0131nda g\u00f6rev alamayacaklar\u0131 d\u00fczenlenmi\u015ftir. Bu yasal d\u00fczenlemeler \u00e7er\u00e7evesinde T\u00fcrk Hukukunda \u00e7ocuklar, sadece \u00e7ocuk derne\u011fi kurucusu veya \u00fcyesi olabilir. Dolay\u0131s\u0131yla \u00e7ocuk derne\u011fi, \u00e7ocuklar taraf\u0131ndan kurulan ve sadece \u00e7ocuklar\u0131n \u00fcye olabildikleri dernektir. \u00c7ocuklar\u0131n dernek kurabilmelerine ve \u00e7ocuk derneklerine \u00fcye olabilmelerine y\u00f6nelik s\u00f6z konusu d\u00fczenlemeler olduk\u00e7a olumludur. Nitekim ortak bir ideal ama\u00e7 i\u00e7in ayn\u0131 amaca sahip di\u011fer \u00e7ocuklarla bir araya gelerek bilgisini ve \u00e7al\u0131\u015fmas\u0131n\u0131 s\u00fcrekli olarak birle\u015ftirmek suretiyle bir topluluk meydana getirmek, bu \u015fekilde olu\u015fturulmu\u015f bir toplulu\u011fa kat\u0131lmak, b\u00f6yle bir topluluk i\u00e7inde ideal ama\u00e7 i\u00e7in birlikte hareket etmek \u00e7ocu\u011fun yarar\u0131na oldu\u011fu kadar toplumun da yarar\u0131nad\u0131r. Bu nedenle \u00e7ocuklar\u0131n dernek kurabilmelerinin ve kurulmu\u015f \u00e7ocuk derneklerine \u00fcye olabilmelerinin sa\u011flanabilmesi a\u00e7\u0131s\u0131ndan hem \u00e7ocuklar\u0131n, hem yeti\u015fkinlerin bu konudaki fark\u0131ndal\u0131\u011f\u0131n\u0131 art\u0131racak faaliyetler y\u00fcr\u00fct\u00fclmesi ve \u00e7ocuklar\u0131n dernek kurma, \u00e7ocuk derneklerine \u00fcye olma konusunda te\u015fvik edilmeleri yararl\u0131 olacakt\u0131r.<\/p>\n","protected":false},"excerpt":{"rendered":"<p>Birle\u015fmi\u015f Milletler \u00c7ocuk Haklar\u0131 S\u00f6zle\u015fmesi\u2019nin 15. maddesi ile \u00e7ocuklar\u0131n dernek kurma hakk\u0131nda sahip olduklar\u0131 d\u00fczenlenmi\u015ftir. H\u00fck\u00fcm \u015fu \u015fekildedir: \u201c(1) Taraf Devletler, \u00e7ocu\u011fun dernek kurma ve bar\u0131\u015f<span class=\"excerpt-hellip\"> [\u2026]<\/span><\/p>\n","protected":false},"featured_media":0,"template":"","meta":{"_monsterinsights_skip_tracking":false,"_monsterinsights_sitenote_active":false,"_monsterinsights_sitenote_note":"","_monsterinsights_sitenote_category":0},"product_brand":[],"product_cat":[15350],"product_tag":[],"class_list":{"0":"post-764095","1":"product","2":"type-product","3":"status-publish","5":"product_cat-hukuk","6":"pa_cilt-ciltsiz","7":"pa_tur-kitap","8":"pa_yayinevi-astana-yayinlari","9":"pa_yazar-dr-ayse-firat-simsek","11":"first","12":"instock","13":"sale","14":"shipping-taxable","15":"purchasable","16":"product-type-simple"},"_links":{"self":[{"href":"https:\/\/roveyayinevi.com.tr\/index.php\/wp-json\/wp\/v2\/product\/764095","targetHints":{"allow":["GET"]}}],"collection":[{"href":"https:\/\/roveyayinevi.com.tr\/index.php\/wp-json\/wp\/v2\/product"}],"about":[{"href":"https:\/\/roveyayinevi.com.tr\/index.php\/wp-json\/wp\/v2\/types\/product"}],"wp:attachment":[{"href":"https:\/\/roveyayinevi.com.tr\/index.php\/wp-json\/wp\/v2\/media?parent=764095"}],"wp:term":[{"taxonomy":"product_brand","embeddable":true,"href":"https:\/\/roveyayinevi.com.tr\/index.php\/wp-json\/wp\/v2\/product_brand?post=764095"},{"taxonomy":"product_cat","embeddable":true,"href":"https:\/\/roveyayinevi.com.tr\/index.php\/wp-json\/wp\/v2\/product_cat?post=764095"},{"taxonomy":"product_tag","embeddable":true,"href":"https:\/\/roveyayinevi.com.tr\/index.php\/wp-json\/wp\/v2\/product_tag?post=764095"}],"curies":[{"name":"wp","href":"https:\/\/api.w.org\/{rel}","templated":true}]}}