{"id":764071,"date":"2025-08-28T10:59:52","date_gmt":"2025-08-28T07:59:52","guid":{"rendered":"https:\/\/roveyayinevi.com.tr\/index.php\/urun\/abdnin-barack-obama-donemi-suriye-politikasi\/"},"modified":"2026-04-15T03:29:51","modified_gmt":"2026-04-15T00:29:51","slug":"abdnin-barack-obama-donemi-suriye-politikasi","status":"publish","type":"product","link":"https:\/\/roveyayinevi.com.tr\/index.php\/urun\/abdnin-barack-obama-donemi-suriye-politikasi\/","title":{"rendered":"ABD&#8217;nin Barack Obama D\u00f6nemi Suriye Politikas\u0131"},"content":{"rendered":"<p>Tarihler 17 Aral\u0131k 2010 y\u0131l\u0131n\u0131 g\u00f6sterdi\u011finde Ortado\u011fu ve Kuzey Afrika\u2019da yer alan \u00fclkelerin bir \u00e7o\u011funda toplumsal hareketler meydana gelmi\u015ftir. Bu hareketlerin en kanl\u0131 \u00e7at\u0131\u015fmalara sahne oldu\u011fu \u00fclke ise Suriye olmu\u015ftur. Arap Bahar\u0131 ad\u0131 verilen bu halk ayaklanmalar\u0131n\u0131n devam etti\u011fi d\u00f6nemde ABD ba\u015fkanl\u0131k koltu\u011funda Barack Obama bulunmaktayd\u0131. ABD\u2019nin ilk Afroamerikal\u0131 ba\u015fkan\u0131 olan Obama, 11 Eyl\u00fcl sald\u0131r\u0131lar\u0131, Afganistan ve Irak\u2019a yap\u0131lan m\u00fcdahaleler ve sonras\u0131nda ya\u015fanan 2008 mali krizi gibi geli\u015fmelerin g\u00f6lgesinde d\u0131\u015f politika anlay\u0131\u015f\u0131n\u0131 \u015fekillendirmek zorunda kalm\u0131\u015ft\u0131r. T\u00fcm bu nedenler ABD\u2019nin Barack Obama D\u00f6nemi Suriye Politikas\u0131\u2019n\u0131 incelemeyi \u00f6nemli k\u0131lmaktad\u0131r.<\/p>\n","protected":false},"excerpt":{"rendered":"<p>Tarihler 17 Aral\u0131k 2010 y\u0131l\u0131n\u0131 g\u00f6sterdi\u011finde Ortado\u011fu ve Kuzey Afrika\u2019da yer alan \u00fclkelerin bir \u00e7o\u011funda toplumsal hareketler meydana gelmi\u015ftir. Bu hareketlerin en kanl\u0131 \u00e7at\u0131\u015fmalara sahne oldu\u011fu<span class=\"excerpt-hellip\"> [\u2026]<\/span><\/p>\n","protected":false},"featured_media":0,"template":"","meta":{"_monsterinsights_skip_tracking":false,"_monsterinsights_sitenote_active":false,"_monsterinsights_sitenote_note":"","_monsterinsights_sitenote_category":0},"product_brand":[],"product_cat":[12338,12337],"product_tag":[],"class_list":{"0":"post-764071","1":"product","2":"type-product","3":"status-publish","5":"product_cat-dunya-siyaseti-ve-politikasi","6":"product_cat-politika-siyaset","7":"pa_cilt-ciltsiz","8":"pa_tur-kitap","9":"pa_yayinevi-astana-yayinlari","10":"pa_yazar-abdulmuttalip-coban","12":"first","13":"instock","14":"sale","15":"shipping-taxable","16":"purchasable","17":"product-type-simple"},"_links":{"self":[{"href":"https:\/\/roveyayinevi.com.tr\/index.php\/wp-json\/wp\/v2\/product\/764071","targetHints":{"allow":["GET"]}}],"collection":[{"href":"https:\/\/roveyayinevi.com.tr\/index.php\/wp-json\/wp\/v2\/product"}],"about":[{"href":"https:\/\/roveyayinevi.com.tr\/index.php\/wp-json\/wp\/v2\/types\/product"}],"wp:attachment":[{"href":"https:\/\/roveyayinevi.com.tr\/index.php\/wp-json\/wp\/v2\/media?parent=764071"}],"wp:term":[{"taxonomy":"product_brand","embeddable":true,"href":"https:\/\/roveyayinevi.com.tr\/index.php\/wp-json\/wp\/v2\/product_brand?post=764071"},{"taxonomy":"product_cat","embeddable":true,"href":"https:\/\/roveyayinevi.com.tr\/index.php\/wp-json\/wp\/v2\/product_cat?post=764071"},{"taxonomy":"product_tag","embeddable":true,"href":"https:\/\/roveyayinevi.com.tr\/index.php\/wp-json\/wp\/v2\/product_tag?post=764071"}],"curies":[{"name":"wp","href":"https:\/\/api.w.org\/{rel}","templated":true}]}}