{"id":764027,"date":"2025-08-28T10:58:44","date_gmt":"2025-08-28T07:58:44","guid":{"rendered":"https:\/\/roveyayinevi.com.tr\/index.php\/urun\/karmasik-sorunlar-ve-kent\/"},"modified":"2026-04-15T03:29:50","modified_gmt":"2026-04-15T00:29:50","slug":"karmasik-sorunlar-ve-kent","status":"publish","type":"product","link":"https:\/\/roveyayinevi.com.tr\/index.php\/urun\/karmasik-sorunlar-ve-kent\/","title":{"rendered":"KARMA\u015eIK SORUNLAR VE KENT"},"content":{"rendered":"<p>G\u00fcn\u00fcm\u00fczde politika yap\u0131c\u0131lar ve uygulay\u0131c\u0131lar y\u00fcksek derecede belirsizlikler i\u00e7eren, \u00e7\u00f6z\u00fcme kar\u015f\u0131 diren\u00e7 g\u00f6steren, s\u0131n\u0131rlar\u0131 a\u015fan, sorunu ele alan akt\u00f6rler aras\u0131nda y\u00fcksek anla\u015fmazl\u0131klar bar\u0131nd\u0131ran ve karma\u015f\u0131k ya da k\u00f6t\u00fc huylu (wicked) olarak ifade edilen sorunlarla kar\u015f\u0131 kar\u015f\u0131ya kalmaktad\u0131r. Bu sorunlara en etkin yan\u0131tlar ancak resmi ve sivil akt\u00f6rler aras\u0131nda ger\u00e7ekle\u015ftirilecek i\u015f birli\u011fine, ortakl\u0131\u011fa ve koordinasyona dayal\u0131 ili\u015fkilerle ya da modern ve yenilik\u00e7i mekanizmalar ve tasar\u0131mlarla verilebilir. Fakat karma\u015f\u0131k sorunlar\u0131n do\u011falar\u0131 gere\u011fi her bir payda\u015f taraf\u0131ndan bu t\u00fcr sorunlara en uygun yan\u0131tlar\u0131n tasarlanmas\u0131 olduk\u00e7a zor olmaktad\u0131r. \u0130\u015fte bu noktada \u00f6zellikle kamu y\u00f6netimi disiplini ba\u015fta olmak \u00fczere sosyal bilimler dahilindeki \u00e7e\u015fitli disiplinlerdeki ara\u015ft\u0131rmac\u0131lara \u00f6nemli g\u00f6revler d\u00fc\u015fmektedir. Bu t\u00fcr sorunlar\u0131 ele alan ve muhtemel \u00e7\u00f6z\u00fcm yollar\u0131n\u0131 g\u00f6steren teorik ve pratik d\u00fczeydeki ara\u015ft\u0131rmalar, karar al\u0131c\u0131, uygulay\u0131c\u0131 ve \u00e7e\u015fitli payda\u015flara karma\u015f\u0131k sorunlar\u0131 anlayabilme, analiz edebilme ve onlara daha etkin bir yan\u0131t verebilme bak\u0131m\u0131ndan yol g\u00f6sterici niteliktedir. Kentler, \u00e7e\u015fitli y\u00f6netsel d\u00fczeylerde ortaya \u00e7\u0131kan karma\u015f\u0131k sorunlar\u0131n en \u00e7ok etkisini g\u00f6sterdi\u011fi alanlar\u0131n ba\u015f\u0131nda gelmektedir. Tarih boyunca mek\u00e2n\u0131n kendisinin karma\u015f\u0131kl\u0131\u011f\u0131 yan\u0131nda, ekonomi politikalar\u0131n etkisi alt\u0131nda ve mek\u00e2nsal ve toplumsal bi\u00e7imleni\u015fin diyalektik ili\u015fkisi ba\u011flam\u0131nda karma\u015f\u0131k yap\u0131lar olmu\u015flard\u0131r. Kentleri etkileyen farkl\u0131 sorunlar\u0131n kendi \u00f6zelliklerinden kaynaklanan karma\u015f\u0131kl\u0131\u011f\u0131 da buna eklendi\u011finde sorunlar\u0131 \u00e7\u00f6zme m\u00fccadelesinde kentin (yerelin) \u00f6nemi daha da belirginle\u015fmektedir. Bu kitapta, karma\u015f\u0131k sorun bak\u0131\u015f a\u00e7\u0131s\u0131 ile kente bakarak, sorunlar\u0131n kentsel d\u00fczeyde etkilerinin ele al\u0131nmas\u0131, T\u00fcrkiye ba\u011flam\u0131nda sorunla m\u00fccadeleye ili\u015fkin kentsel d\u00fczeydeki politika ve uygulamalara de\u011finilmesi ve bu politika ve uygulamalar\u0131n de\u011ferlendirilerek ilgili sorunlarla daha etkin m\u00fccadele i\u00e7in \u00f6neriler geli\u015ftirilmesi ama\u00e7lanmaktad\u0131r. Kitapta, disiplinler aras\u0131 bir bak\u0131\u015f a\u00e7\u0131s\u0131 ile \u00f6nce karma\u015f\u0131k sorunlarla m\u00fccadelede i\u015f birli\u011fi, ak\u0131ll\u0131 kent uygulamalar\u0131, \u00e7e\u015fitli kat\u0131l\u0131mc\u0131 y\u00f6netsel mekanizmalar ve sosyal medya gibi y\u00f6ntemleri i\u00e7eren b\u00f6l\u00fcmlere, akabinde ise teorik ya da pratik d\u00fczeyde kentsel d\u00fczeyde g\u00f6\u00e7, iklim de\u011fi\u015fikli\u011fi, afetler, yoksulluk, kentsel su\u00e7lar, ter\u00f6r, kentsel planlama, kat\u0131 at\u0131klar, kentsel ekolojik g\u00fcvenlik, s\u00fcrd\u00fcr\u00fclebilirlik, su y\u00f6netimi, demografik d\u00f6n\u00fc\u015f\u00fcmler gibi farkl\u0131 karma\u015f\u0131k sorunlar\u0131 ele alan sorun odakl\u0131 b\u00f6l\u00fcmlere yer verilmi\u015ftir.<\/p>\n","protected":false},"excerpt":{"rendered":"<p>G\u00fcn\u00fcm\u00fczde politika yap\u0131c\u0131lar ve uygulay\u0131c\u0131lar y\u00fcksek derecede belirsizlikler i\u00e7eren, \u00e7\u00f6z\u00fcme kar\u015f\u0131 diren\u00e7 g\u00f6steren, s\u0131n\u0131rlar\u0131 a\u015fan, sorunu ele alan akt\u00f6rler aras\u0131nda y\u00fcksek anla\u015fmazl\u0131klar bar\u0131nd\u0131ran ve karma\u015f\u0131k ya<span class=\"excerpt-hellip\"> [\u2026]<\/span><\/p>\n","protected":false},"featured_media":0,"template":"","meta":{"_monsterinsights_skip_tracking":false,"_monsterinsights_sitenote_active":false,"_monsterinsights_sitenote_note":"","_monsterinsights_sitenote_category":0},"product_brand":[],"product_cat":[14787,13488],"product_tag":[],"class_list":{"0":"post-764027","1":"product","2":"type-product","3":"status-publish","5":"product_cat-diger-toplum-ve-insan","6":"product_cat-toplum-ve-insan","7":"pa_cilt-ciltsiz","8":"pa_tur-kitap","9":"pa_yayinevi-astana-yayinlari","10":"pa_yazar-suna-ersavas-kavanoz-abdullah-uzun-hayriye-sengun","12":"first","13":"instock","14":"sale","15":"shipping-taxable","16":"purchasable","17":"product-type-simple"},"_links":{"self":[{"href":"https:\/\/roveyayinevi.com.tr\/index.php\/wp-json\/wp\/v2\/product\/764027","targetHints":{"allow":["GET"]}}],"collection":[{"href":"https:\/\/roveyayinevi.com.tr\/index.php\/wp-json\/wp\/v2\/product"}],"about":[{"href":"https:\/\/roveyayinevi.com.tr\/index.php\/wp-json\/wp\/v2\/types\/product"}],"wp:attachment":[{"href":"https:\/\/roveyayinevi.com.tr\/index.php\/wp-json\/wp\/v2\/media?parent=764027"}],"wp:term":[{"taxonomy":"product_brand","embeddable":true,"href":"https:\/\/roveyayinevi.com.tr\/index.php\/wp-json\/wp\/v2\/product_brand?post=764027"},{"taxonomy":"product_cat","embeddable":true,"href":"https:\/\/roveyayinevi.com.tr\/index.php\/wp-json\/wp\/v2\/product_cat?post=764027"},{"taxonomy":"product_tag","embeddable":true,"href":"https:\/\/roveyayinevi.com.tr\/index.php\/wp-json\/wp\/v2\/product_tag?post=764027"}],"curies":[{"name":"wp","href":"https:\/\/api.w.org\/{rel}","templated":true}]}}