{"id":763980,"date":"2025-08-28T10:57:42","date_gmt":"2025-08-28T07:57:42","guid":{"rendered":"https:\/\/roveyayinevi.com.tr\/index.php\/urun\/sosyal-kultur-ve-kimlik-boyutlariyla-avrupa-birligi\/"},"modified":"2026-04-15T03:29:49","modified_gmt":"2026-04-15T00:29:49","slug":"sosyal-kultur-ve-kimlik-boyutlariyla-avrupa-birligi","status":"publish","type":"product","link":"https:\/\/roveyayinevi.com.tr\/index.php\/urun\/sosyal-kultur-ve-kimlik-boyutlariyla-avrupa-birligi\/","title":{"rendered":"Sosyal K\u00fclt\u00fcr ve Kimlik Boyutlar\u0131yla Avrupa Birli\u011fi"},"content":{"rendered":"<p>Bizim a\u00e7\u0131m\u0131zdan bak\u0131ld\u0131\u011f\u0131nda AB orada, uzakta duran, ona do\u011fru ko\u015ftuk\u00e7a uzakla\u015fan serap karakterini uzun bir zamand\u0131r muhafaza etti -hala da ettiriyor. \u00d6zellikle 1990\u2019larda 2000\u2019lerin sonuna kadar olan d\u00f6nemde, ya da ekonomik geli\u015fimine ba\u011fl\u0131 olarak daha m\u00fcstakil k\u00fcresel siyaset izleyebilecekleri sanr\u0131s\u0131na kap\u0131lana kadar, T\u00fcrkiye\u2019de siyasal kadrolar AB\u2019nin \u00f6nce m\u00fcktesebat\u0131n\u0131, daha sonra ise kurucu felsefesini \u00fclkede hayata ge\u00e7irecek ad\u0131mlar atmay\u0131 s\u00fcrd\u00fcrd\u00fcler. Bununla birlikte son on y\u0131lda ili\u015fkiler, ileride onar\u0131lmas\u0131 ger\u00e7ekten de zor, k\u00f6kl\u00fc bir de\u011fi\u015fim ge\u00e7irdi. Fakat mensubu oldu\u011fum T\u00fcrkiye\u2019deki sosyal bilimci akademik topluluk AB\u2019yi hi\u00e7 b\u0131rakmad\u0131; yak\u0131ndan takibini s\u00fcrd\u00fcrd\u00fc. Bu \u00e7al\u0131\u015fma da bana g\u00f6re o inat\u00e7\u0131 takibin, o 1990\u2019lardaki modernle\u015ftirici siyasal elitin \u201cAB\u2019nin y\u00f6netici ilkelerini AB\u2019ye \u00fcye olmaktan ziyade sadece ve sadece T\u00fcrkiye\u2019nin iyili\u011fi a\u00e7\u0131s\u0131ndan hayata ge\u00e7irmeliyiz\u201d, ya da \u201chala saatlerimizi Avrupa\u2019ya g\u00f6re ayarlamal\u0131y\u0131z\u201d felsefesine olan sadakatin bir \u00fcr\u00fcn\u00fc.<\/p>\n","protected":false},"excerpt":{"rendered":"<p>Bizim a\u00e7\u0131m\u0131zdan bak\u0131ld\u0131\u011f\u0131nda AB orada, uzakta duran, ona do\u011fru ko\u015ftuk\u00e7a uzakla\u015fan serap karakterini uzun bir zamand\u0131r muhafaza etti -hala da ettiriyor. \u00d6zellikle 1990\u2019larda 2000\u2019lerin sonuna kadar<span class=\"excerpt-hellip\"> [\u2026]<\/span><\/p>\n","protected":false},"featured_media":0,"template":"","meta":{"_monsterinsights_skip_tracking":false,"_monsterinsights_sitenote_active":false,"_monsterinsights_sitenote_note":"","_monsterinsights_sitenote_category":0},"product_brand":[],"product_cat":[12338,12337],"product_tag":[],"class_list":{"0":"post-763980","1":"product","2":"type-product","3":"status-publish","5":"product_cat-dunya-siyaseti-ve-politikasi","6":"product_cat-politika-siyaset","7":"pa_cilt-ciltsiz","8":"pa_tur-kitap","9":"pa_yayinevi-astana-yayinlari","10":"pa_yazar-cagdas-cengiz-murat-necip-arman","12":"first","13":"instock","14":"sale","15":"shipping-taxable","16":"purchasable","17":"product-type-simple"},"_links":{"self":[{"href":"https:\/\/roveyayinevi.com.tr\/index.php\/wp-json\/wp\/v2\/product\/763980","targetHints":{"allow":["GET"]}}],"collection":[{"href":"https:\/\/roveyayinevi.com.tr\/index.php\/wp-json\/wp\/v2\/product"}],"about":[{"href":"https:\/\/roveyayinevi.com.tr\/index.php\/wp-json\/wp\/v2\/types\/product"}],"wp:attachment":[{"href":"https:\/\/roveyayinevi.com.tr\/index.php\/wp-json\/wp\/v2\/media?parent=763980"}],"wp:term":[{"taxonomy":"product_brand","embeddable":true,"href":"https:\/\/roveyayinevi.com.tr\/index.php\/wp-json\/wp\/v2\/product_brand?post=763980"},{"taxonomy":"product_cat","embeddable":true,"href":"https:\/\/roveyayinevi.com.tr\/index.php\/wp-json\/wp\/v2\/product_cat?post=763980"},{"taxonomy":"product_tag","embeddable":true,"href":"https:\/\/roveyayinevi.com.tr\/index.php\/wp-json\/wp\/v2\/product_tag?post=763980"}],"curies":[{"name":"wp","href":"https:\/\/api.w.org\/{rel}","templated":true}]}}