{"id":763954,"date":"2025-08-28T10:57:04","date_gmt":"2025-08-28T07:57:04","guid":{"rendered":"https:\/\/roveyayinevi.com.tr\/index.php\/urun\/yarinin-adami-4-baskomutan\/"},"modified":"2026-04-15T03:29:48","modified_gmt":"2026-04-15T00:29:48","slug":"yarinin-adami-4-baskomutan","status":"publish","type":"product","link":"https:\/\/roveyayinevi.com.tr\/index.php\/urun\/yarinin-adami-4-baskomutan\/","title":{"rendered":"Yar\u0131n\u0131n Adam\u0131 4 Ba\u015fkomutan"},"content":{"rendered":"<p>\u201cBir avu\u00e7 haydut Anadolu\u2019da g\u00fcc\u00fc ele ge\u00e7irmi\u015ftir\u2026 Mustafa Kemal, k\u00f6keni bilinmeyen Makedonyal\u0131 bir asidir. Onun kan\u0131 Bulgar, Yunan veya S\u0131rp kan\u0131 olabilir. Onlar\u0131n aras\u0131nda tek bir ger\u00e7ek T\u00fcrk yoktur\u2026\u201d             &#8211; Vahdettin \u201cAvrupa ile ba\u015fa \u00e7\u0131kmak as\u0131rlardan beri Asya\u2019n\u0131n hangi milletine m\u00fcyesser oldu ki bize olsun?\u201d- Ali Kemal \u201c\u0130\u015fittim ki baz\u0131lar\u0131m\u0131z yoksullu\u011fumuzu bahane ederek memleketlerine d\u00f6nmek istiyormu\u015f. Ben kimseyi zorla meclise davet etmedim. Herkes karar\u0131nda h\u00fcrd\u00fcr\u2026 Fakat ben, bu kutsal davaya inanm\u0131\u015f bir insan olarak buradan bir yere gitmemeye karar verdim. Arzu ederseniz hepiniz gidebilirsiniz. O takdirde asker Mustafa Kemal mavzerini eline al\u0131r, fi\u015feklerini g\u00f6\u011fs\u00fcne dizer, bir eline bayra\u011f\u0131n\u0131 al\u0131r, Elmada\u011f\u0131\u2019na \u00e7\u0131kar, orada tek kur\u015funu kal\u0131ncaya kadar vatan\u0131 m\u00fcdafaa eder. Kur\u015funlar\u0131m bitince bu aciz v\u00fccudumu bayra\u011f\u0131ma sarar, d\u00fc\u015fman kur\u015funlar\u0131yla temiz kan\u0131m\u0131 kutsal bayra\u011f\u0131ma i\u00e7ire i\u00e7ire tek ba\u015f\u0131ma can veririm. Ben, buna ant i\u00e7tim.\u201d             &#8211; Mustafa Kemal<\/p>\n","protected":false},"excerpt":{"rendered":"<p>\u201cBir avu\u00e7 haydut Anadolu\u2019da g\u00fcc\u00fc ele ge\u00e7irmi\u015ftir\u2026 Mustafa Kemal, k\u00f6keni bilinmeyen Makedonyal\u0131 bir asidir. Onun kan\u0131 Bulgar, Yunan veya S\u0131rp kan\u0131 olabilir. Onlar\u0131n aras\u0131nda tek bir<span class=\"excerpt-hellip\"> [\u2026]<\/span><\/p>\n","protected":false},"featured_media":0,"template":"","meta":{"_monsterinsights_skip_tracking":false,"_monsterinsights_sitenote_active":false,"_monsterinsights_sitenote_note":"","_monsterinsights_sitenote_category":0},"product_brand":[],"product_cat":[12530,12304],"product_tag":[],"class_list":{"0":"post-763954","1":"product","2":"type-product","3":"status-publish","5":"product_cat-mustafa-kemal-ataturk","6":"product_cat-tarih","7":"pa_cilt-ciltsiz","8":"pa_tur-kitap","9":"pa_yayinevi-masa-kitap","10":"pa_yazar-con-sinov","12":"first","13":"instock","14":"sale","15":"shipping-taxable","16":"purchasable","17":"product-type-simple"},"_links":{"self":[{"href":"https:\/\/roveyayinevi.com.tr\/index.php\/wp-json\/wp\/v2\/product\/763954","targetHints":{"allow":["GET"]}}],"collection":[{"href":"https:\/\/roveyayinevi.com.tr\/index.php\/wp-json\/wp\/v2\/product"}],"about":[{"href":"https:\/\/roveyayinevi.com.tr\/index.php\/wp-json\/wp\/v2\/types\/product"}],"wp:attachment":[{"href":"https:\/\/roveyayinevi.com.tr\/index.php\/wp-json\/wp\/v2\/media?parent=763954"}],"wp:term":[{"taxonomy":"product_brand","embeddable":true,"href":"https:\/\/roveyayinevi.com.tr\/index.php\/wp-json\/wp\/v2\/product_brand?post=763954"},{"taxonomy":"product_cat","embeddable":true,"href":"https:\/\/roveyayinevi.com.tr\/index.php\/wp-json\/wp\/v2\/product_cat?post=763954"},{"taxonomy":"product_tag","embeddable":true,"href":"https:\/\/roveyayinevi.com.tr\/index.php\/wp-json\/wp\/v2\/product_tag?post=763954"}],"curies":[{"name":"wp","href":"https:\/\/api.w.org\/{rel}","templated":true}]}}