{"id":763825,"date":"2025-08-28T10:53:08","date_gmt":"2025-08-28T07:53:08","guid":{"rendered":"https:\/\/roveyayinevi.com.tr\/index.php\/urun\/turkiyede-saglik-reformunun-siyaseti-aktorler-catismalar-ve-saglikta-donusum\/"},"modified":"2026-04-15T03:29:44","modified_gmt":"2026-04-15T00:29:44","slug":"turkiyede-saglik-reformunun-siyaseti-aktorler-catismalar-ve-saglikta-donusum","status":"publish","type":"product","link":"https:\/\/roveyayinevi.com.tr\/index.php\/urun\/turkiyede-saglik-reformunun-siyaseti-aktorler-catismalar-ve-saglikta-donusum\/","title":{"rendered":"T\u00fcrkiye\u2019de Sa\u011fl\u0131k Reformunun Siyaseti: Akt\u00f6rler, \u00c7at\u0131\u015fmalar ve Sa\u011fl\u0131kta D\u00f6n\u00fc\u015f\u00fcm"},"content":{"rendered":"<p>Volkan Y\u0131lmaz\u2019\u0131n \u00e7al\u0131\u015fmas\u0131, T\u00fcrkiye\u2019nin sa\u011fl\u0131k sistemindeki kurumsal d\u00f6n\u00fc\u015f\u00fcm\u00fc, tarihsel arka plan\u0131 ve sa\u011fl\u0131k alan\u0131nda metala\u015fma e\u011filimlerinin g\u00fc\u00e7lendi\u011fi k\u00fcresel ba\u011flam\u0131yla birlikte, d\u00f6n\u00fc\u015f\u00fcm\u00fcn siyasi dinamiklerinin \u00fczerinde durarak inceliyor. Titiz bir ampirik ara\u015ft\u0131rmaya dayanan ve sa\u011flam bir teorik \u00e7er\u00e7eve i\u00e7inde sunulan bu \u00f6zg\u00fcn \u00e7al\u0131\u015fman\u0131n, sadece sa\u011fl\u0131k alan\u0131yla de\u011fil, genel olarak sosyal politikan\u0131n siyasetiyle ilgilenen herkesin anlaml\u0131 ve yararl\u0131 bularak ilgiyle okuyaca\u011f\u0131 bir kitap oldu\u011funu d\u00fc\u015f\u00fcn\u00fcyorum. Prof. Dr. Ay\u015fe Bu\u011fra   Volkan Y\u0131lmaz\u2019\u0131n doktora tezi, 2015 y\u0131l\u0131nda Prof. Dr. Cahit Talas Sosyal Politika \u00f6d\u00fcl\u00fcne lay\u0131k g\u00f6r\u00fcld\u00fc. Tez, 2017 y\u0131l\u0131nda Palgrave Macmillan yay\u0131nevi taraf\u0131ndan kitap olarak bas\u0131lm\u0131\u015ft\u0131. Kitab\u0131n T\u00fcrk\u00e7e de yay\u0131mlanmas\u0131 \u00f6nemli bir bo\u015flu\u011fu dolduracak. Kitap, T\u00fcrkiye\u2019de \u201csa\u011fl\u0131kta reform\u201d s\u00fcrecinin dinamiklerini, taraftarlar\u0131n\u0131, muhalefet edenleri ve s\u00fcreci destekleyen siyasi ve ticari akt\u00f6rler aras\u0131ndaki ili\u015fkileri anlamak i\u00e7in \u00f6nemli bir kaynak sunuyor. T\u00fcrkiye\u2019de sa\u011fl\u0131k politikalar\u0131ndaki d\u00f6n\u00fc\u015f\u00fcm\u00fc anlamak i\u00e7in i\u00e7 politikada akt\u00f6rlerin g\u00fcc\u00fcne bakmak gerekti\u011fini s\u00f6yleyen bu \u00e7al\u0131\u015fma, teorik \u00e7er\u00e7eve ve ampirik bulgular\u0131 son derece ba\u015far\u0131l\u0131 bi\u00e7imde sentezliyor. Prof. Dr. Aziz \u00c7elik   Sa\u011fl\u0131kta D\u00f6n\u00fc\u015f\u00fcm Program\u0131, 2003\u2019te iktidara yeni gelmi\u015f bir h\u00fck\u00fcmet taraf\u0131ndan hangi nedenlerle uygulamaya konuldu; zaman i\u00e7inde nas\u0131l \u015fekillendi; gerek genel olarak T\u00fcrkiye\u2019nin sa\u011fl\u0131k sistemi gerek de \u00f6zellikle h\u00fck\u00fcmet ile vatanda\u015f ve h\u00fck\u00fcmet ile sermaye gruplar\u0131 ili\u015fkileri a\u00e7\u0131s\u0131ndan ne gibi sonu\u00e7lar yaratt\u0131? Bu program\u0131 bir \u201cvaka\u201d olarak alan ara\u015ft\u0131rmac\u0131, belgeler, raporlar, ana siyasi akt\u00f6rlerin temsilcileriyle yap\u0131lan derinlemesine g\u00f6r\u00fc\u015fmeler ve toplant\u0131lardan edinilen g\u00f6zlemlerden harmanlad\u0131\u011f\u0131 zengin veri taban\u0131n\u0131 kullanarak bizlere sa\u011fl\u0131k sisteminin ge\u00e7irdi\u011fi d\u00f6n\u00fc\u015f\u00fcm\u00fcn derinlikli ve incelikli bir siyasi analizini sunmakta. Tarihsel kurumsal bir \u00e7er\u00e7eve i\u00e7inde, \u00e7e\u015fitli yerel ve k\u00fcresel g\u00fc\u00e7lerin g\u00f6r\u00fc\u015f ve \u00e7\u0131karlar\u0131n\u0131n nas\u0131l dengelenmeye \u00e7al\u0131\u015f\u0131ld\u0131\u011f\u0131n\u0131 inceleyen eser, T\u00fcrkiye\u2019de yeni bir rejim in\u015faas\u0131n\u0131n mekanizmalar\u0131 hakk\u0131nda da iyi bir fikir vermekte. Prof. Dr. Belgin Tek\u00e7e   Sa\u011fl\u0131k reformu, son 20 y\u0131l\u0131n n\u00fcfusun b\u00fcy\u00fck \u00e7o\u011funlu\u011funu ilgilendiren ve kapsaml\u0131 kurumsal de\u011fi\u015fimini getirdi. Bu kitapta Volkan Y\u0131lmaz, reform tasar\u0131s\u0131n\u0131 ba\u015flang\u0131c\u0131ndan ger\u00e7ekle\u015fme noktas\u0131na kadar dikkatle izliyor: Tasar\u0131n\u0131n hangi d\u0131\u015f ve i\u00e7 gruplar\u0131n etkisiyle nas\u0131l \u015fekillendi\u011fini farkl\u0131 kaynaklara ve m\u00fclakatlara dayanarak anlat\u0131yor. Fakat, kurumsal olu\u015fumun tarihinden \u00f6teye, Y\u0131lmaz\u2019\u0131n \u00e7al\u0131\u015fmas\u0131 reformun i\u00e7eri\u011fini de g\u00fcndeme getirerek bug\u00fcn ya\u015fad\u0131\u011f\u0131m\u0131z krizi te\u015fhis etmeye y\u00f6nelik arka plan\u0131 ba\u015far\u0131yla resmediyor. Prof. Dr. \u00c7a\u011flar Keyder<\/p>\n","protected":false},"excerpt":{"rendered":"<p>Volkan Y\u0131lmaz\u2019\u0131n \u00e7al\u0131\u015fmas\u0131, T\u00fcrkiye\u2019nin sa\u011fl\u0131k sistemindeki kurumsal d\u00f6n\u00fc\u015f\u00fcm\u00fc, tarihsel arka plan\u0131 ve sa\u011fl\u0131k alan\u0131nda metala\u015fma e\u011filimlerinin g\u00fc\u00e7lendi\u011fi k\u00fcresel ba\u011flam\u0131yla birlikte, d\u00f6n\u00fc\u015f\u00fcm\u00fcn siyasi dinamiklerinin \u00fczerinde durarak inceliyor.<span class=\"excerpt-hellip\"> [\u2026]<\/span><\/p>\n","protected":false},"featured_media":0,"template":"","meta":{"_monsterinsights_skip_tracking":false,"_monsterinsights_sitenote_active":false,"_monsterinsights_sitenote_note":"","_monsterinsights_sitenote_category":0},"product_brand":[],"product_cat":[13365],"product_tag":[],"class_list":{"0":"post-763825","1":"product","2":"type-product","3":"status-publish","5":"product_cat-saglik","6":"pa_cilt-ciltsiz","7":"pa_tur-kitap","8":"pa_yayinevi-efil-yayinevi","9":"pa_yazar-volkan-yilmaz","11":"first","12":"instock","13":"sale","14":"shipping-taxable","15":"purchasable","16":"product-type-simple"},"_links":{"self":[{"href":"https:\/\/roveyayinevi.com.tr\/index.php\/wp-json\/wp\/v2\/product\/763825","targetHints":{"allow":["GET"]}}],"collection":[{"href":"https:\/\/roveyayinevi.com.tr\/index.php\/wp-json\/wp\/v2\/product"}],"about":[{"href":"https:\/\/roveyayinevi.com.tr\/index.php\/wp-json\/wp\/v2\/types\/product"}],"wp:attachment":[{"href":"https:\/\/roveyayinevi.com.tr\/index.php\/wp-json\/wp\/v2\/media?parent=763825"}],"wp:term":[{"taxonomy":"product_brand","embeddable":true,"href":"https:\/\/roveyayinevi.com.tr\/index.php\/wp-json\/wp\/v2\/product_brand?post=763825"},{"taxonomy":"product_cat","embeddable":true,"href":"https:\/\/roveyayinevi.com.tr\/index.php\/wp-json\/wp\/v2\/product_cat?post=763825"},{"taxonomy":"product_tag","embeddable":true,"href":"https:\/\/roveyayinevi.com.tr\/index.php\/wp-json\/wp\/v2\/product_tag?post=763825"}],"curies":[{"name":"wp","href":"https:\/\/api.w.org\/{rel}","templated":true}]}}