{"id":763773,"date":"2025-08-28T10:51:32","date_gmt":"2025-08-28T07:51:32","guid":{"rendered":"https:\/\/roveyayinevi.com.tr\/index.php\/urun\/ekoloji-ve-iklim-krizi-iletisiminde-adaletin-insasi\/"},"modified":"2026-04-15T03:29:43","modified_gmt":"2026-04-15T00:29:43","slug":"ekoloji-ve-iklim-krizi-iletisiminde-adaletin-insasi","status":"publish","type":"product","link":"https:\/\/roveyayinevi.com.tr\/index.php\/urun\/ekoloji-ve-iklim-krizi-iletisiminde-adaletin-insasi\/","title":{"rendered":"Ekoloji ve \u0130klim Krizi \u0130leti\u015fiminde Adaletin \u0130n\u015fas\u0131"},"content":{"rendered":"<p>Neoliberalizmin bir hegemonya krizinde oldu\u011fu \u00f6zellikle de 2008-2009 ekonomik krizinin arkas\u0131ndan \u00e7ok\u00e7a yayg\u0131nla\u015fan bir d\u00fc\u015f\u00fcnce olsa da hen\u00fcz yeni bir hegemonyan\u0131n kurulamad\u0131\u011f\u0131 bir Interregnum d\u00f6neminde ya\u015fad\u0131\u011f\u0131m\u0131z da dile getiriliyor. Chantal Mouffe\u2019un da aralar\u0131nda bulundu\u011fu baz\u0131 d\u00fc\u015f\u00fcn\u00fcrler ise kutupla\u015ft\u0131r\u0131c\u0131 sa\u011f pop\u00fclizme kar\u015f\u0131 toplumsal muhalefeti birle\u015ftirici sol pop\u00fclist dilin ve bu dilin kurulmas\u0131nda ekoloji ve iklim aktivistlerinin oynayabilece\u011fi rol\u00fcn \u00f6neminden bahsediyor. T\u00fcrkiye\u2019de ekoloji \u00fczerine bilgi \u00fcretenlerin de i\u00e7inde bulundu\u011fu ba\u015fka gruplar ise mevcut sosyalist \u00f6rg\u00fctlerin ekolojikle\u015ftirilmesiyle b\u00f6ylesi bir hegemonyan\u0131n kurulabilece\u011fini ileri s\u00fcr\u00fcyorlar.   \u0130\u015fte bu kitap, sosyalist \u00f6rg\u00fctleri de ekoloji ve iklim aktivistlerini de i\u00e7eren toplumsal hareketlerin ve medya \u00e7al\u0131\u015fanlar\u0131n\u0131n hegemonik bir s\u00f6ylem kurmas\u0131nda etkili olabilecek adalet ve hak \u00e7er\u00e7evelerinin nas\u0131l in\u015fa edilebilece\u011fini farkl\u0131 alanlardan akademisyen, aktivist ve gazetecilerle birlikte tahayy\u00fcl etmeyi ve \u00f6n\u00fcndeki engelleri tart\u0131\u015farak, bu engellerle m\u00fccadeleye katk\u0131da bulunmay\u0131 ama\u00e7lamaktad\u0131r. <\/p>\n","protected":false},"excerpt":{"rendered":"<p>Neoliberalizmin bir hegemonya krizinde oldu\u011fu \u00f6zellikle de 2008-2009 ekonomik krizinin arkas\u0131ndan \u00e7ok\u00e7a yayg\u0131nla\u015fan bir d\u00fc\u015f\u00fcnce olsa da hen\u00fcz yeni bir hegemonyan\u0131n kurulamad\u0131\u011f\u0131 bir Interregnum d\u00f6neminde ya\u015fad\u0131\u011f\u0131m\u0131z<span class=\"excerpt-hellip\"> [\u2026]<\/span><\/p>\n","protected":false},"featured_media":0,"template":"","meta":{"_monsterinsights_skip_tracking":false,"_monsterinsights_sitenote_active":false,"_monsterinsights_sitenote_note":"","_monsterinsights_sitenote_category":0},"product_brand":[],"product_cat":[23323,12364],"product_tag":[],"class_list":{"0":"post-763773","1":"product","2":"type-product","3":"status-publish","5":"product_cat-ekoloji","6":"product_cat-genel-konular","7":"pa_cilt-ciltsiz","8":"pa_tur-kitap","9":"pa_yayinevi-yeni-insan-yayinlari","10":"pa_yazar-ece-baykal-fide","12":"first","13":"instock","14":"sale","15":"shipping-taxable","16":"purchasable","17":"product-type-simple"},"_links":{"self":[{"href":"https:\/\/roveyayinevi.com.tr\/index.php\/wp-json\/wp\/v2\/product\/763773","targetHints":{"allow":["GET"]}}],"collection":[{"href":"https:\/\/roveyayinevi.com.tr\/index.php\/wp-json\/wp\/v2\/product"}],"about":[{"href":"https:\/\/roveyayinevi.com.tr\/index.php\/wp-json\/wp\/v2\/types\/product"}],"wp:attachment":[{"href":"https:\/\/roveyayinevi.com.tr\/index.php\/wp-json\/wp\/v2\/media?parent=763773"}],"wp:term":[{"taxonomy":"product_brand","embeddable":true,"href":"https:\/\/roveyayinevi.com.tr\/index.php\/wp-json\/wp\/v2\/product_brand?post=763773"},{"taxonomy":"product_cat","embeddable":true,"href":"https:\/\/roveyayinevi.com.tr\/index.php\/wp-json\/wp\/v2\/product_cat?post=763773"},{"taxonomy":"product_tag","embeddable":true,"href":"https:\/\/roveyayinevi.com.tr\/index.php\/wp-json\/wp\/v2\/product_tag?post=763773"}],"curies":[{"name":"wp","href":"https:\/\/api.w.org\/{rel}","templated":true}]}}