{"id":763677,"date":"2025-08-28T10:48:17","date_gmt":"2025-08-28T07:48:17","guid":{"rendered":"https:\/\/roveyayinevi.com.tr\/index.php\/urun\/arapca-dil-dusuncesinde-gorsel-kulturun-yansimalari\/"},"modified":"2026-04-15T03:29:41","modified_gmt":"2026-04-15T00:29:41","slug":"arapca-dil-dusuncesinde-gorsel-kulturun-yansimalari","status":"publish","type":"product","link":"https:\/\/roveyayinevi.com.tr\/index.php\/urun\/arapca-dil-dusuncesinde-gorsel-kulturun-yansimalari\/","title":{"rendered":"Arap\u00e7a Dil D\u00fc\u015f\u00fcncesinde G\u00f6rsel K\u00fclt\u00fcr\u00fcn Yans\u0131malar\u0131"},"content":{"rendered":"<p>\u0130ki b\u00f6l\u00fcmden olu\u015fan bu kitap bir yandan g\u00f6rsel k\u00fclt\u00fcr\u00fc kuramsalla\u015ft\u0131rmay\u0131, di\u011fer yandan da g\u00f6rsel k\u00fclt\u00fcr\u00fcn dilbilimsel d\u00fc\u015f\u00fcnce i\u00e7indeki k\u00f6klerini ortaya koymay\u0131 ama\u00e7lamaktad\u0131r. \u0130lk b\u00f6l\u00fcmde g\u00f6rsel k\u00fclt\u00fcr\u00fcn kuramsalla\u015ft\u0131r\u0131lmas\u0131, k\u00fclt\u00fcr kavram\u0131n\u0131n ve onu \u00e7evreleyen s\u0131n\u0131rlarlar ile sorunlar\u0131n bir a\u00e7\u0131klamas\u0131n\u0131 i\u00e7ermekte ve ard\u0131ndan karma\u015f\u0131k bir terim ve geli\u015fmekte olan bir bilgi alan\u0131 olarak g\u00f6rsel k\u00fclt\u00fcr kavram\u0131n\u0131 ele almaktad\u0131r. Kavramlar\u0131n tan\u0131mlanmas\u0131n\u0131n ard\u0131ndan kitap, g\u00f6r\u00fcn\u00fcrl\u00fck ve g\u00f6r\u00fcnmezlik, \u00f6znellik ve nesnellik ile g\u00f6rsel d\u00fc\u015f\u00fcnme, g\u00f6rsel \u00f6\u011frenme ve g\u00f6rsel ileti\u015fimi i\u00e7eren d\u00fc\u015f\u00fcnme, \u00f6\u011frenme ve ileti\u015fim becerileri a\u00e7\u0131s\u0131ndan g\u00f6rsel k\u00fclt\u00fcr\u00fcn farkl\u0131 de\u011ferlendirmelere g\u00f6re de\u011fi\u015fen y\u00f6nlerini tart\u0131\u015fmaktad\u0131r. Bunu, bireyin do\u011fumundan itibaren olu\u015fmaya ba\u015flayan ve ya\u015fam\u0131 boyunca do\u011frudan ve dolayl\u0131 deneyimlerle edinilen bir k\u00fclt\u00fcr olarak g\u00f6rsel k\u00fclt\u00fcr\u00fcn olu\u015fumu, ard\u0131ndan g\u00f6rsel k\u00fclt\u00fcr\u00fcn zeka ve insan\u0131n kendisine ve ba\u015fkalar\u0131na y\u00f6nelik fark\u0131ndal\u0131\u011f\u0131n\u0131 i\u00e7eren bilin\u00e7 ile ili\u015fkisinin yan\u0131 s\u0131ra g\u00f6rsel alg\u0131da k\u00fclt\u00fcr\u00fcn rol\u00fc, g\u00f6rsel k\u00fclt\u00fcr ile i\u015fitsel k\u00fclt\u00fcr aras\u0131ndaki ili\u015fki ve g\u00f6rsel k\u00fclt\u00fcr\u00fcn tarihsel ve toplumsal \u00f6zg\u00fcll\u00fc\u011f\u00fc tart\u0131\u015fmalar\u0131 takip etmektedir. Bu b\u00f6l\u00fcm, g\u00f6rsel k\u00fclt\u00fcr ile \u015fiir aras\u0131ndaki ili\u015fkinin kuramsalla\u015ft\u0131r\u0131lmas\u0131 ve k\u00fclt\u00fcrel de\u011fi\u015fimler \u0131\u015f\u0131\u011f\u0131nda \u00e7a\u011fda\u015f \u015fiire ve \u015fiirin al\u0131mlanmas\u0131na dair panoramik bir vizyon sunulma giri\u015fimiyle sonland\u0131r\u0131lm\u0131\u015ft\u0131r. \u0130kinci b\u00f6l\u00fcm ise g\u00f6rsel k\u00fclt\u00fcr\u00fcn dilbilimsel d\u00fc\u015f\u00fcncedeki k\u00f6klerini olu\u015fturmu\u015f ve bu mirastaki geni\u015f k\u00f6kleri ortaya koymu\u015ftur. Kitab\u0131n sonunda yer alan sons\u00f6zde ise g\u00f6rsel k\u00fclt\u00fcr ve onun dilsel d\u00fc\u015f\u00fcncedeki tezah\u00fcrleriyle \u00e7\u0131k\u0131lan bu yolculu\u011fun en \u00f6nemli sonu\u00e7lar\u0131 \u00f6zetlenmi\u015ftir.<\/p>\n","protected":false},"excerpt":{"rendered":"<p>\u0130ki b\u00f6l\u00fcmden olu\u015fan bu kitap bir yandan g\u00f6rsel k\u00fclt\u00fcr\u00fc kuramsalla\u015ft\u0131rmay\u0131, di\u011fer yandan da g\u00f6rsel k\u00fclt\u00fcr\u00fcn dilbilimsel d\u00fc\u015f\u00fcnce i\u00e7indeki k\u00f6klerini ortaya koymay\u0131 ama\u00e7lamaktad\u0131r. \u0130lk b\u00f6l\u00fcmde g\u00f6rsel k\u00fclt\u00fcr\u00fcn<span class=\"excerpt-hellip\"> [\u2026]<\/span><\/p>\n","protected":false},"featured_media":0,"template":"","meta":{"_monsterinsights_skip_tracking":false,"_monsterinsights_sitenote_active":false,"_monsterinsights_sitenote_note":"","_monsterinsights_sitenote_category":0},"product_brand":[],"product_cat":[12364],"product_tag":[],"class_list":{"0":"post-763677","1":"product","2":"type-product","3":"status-publish","5":"product_cat-genel-konular","6":"pa_cilt-ciltsiz","7":"pa_tur-kitap","8":"pa_yayinevi-aktif-yayinevi","9":"pa_yazar-kolektif","11":"first","12":"instock","13":"sale","14":"shipping-taxable","15":"purchasable","16":"product-type-simple"},"_links":{"self":[{"href":"https:\/\/roveyayinevi.com.tr\/index.php\/wp-json\/wp\/v2\/product\/763677","targetHints":{"allow":["GET"]}}],"collection":[{"href":"https:\/\/roveyayinevi.com.tr\/index.php\/wp-json\/wp\/v2\/product"}],"about":[{"href":"https:\/\/roveyayinevi.com.tr\/index.php\/wp-json\/wp\/v2\/types\/product"}],"wp:attachment":[{"href":"https:\/\/roveyayinevi.com.tr\/index.php\/wp-json\/wp\/v2\/media?parent=763677"}],"wp:term":[{"taxonomy":"product_brand","embeddable":true,"href":"https:\/\/roveyayinevi.com.tr\/index.php\/wp-json\/wp\/v2\/product_brand?post=763677"},{"taxonomy":"product_cat","embeddable":true,"href":"https:\/\/roveyayinevi.com.tr\/index.php\/wp-json\/wp\/v2\/product_cat?post=763677"},{"taxonomy":"product_tag","embeddable":true,"href":"https:\/\/roveyayinevi.com.tr\/index.php\/wp-json\/wp\/v2\/product_tag?post=763677"}],"curies":[{"name":"wp","href":"https:\/\/api.w.org\/{rel}","templated":true}]}}