{"id":763552,"date":"2025-08-28T10:44:23","date_gmt":"2025-08-28T07:44:23","guid":{"rendered":"https:\/\/roveyayinevi.com.tr\/index.php\/urun\/goruyoruz-duyuyoruz\/"},"modified":"2026-04-15T03:28:46","modified_gmt":"2026-04-15T00:28:46","slug":"goruyoruz-duyuyoruz","status":"publish","type":"product","link":"https:\/\/roveyayinevi.com.tr\/index.php\/urun\/goruyoruz-duyuyoruz\/","title":{"rendered":"G\u00f6r\u00fcyoruz Duyuyoruz"},"content":{"rendered":"<p>\u0130\u00c7ER\u0130K TANITIMI: Sabiha Sertel 1919\u2019da ba\u015flayan ve 4 Aral\u0131k 1945\u2019teki Tan Bask\u0131n\u0131\u2019yla zorla sona erdirilen gazetecilik kariyeri boyunca, yurt i\u00e7inde devletlu \u00e7evrelerle sermaye temsilcilerinin hem aleni hem de \u00f6rt\u00fcl\u00fc bask\u0131lar\u0131na maruz kalm\u0131\u015f, hatta yurt d\u0131\u015f\u0131nda da bizzat Goebbels ba\u015fta olmak \u00fczere fa\u015fist y\u00f6neticilerin asab\u0131n\u0131 bozmay\u0131 ba\u015farabilmi\u015f cesur bir yazar. G\u00fcn\u00fcm\u00fczde de bu y\u00f6n\u00fcyle h\u00e2l\u00e2 sayg\u0131yla an\u0131l\u0131yor ama bunca yank\u0131 yaratm\u0131\u015f yaz\u0131lar\u0131n\u0131n \u00e7o\u011funa ula\u015f\u0131lamad\u0131\u011f\u0131 i\u00e7in kamusal bir entelekt\u00fcel olarak sergiledi\u011fi ola\u011fan\u00fcst\u00fc performans hakk\u0131yla de\u011ferlendirilebilmi\u015f de\u011fil.  1929-1945 aras\u0131nda yazd\u0131\u011f\u0131 binlerce yaz\u0131 aras\u0131ndan Tuncay Birkan\u2019\u0131n yapt\u0131\u011f\u0131 bu se\u00e7ki, okurlara Sertel\u2019i daha yak\u0131ndan tan\u0131ma olana\u011f\u0131 sunma umuduyla haz\u0131rland\u0131. T\u00fcrk bas\u0131n\u0131na hi\u00e7 ho\u015f kar\u015f\u0131lanmayan yepyeni bir \u00e2det getirerek, hemen hi\u00e7bir \u00f6rg\u00fctlenme hakk\u0131 tan\u0131nmayan kamu ad\u0131na, hi\u00e7bir sosyal g\u00fcvencesi olmayan i\u015f\u00e7i ve k\u00f6yl\u00fcler ad\u0131na devletten tok bir dille hesap soran Sabiha Sertel\u2019in yazd\u0131klar\u0131n\u0131n, \u00f6rg\u00fcts\u00fczl\u00fc\u011f\u00fcn zirveye ula\u015ft\u0131\u011f\u0131, sosyal g\u00fcvencelerimizin tek tek elimizden al\u0131nd\u0131\u011f\u0131 g\u00fcn\u00fcm\u00fczde \u00f6zel bir g\u00fcncellik kazand\u0131\u011f\u0131 a\u00e7\u0131k. Bir yandan fa\u015fizmin T\u00fcrkiye\u2019ye s\u0131zma planlar\u0131n\u0131 her a\u015famada de\u015fifre edip, \u0130kinci D\u00fcnya Sava\u015f\u0131 \u00f6ncesinde ve sava\u015f boyunca kamuoyunu fa\u015fizm ve emperyalizm kar\u015f\u0131s\u0131nda teyakkuza \u00e7a\u011f\u0131r\u0131rken, bir yandan da d\u00f6nemin \u201cyerli ve milli\u201dci \u00e7evrelerine kar\u015f\u0131 defalarca bilgi ve k\u00fclt\u00fcr\u00fcn enternasyonalizmini savunmas\u0131 da bu g\u00fcncellik dozunu art\u0131r\u0131yor. Okurlar\u0131m\u0131z, bu yaz\u0131lar\u0131 okuduktan sonra Sertel\u2019i sadece sayg\u0131 duyulas\u0131 tarihsel bir fig\u00fcr de\u011fil, sevecekleri, kalemi sahiden kuvvetli bir yazar olarak da g\u00f6recekler.   YAZAR HAKKINDA: Sabiha Sertel 1895\u2019te Selanik\u2019te do\u011fdu. 1919\u2019da e\u015fi Zekeriya Sertel\u2019le birlikte \u00e7\u0131kard\u0131\u011f\u0131 B\u00fcy\u00fck Mecmua\u2019da ba\u015flayan aktif gazetecilik hayat\u0131n\u0131, Cumhuriyet, Resimli Ay, Resimli Her \u015eey ve 4 Aral\u0131k 1945\u2019te matbaas\u0131n\u0131n devlet destekli bir grup taraf\u0131ndan y\u0131kt\u0131r\u0131lmas\u0131na kadar Tan gazetesinde s\u00fcrd\u00fcrd\u00fc. T\u00fcrkiye\u2019de \u201cilk kez yarg\u0131lanan kad\u0131n gazeteci\u201d, \u201cen \u00e7ok yarg\u0131lanan ve yazd\u0131\u011f\u0131 yay\u0131n organlar\u0131n\u0131n kapat\u0131lmas\u0131na en \u00e7ok neden olan gazeteci\u201d, \u201cen \u00e7ok yazma yasa\u011f\u0131 getirilen yazar\u201d gibi \u00fcnvanlar\u0131n sahibi oldu. Gazetecilik yapamad\u0131\u011f\u0131 zamanlarda ansiklopedici ve yay\u0131nc\u0131 olarak \u00e7al\u0131\u015ft\u0131, sosyalizmin klasik eserlerinden \u00e7eviriler yapt\u0131. 1950\u2019de T\u00fcrkiye\u2019den ayr\u0131ld\u0131ktan sonra \u00e7e\u015fitli Avrupa \u00fclkelerinde s\u00fcrg\u00fcn ya\u015fad\u0131, 1930\u2019lardan beri \u00fcyesi oldu\u011fu TKP\u2019de \u00e7e\u015fitli g\u00f6revler \u00fcstlendi. 1968\u2019de Bak\u00fc\u2019de \u00f6ld\u00fc. 1950\u2019ye kadarki hayat hik\u00e2yesini anlatt\u0131\u011f\u0131 Roman Gibi (1969) adl\u0131 otobiyografisi ve II. D\u00fcnya Sava\u015f\u0131 Tarihi (1999) d\u0131\u015f\u0131nda sa\u011fl\u0131\u011f\u0131nda yay\u0131mlanabilmi\u015f \u00fc\u00e7 kitab\u0131 daha vard\u0131r. HAZIRLAYAN HAKKINDA: Tuncay Birkan 1968\u2019de \u0130stanbul\u2019da do\u011fdu. Bo\u011fazi\u00e7i \u00dcniversitesi \u0130ngiliz Dili ve Edebiyat\u0131 b\u00f6l\u00fcm\u00fcnden mezun oldu. 1992-96 aras\u0131nda Ayr\u0131nt\u0131 Yay\u0131nlar\u0131\u2019nda, 2004-17 aras\u0131nda Metis Yay\u0131nlar\u0131\u2019nda edit\u00f6r olarak \u00e7al\u0131\u015ft\u0131. \u00c7o\u011fu sosyal ve be\u015feri bilimler alan\u0131nda olmak \u00fczere 50 civar\u0131nda kitap \u00e7evirdi. \u00c7evirmenler Meslek Birli\u011fi \u00c7EVB\u0130R\u2019in kurucular\u0131ndan biri ve ilk ba\u015fkan\u0131d\u0131r. \u00c7e\u015fitli dergi ve web sitelerinde siyasi nitelikte deneme ve yaz\u0131lar\u0131 yay\u0131mland\u0131, ama en \u00e7ok arka kapak yaz\u0131s\u0131 ve \u00f6ns\u00f6z yazd\u0131. Refik Halid Karay\u2019\u0131n daha \u00f6nce kitaplar\u0131na girmemi\u015f yaz\u0131lar\u0131ndan derledi\u011fi 18 kitapl\u0131k Memleket Yaz\u0131lar\u0131 dizisi 2014-17 aras\u0131nda yay\u0131mland\u0131ktan sonra Adnan Ad\u0131var, Sermet Muhtar Alus, V\u00e2l\u00e2 Nureddin V\u00e2-N\u00fb ve Haldun Taner\u2019in yaz\u0131lar\u0131ndan da derlemeler yapt\u0131. Metis\u2019ten daha \u00f6nce D\u00fcnya ile Devlet Aras\u0131nda T\u00fcrk Muharriri (1930-1960) ve Sol: Evin Reddi adl\u0131 kitaplar\u0131 yay\u0131mland\u0131. <\/p>\n","protected":false},"excerpt":{"rendered":"<p>\u0130\u00c7ER\u0130K TANITIMI: Sabiha Sertel 1919\u2019da ba\u015flayan ve 4 Aral\u0131k 1945\u2019teki Tan Bask\u0131n\u0131\u2019yla zorla sona erdirilen gazetecilik kariyeri boyunca, yurt i\u00e7inde devletlu \u00e7evrelerle sermaye temsilcilerinin hem aleni<span class=\"excerpt-hellip\"> [\u2026]<\/span><\/p>\n","protected":false},"featured_media":0,"template":"","meta":{"_monsterinsights_skip_tracking":false,"_monsterinsights_sitenote_active":false,"_monsterinsights_sitenote_note":"","_monsterinsights_sitenote_category":0},"product_brand":[],"product_cat":[12337,14706],"product_tag":[],"class_list":{"0":"post-763552","1":"product","2":"type-product","3":"status-publish","5":"product_cat-politika-siyaset","6":"product_cat-siyaset-bilimi","7":"pa_cilt-ciltsiz","8":"pa_tur-kitap","9":"pa_yayinevi-metis-yayinlari","10":"pa_yazar-sabiha-sertel","12":"first","13":"instock","14":"sale","15":"shipping-taxable","16":"purchasable","17":"product-type-simple"},"_links":{"self":[{"href":"https:\/\/roveyayinevi.com.tr\/index.php\/wp-json\/wp\/v2\/product\/763552","targetHints":{"allow":["GET"]}}],"collection":[{"href":"https:\/\/roveyayinevi.com.tr\/index.php\/wp-json\/wp\/v2\/product"}],"about":[{"href":"https:\/\/roveyayinevi.com.tr\/index.php\/wp-json\/wp\/v2\/types\/product"}],"wp:attachment":[{"href":"https:\/\/roveyayinevi.com.tr\/index.php\/wp-json\/wp\/v2\/media?parent=763552"}],"wp:term":[{"taxonomy":"product_brand","embeddable":true,"href":"https:\/\/roveyayinevi.com.tr\/index.php\/wp-json\/wp\/v2\/product_brand?post=763552"},{"taxonomy":"product_cat","embeddable":true,"href":"https:\/\/roveyayinevi.com.tr\/index.php\/wp-json\/wp\/v2\/product_cat?post=763552"},{"taxonomy":"product_tag","embeddable":true,"href":"https:\/\/roveyayinevi.com.tr\/index.php\/wp-json\/wp\/v2\/product_tag?post=763552"}],"curies":[{"name":"wp","href":"https:\/\/api.w.org\/{rel}","templated":true}]}}