{"id":763544,"date":"2025-08-28T10:44:11","date_gmt":"2025-08-28T07:44:11","guid":{"rendered":"https:\/\/roveyayinevi.com.tr\/index.php\/urun\/arap-fars-siiligi-baglaminda-irak-siiligi\/"},"modified":"2026-04-15T03:28:46","modified_gmt":"2026-04-15T00:28:46","slug":"arap-fars-siiligi-baglaminda-irak-siiligi","status":"publish","type":"product","link":"https:\/\/roveyayinevi.com.tr\/index.php\/urun\/arap-fars-siiligi-baglaminda-irak-siiligi\/","title":{"rendered":"Arap &#8211; Fars \u015eiili\u011fi Ba\u011flam\u0131nda Irak \u015eiili\u011fi"},"content":{"rendered":"<p>Elinizdeki kitap, -tart\u0131\u015fmal\u0131 bi\u00e7imde- \u0130ran ile \u00f6zde\u015ftirilmi\u015f bir mezhep olarak g\u00f6r\u00fclen \u015ei\u00eeli\u011fin tarih boyunca ya\u015fad\u0131\u011f\u0131 de\u011fi\u015fim ve s\u00fcreklili\u011fi Irak ekseninde; teolojik, co\u011fraf\u00ee ve toplumsal y\u00f6nden oldu\u011fu kadar, siyas\u00ee y\u00f6nden de \u00e7\u00f6z\u00fcmlemeyi hedefleyen disiplinler aras\u0131 bir \u00e7al\u0131\u015fma niteli\u011fi ta\u015f\u0131yor. Irak\u2019\u0131n, Safev\u00ee devletiyle Osmanl\u0131lar aras\u0131nda tampon b\u00f6lge haline gelmesinden kaynaklanan m\u00fccadelelerin g\u00f6lgesi alt\u0131nda, \u015ei\u00ee \u00e2limlerin \u0130ran n\u00fcf\u00fbzuna hizmet eden sistemli \u015ei\u00eele\u015ftirme \u00e7al\u0131\u015fmalar\u0131n\u0131n geli\u015fti\u011fi tarihsel s\u00fcre\u00e7, \u0130ran ve Irak \u015ei\u00eeli\u011finin ortak ve kendine \u00f6zg\u00fc \u00f6zelliklerinin ortaya \u00e7\u0131kmas\u0131na da tan\u0131kl\u0131k etmi\u015f; Savef\u00ee devletinin 1722\u2019de y\u0131k\u0131lmas\u0131n\u0131 m\u00fcteakip Irak\u2019taki t\u00fcrbe \u015fehirleri (Atab\u00e2t) \u015ei\u00ee teolojisinin dinamizmine hizmet eden geleneksel merkezler olma \u00f6zelli\u011fini kazanm\u0131\u015ft\u0131r. Irak ulus-devletinin icad\u0131yla v\u00fccut bulan siyas\u00ee ve kurumsal yap\u0131yla muhalif karakterdeki geleneksel \u015ei\u00ee hareketlerin m\u00fccadelesine, modern d\u00f6nem olgusu olarak \u0130slamc\u0131l\u0131k anlay\u0131\u015f\u0131n\u0131n etkisinin eklenmesiyle ba\u015fka bir boyut kazanan Irak \u015ei\u00eeli\u011finin ya\u015fad\u0131\u011f\u0131 de\u011fi\u015fim ve d\u00f6n\u00fc\u015f\u00fcm, bu nedenle \u00e7ok disiplinli bir analizi hak ediyor. Devlet eliyle uygulanan sek\u00fclerle\u015ftirmeye din\u00ee hiyerar\u015finin \u00fcst tabakas\u0131yla avam\u0131n farkl\u0131la\u015fan tepkilerinin sonucunda; \u201cdireni\u015f ekseni\u201dnin olu\u015fumuna hem katk\u0131da bulunan ve hem de kolayca buna eklemlenen, ancak evrensel ve b\u00f6lgesel tepkiler vermek durumunda kalman\u0131n zorluklar\u0131n\u0131 ya\u015fayan, daha organize direni\u015f hareketlerinin g\u00f6sterdi\u011fi muhalif tutum, ABD i\u015fgali ve sonras\u0131nda iyice mobilize olarak yeni idar\u00ee ve siyas\u00ee yap\u0131n\u0131n vazge\u00e7ilmez bir unsuru olarak Irak \u015ei\u00eeli\u011finin yerini peki\u015ftirmi\u015f g\u00f6r\u00fcnmektedir. Bu \u00e7al\u0131\u015fma, bu tarih\u00ee s\u00fcrecin analizinde her bir olguyu zengin alt ba\u015fl\u0131klar\u0131yla ve \u00f6ne \u00e7\u0131kan ki\u015fi, yap\u0131 ve ak\u0131mlar \u00fczerinden ele al\u0131yor.<\/p>\n","protected":false},"excerpt":{"rendered":"<p>Elinizdeki kitap, -tart\u0131\u015fmal\u0131 bi\u00e7imde- \u0130ran ile \u00f6zde\u015ftirilmi\u015f bir mezhep olarak g\u00f6r\u00fclen \u015ei\u00eeli\u011fin tarih boyunca ya\u015fad\u0131\u011f\u0131 de\u011fi\u015fim ve s\u00fcreklili\u011fi Irak ekseninde; teolojik, co\u011fraf\u00ee ve toplumsal y\u00f6nden oldu\u011fu<span class=\"excerpt-hellip\"> [\u2026]<\/span><\/p>\n","protected":false},"featured_media":0,"template":"","meta":{"_monsterinsights_skip_tracking":false,"_monsterinsights_sitenote_active":false,"_monsterinsights_sitenote_note":"","_monsterinsights_sitenote_category":0},"product_brand":[],"product_cat":[12370,12304],"product_tag":[],"class_list":{"0":"post-763544","1":"product","2":"type-product","3":"status-publish","5":"product_cat-arastirma-inceleme","6":"product_cat-tarih","7":"pa_cilt-ciltsiz","8":"pa_tur-kitap","9":"pa_yayinevi-iyidusun-yayinlari","10":"pa_yazar-mazlum-uyar","12":"first","13":"instock","14":"sale","15":"shipping-taxable","16":"purchasable","17":"product-type-simple"},"_links":{"self":[{"href":"https:\/\/roveyayinevi.com.tr\/index.php\/wp-json\/wp\/v2\/product\/763544","targetHints":{"allow":["GET"]}}],"collection":[{"href":"https:\/\/roveyayinevi.com.tr\/index.php\/wp-json\/wp\/v2\/product"}],"about":[{"href":"https:\/\/roveyayinevi.com.tr\/index.php\/wp-json\/wp\/v2\/types\/product"}],"wp:attachment":[{"href":"https:\/\/roveyayinevi.com.tr\/index.php\/wp-json\/wp\/v2\/media?parent=763544"}],"wp:term":[{"taxonomy":"product_brand","embeddable":true,"href":"https:\/\/roveyayinevi.com.tr\/index.php\/wp-json\/wp\/v2\/product_brand?post=763544"},{"taxonomy":"product_cat","embeddable":true,"href":"https:\/\/roveyayinevi.com.tr\/index.php\/wp-json\/wp\/v2\/product_cat?post=763544"},{"taxonomy":"product_tag","embeddable":true,"href":"https:\/\/roveyayinevi.com.tr\/index.php\/wp-json\/wp\/v2\/product_tag?post=763544"}],"curies":[{"name":"wp","href":"https:\/\/api.w.org\/{rel}","templated":true}]}}