{"id":763515,"date":"2025-08-28T10:43:19","date_gmt":"2025-08-28T07:43:19","guid":{"rendered":"https:\/\/roveyayinevi.com.tr\/index.php\/urun\/tiyatro-metinleri-kitap-seti-4-kitap\/"},"modified":"2026-04-15T03:28:45","modified_gmt":"2026-04-15T00:28:45","slug":"tiyatro-metinleri-kitap-seti-4-kitap","status":"publish","type":"product","link":"https:\/\/roveyayinevi.com.tr\/index.php\/urun\/tiyatro-metinleri-kitap-seti-4-kitap\/","title":{"rendered":"Tiyatro Metinleri Kitap Seti (4 Kitap)"},"content":{"rendered":"<p>KUTSAL \u00c7APA \u201cAnadolu&#8217;nun tarihini hi\u00e7; ilk g\u00fcnden bug\u00fcne kadar \u015fahitlik eden bir canl\u0131dan dinlediniz mi? Nuh Peygamber\u2019in, B\u00fcy\u00fck \u0130skender&#8217;in Ankara&#8217;dan ge\u00e7ti\u011fini; Kral Midas&#8217;\u0131n Ankara Kalesi&#8217;ni in\u015fa etti\u011fini ve \u015fehrin ismini verdi\u011fini biliyor musunuz? Oyunumuz, tarihin fantastik anlat\u0131m\u0131yla h\u00e2l\u00e2 sizlerin yan\u0131nda olan ama sizin g\u00f6rmedi\u011finiz bir ki\u015fi ile sunulmaktad\u0131r.\u201d   HERMES Bedenden D\u00fcnya\u2019ya gelen, ilk insan olan Kabil\u2019in; Tanr\u0131\u2019n\u0131n kendi kurban\u0131n\u0131 kabul etmemesinden dolay\u0131 Tanr\u0131\u2019ya ba\u015fkald\u0131rmas\u0131 ve D\u00fcnya\u2019ya tekrar gelerek bir k\u00e2se i\u00e7inde k\u00e2inatta yarat\u0131lm\u0131\u015f t\u00fcm canl\u0131lar\u0131n kan\u0131 olan bir sunu daha sunmak i\u00e7in yapt\u0131\u011f\u0131 plan\u0131n ilk a\u015famas\u0131d\u0131r.\u201cKarde\u015fim, onun yeri benim yaratt\u0131\u011f\u0131m \u00e7ukurdur. Onu buraya yolla! \u0130nsanl\u0131\u011fa verilen se\u00e7me hakk\u0131n\u0131n yanl\u0131\u015f oldu\u011funu babam\u0131za g\u00f6sterece\u011fim.\u201d Kay\u0131\u011f\u0131n d\u00fcmeni karanl\u0131\u011f\u0131n en dip rotas\u0131na do\u011fru k\u0131r\u0131ld\u0131. Karde\u015fimin Kabil&#8217;e ne yapaca\u011f\u0131n\u0131 \u00e7ok merak ediyordum ama sorgulama g\u00fcd\u00fcm\u00fcz yoktu. Biz melekler sadece d\u00fczenin i\u015fleyi\u015fini sa\u011flamakla y\u00fck\u00fcml\u00fcyd\u00fck.\u201c&#8217;\u0130lk ve Son\u201d serisinin \u00fc\u00e7\u00fcnc\u00fc kitab\u0131 olan bu kitap olaylar\u0131n ba\u015flang\u0131c\u0131d\u0131r. \u2018Yarat\u0131l\u0131\u015f\u2019 ile ba\u015flayan, \u2018\u00d6l\u00fcm\u00fcn Do\u011fu\u015fu\u2019 ile s\u00fcren bu maceram\u0131z devam etmektedir.   KAFERUM OF HOLA \u201cBizim oralarda hangi k\u00f6yden gelin geldiysen sana oran\u0131n ad\u0131yla seslenilir. Yaranozli, Y\u0131\u011fali, Malpetli, Melinozli\u2026 D\u00fc\u015f\u00fcnsenize! Evlendi\u011finiz g\u00fcn ad\u0131n\u0131z\u0131 kaybediyordunuz. Ad\u0131n\u0131z yok, sadece geldi\u011finiz yerin ad\u0131 var\u2026\u201dKaferum Of Hola; otobiyografik bir hik\u00e2yeden yola \u00e7\u0131kan, tek ki\u015filik anlat\u0131 \u00f6zg\u00fcrl\u00fc\u011f\u00fcyle \u00e7ocukluk, ergenlik ve ilk gen\u00e7likten sonra i\u00e7inde orman dolusu insan biriktiren bir hayalperestin ger\u00e7ekle tan\u0131\u015fmas\u0131n\u0131 anlat\u0131yor. K\u00f6yde ba\u015flayan bu hik\u00e2yelerin yeni kap\u0131s\u0131 ba\u015fka diller, ba\u015fka k\u00fclt\u00fcrler, ba\u015fka kimlikler, ba\u015fka \u00fclkeler, ba\u015fka \u015fehirler dolanarak son bir \u00f6l\u00fcmle yine i\u00e7inde b\u00fcy\u00fctt\u00fc\u011f\u00fc bir ormana a\u00e7\u0131l\u0131yor.   1 :43 RAT GARAJ   Kim normal? Siz mi, ben mi? Veya normal olmak nedir? \u00c7o\u011funlu\u011fun yapt\u0131\u011f\u0131 davran\u0131\u015f m\u0131 normal yoksa her ki\u015fiye \u00f6zg\u00fc, \u00f6zden gelen ki\u015filik mi normal? Bu sorular\u0131n cevab\u0131n\u0131 bulaca\u011f\u0131n\u0131z\u0131 san\u0131yorsan\u0131z yan\u0131l\u0131yorsunuz. Ki\u015fiye g\u00f6re de\u011fi\u015fen cevaplar ile kar\u015f\u0131daki ki\u015fiyi su\u00e7lamaktan ileriye gidemeyiz.<\/p>\n","protected":false},"excerpt":{"rendered":"<p>KUTSAL \u00c7APA \u201cAnadolu&#8217;nun tarihini hi\u00e7; ilk g\u00fcnden bug\u00fcne kadar \u015fahitlik eden bir canl\u0131dan dinlediniz mi? Nuh Peygamber\u2019in, B\u00fcy\u00fck \u0130skender&#8217;in Ankara&#8217;dan ge\u00e7ti\u011fini; Kral Midas&#8217;\u0131n Ankara Kalesi&#8217;ni in\u015fa<span class=\"excerpt-hellip\"> [\u2026]<\/span><\/p>\n","protected":false},"featured_media":0,"template":"","meta":{"_monsterinsights_skip_tracking":false,"_monsterinsights_sitenote_active":false,"_monsterinsights_sitenote_note":"","_monsterinsights_sitenote_category":0},"product_brand":[],"product_cat":[12291,14272],"product_tag":[],"class_list":{"0":"post-763515","1":"product","2":"type-product","3":"status-publish","5":"product_cat-edebiyat","6":"product_cat-tiyatro","7":"pa_cilt-ciltsiz","8":"pa_tur-kitap","9":"pa_yayinevi-vaveyla-yayincilik","10":"pa_yazar-kolektif","12":"first","13":"instock","14":"sale","15":"shipping-taxable","16":"purchasable","17":"product-type-simple"},"_links":{"self":[{"href":"https:\/\/roveyayinevi.com.tr\/index.php\/wp-json\/wp\/v2\/product\/763515","targetHints":{"allow":["GET"]}}],"collection":[{"href":"https:\/\/roveyayinevi.com.tr\/index.php\/wp-json\/wp\/v2\/product"}],"about":[{"href":"https:\/\/roveyayinevi.com.tr\/index.php\/wp-json\/wp\/v2\/types\/product"}],"wp:attachment":[{"href":"https:\/\/roveyayinevi.com.tr\/index.php\/wp-json\/wp\/v2\/media?parent=763515"}],"wp:term":[{"taxonomy":"product_brand","embeddable":true,"href":"https:\/\/roveyayinevi.com.tr\/index.php\/wp-json\/wp\/v2\/product_brand?post=763515"},{"taxonomy":"product_cat","embeddable":true,"href":"https:\/\/roveyayinevi.com.tr\/index.php\/wp-json\/wp\/v2\/product_cat?post=763515"},{"taxonomy":"product_tag","embeddable":true,"href":"https:\/\/roveyayinevi.com.tr\/index.php\/wp-json\/wp\/v2\/product_tag?post=763515"}],"curies":[{"name":"wp","href":"https:\/\/api.w.org\/{rel}","templated":true}]}}