{"id":763506,"date":"2025-08-28T10:43:02","date_gmt":"2025-08-28T07:43:02","guid":{"rendered":"https:\/\/roveyayinevi.com.tr\/index.php\/urun\/her-seye-ragmen-imgeler\/"},"modified":"2026-04-15T03:28:44","modified_gmt":"2026-04-15T00:28:44","slug":"her-seye-ragmen-imgeler","status":"publish","type":"product","link":"https:\/\/roveyayinevi.com.tr\/index.php\/urun\/her-seye-ragmen-imgeler\/","title":{"rendered":"Her \u015eeye Ra\u011fmen \u0130mgeler"},"content":{"rendered":"<p>A\u011fustos 1944\u2019te, Auschwitz Toplama Kamp\u0131\u2019nda katliam\u0131n ger\u00e7ekle\u015ftirilmesine yard\u0131m etmeye zorlanan Sonderkommando \u00fcyeleri her t\u00fcrl\u00fc tehlikeyi g\u00f6ze alarak toplu imha s\u00fcrecini foto\u011fraflamay\u0131 ba\u015far\u0131r. Kamptan ka\u00e7\u0131r\u0131l\u0131p Polonyal\u0131 direni\u015f sava\u015f\u00e7\u0131lar\u0131na ula\u015ft\u0131r\u0131lan foto\u011fraflardan yaln\u0131zca d\u00f6rd\u00fc kal\u0131r geriye. Her \u015eeye Ra\u011fmen \u0130mgeler, gaz odalar\u0131na s\u00fcr\u00fcklenen kad\u0131nlar\u0131, yak\u0131lan ceset y\u0131\u011f\u0131nlar\u0131n\u0131 g\u00f6steren bu foto\u011fraflar\u0131 konu ediyor. Didi-Huberman\u2019\u0131n bu imgelere y\u00f6nelik ilgisini r\u00f6ntgencilik olarak ele\u015ftirenlere g\u00fc\u00e7l\u00fc bir yan\u0131t niteli\u011findeki metin, Jean-Luc Godard\u2019dan Claude Lanzmann\u2019a, Primo Levi\u2019den Hannah Arendt\u2019e, Walter Benjamin\u2019den Georges Bataille\u2019a ve daha bir\u00e7oklar\u0131na uzanarak, Shoah\u2019n\u0131n temsil edilebilirli\u011fi ve imgelere doymu\u015f bir d\u00fcnyada ar\u015fiv foto\u011fraflar\u0131n\u0131n stat\u00fcs\u00fc hakk\u0131ndaki tart\u0131\u015fmalara paha bi\u00e7ilmez bir katk\u0131 sa\u011fl\u0131yor. G\u00f6r\u00fcn\u00fc\u015f ile hakikat aras\u0131ndaki kar\u015f\u0131tl\u0131\u011f\u0131n \u00f6tesinde imgeyi yeniden d\u00fc\u015f\u00fcn\u00fcyor, anlat\u0131lmas\u0131 imk\u00e2ns\u0131z olan\u0131 her \u015feye ra\u011fmen anlat\u0131yor.<\/p>\n","protected":false},"excerpt":{"rendered":"<p>A\u011fustos 1944\u2019te, Auschwitz Toplama Kamp\u0131\u2019nda katliam\u0131n ger\u00e7ekle\u015ftirilmesine yard\u0131m etmeye zorlanan Sonderkommando \u00fcyeleri her t\u00fcrl\u00fc tehlikeyi g\u00f6ze alarak toplu imha s\u00fcrecini foto\u011fraflamay\u0131 ba\u015far\u0131r. Kamptan ka\u00e7\u0131r\u0131l\u0131p Polonyal\u0131 direni\u015f<span class=\"excerpt-hellip\"> [\u2026]<\/span><\/p>\n","protected":false},"featured_media":0,"template":"","meta":{"_monsterinsights_skip_tracking":false,"_monsterinsights_sitenote_active":false,"_monsterinsights_sitenote_note":"","_monsterinsights_sitenote_category":0},"product_brand":[],"product_cat":[12408],"product_tag":[],"class_list":{"0":"post-763506","1":"product","2":"type-product","3":"status-publish","5":"product_cat-sanat","6":"pa_cilt-ciltsiz","7":"pa_tur-kitap","8":"pa_yayinevi-everest-yayinlari","9":"pa_yazar-georges-didi-huberman","11":"first","12":"instock","13":"sale","14":"shipping-taxable","15":"purchasable","16":"product-type-simple"},"_links":{"self":[{"href":"https:\/\/roveyayinevi.com.tr\/index.php\/wp-json\/wp\/v2\/product\/763506","targetHints":{"allow":["GET"]}}],"collection":[{"href":"https:\/\/roveyayinevi.com.tr\/index.php\/wp-json\/wp\/v2\/product"}],"about":[{"href":"https:\/\/roveyayinevi.com.tr\/index.php\/wp-json\/wp\/v2\/types\/product"}],"wp:attachment":[{"href":"https:\/\/roveyayinevi.com.tr\/index.php\/wp-json\/wp\/v2\/media?parent=763506"}],"wp:term":[{"taxonomy":"product_brand","embeddable":true,"href":"https:\/\/roveyayinevi.com.tr\/index.php\/wp-json\/wp\/v2\/product_brand?post=763506"},{"taxonomy":"product_cat","embeddable":true,"href":"https:\/\/roveyayinevi.com.tr\/index.php\/wp-json\/wp\/v2\/product_cat?post=763506"},{"taxonomy":"product_tag","embeddable":true,"href":"https:\/\/roveyayinevi.com.tr\/index.php\/wp-json\/wp\/v2\/product_tag?post=763506"}],"curies":[{"name":"wp","href":"https:\/\/api.w.org\/{rel}","templated":true}]}}