{"id":763148,"date":"2025-08-28T10:32:03","date_gmt":"2025-08-28T07:32:03","guid":{"rendered":"https:\/\/roveyayinevi.com.tr\/index.php\/urun\/kulturel-calismalar-pratigi\/"},"modified":"2026-04-15T03:28:35","modified_gmt":"2026-04-15T00:28:35","slug":"kulturel-calismalar-pratigi","status":"publish","type":"product","link":"https:\/\/roveyayinevi.com.tr\/index.php\/urun\/kulturel-calismalar-pratigi\/","title":{"rendered":"K\u00fclt\u00fcrel \u00c7al\u0131\u015fmalar Prati\u011fi"},"content":{"rendered":"<p>Weber ve Geertz\u2019i takip ederek insan denen varl\u0131\u011f\u0131 kendi \u00f6rd\u00fc\u011f\u00fc anlaml\u0131l\u0131k a\u011flar\u0131nda as\u0131l\u0131 kalan bir hayvan olarak tan\u0131mlarsak k\u00fclt\u00fcr denen muammay\u0131 anlamak ve \u00e7al\u0131\u015fmak ayr\u0131 bir \u00f6nem kazan\u0131r. K\u00fclt\u00fcr ger\u00e7ekten de bir muamma, yani \u2018muamma\u2019n\u0131n s\u00f6zl\u00fck anlam\u0131yla \u2018bir bilmece, anla\u015f\u0131lmaz, halledilmez \u015fekilde g\u00fc\u00e7, halli m\u00fc\u015fk\u00fcl i\u015f veya \u015fey\u2019. K\u00fclt\u00fcr\u00fc anlaman\u0131n ve \u00e7al\u0131\u015fman\u0131n zorlu\u011fu k\u00fclt\u00fcrel incelemeler \u201c\u00f6\u011frencilerinin\u201d \u00f6n\u00fcndeki en b\u00fcy\u00fck gailelerden. K\u00fclt\u00fcrel \u00c7al\u0131\u015fmalar Prati\u011fi\u2019 nin dilimize kazand\u0131r\u0131lmas\u0131 bu zorlu\u011fu birazda olsa hafifletmemize yard\u0131mc\u0131 olmas\u0131 bak\u0131m\u0131ndan \u00e7ok k\u0131ymetli. Kitap k\u00fclt\u00fcrel \u00e7al\u0131\u015fmalar\u0131n kuramsal, kavramsal ve felsefi temelleri ile ara\u015ft\u0131rma prati\u011fi aras\u0131ndaki s\u0131kl\u0131kla a\u015f\u0131lamaz g\u00f6r\u00fclen mesafe ve so\u011fuklu\u011fu gidermeyi hedefliyor. Yazarlar\u0131n da belirtti\u011fi \u00fczere, kitap al\u0131\u015f\u0131lagelmi\u015f anlamda bir rehber ya da el kitab\u0131 de\u011fil, alanda kullan\u0131lan ve \u00e7o\u011funlukla ne anlama geldi\u011fi h\u00e2l\u00e2 belirsiz olan yakla\u015f\u0131m sorular\u0131n\u0131 a\u00e7\u0131kl\u0131\u011fa kavu\u015fturmaya \u00e7al\u0131\u015fan iddial\u0131 bir metin. \u2018Temeller\u2019le ba\u015flayan kitap, ara\u015ft\u0131rma prati\u011finde zaman, mek\u00e2n ve tarihin yeri ile devam ediyor. \u00dc\u00e7\u00fcnc\u00fc K\u0131s\u0131m, metinlerin ve anlat\u0131lar\u0131n nas\u0131l okunaca\u011f\u0131n\u0131 soruyor. D\u00f6rd\u00fcnc\u00fc K\u0131s\u0131m\u2019da ise sahan\u0131n sesi ve etnografi ele al\u0131n\u0131yor. K\u00fclt\u00fcrel \u00e7al\u0131\u015fmalar Prati\u011fi sadece \u0130\u00e7indekiler k\u0131sm\u0131na bak\u0131ld\u0131\u011f\u0131nda bile okuyucuyu heyecanland\u0131ran bir kitap. K\u00fclt\u00fcr\u00fc anlamaya ve ara\u015ft\u0131rmaya y\u00f6nelik t\u00fcm \u00e7abalara e\u015flik edecek, d\u00fc\u015f\u00fcnmeyi, ara\u015ft\u0131rmay\u0131 k\u0131\u015fk\u0131rtan ve sizi kendi yolculu\u011funuza \u00e7\u0131kmaya cesaretlendiren bir eser. K\u00fclt\u00fcre merakl\u0131, ara\u015ft\u0131rmay\u0131 ve sahan\u0131n sesini \u00f6nemseyen t\u00fcm okur ve her seviyeden ara\u015ft\u0131rmac\u0131ya bu kitab\u0131 \u00f6neriyorum. <\/p>\n","protected":false},"excerpt":{"rendered":"<p>Weber ve Geertz\u2019i takip ederek insan denen varl\u0131\u011f\u0131 kendi \u00f6rd\u00fc\u011f\u00fc anlaml\u0131l\u0131k a\u011flar\u0131nda as\u0131l\u0131 kalan bir hayvan olarak tan\u0131mlarsak k\u00fclt\u00fcr denen muammay\u0131 anlamak ve \u00e7al\u0131\u015fmak ayr\u0131 bir<span class=\"excerpt-hellip\"> [\u2026]<\/span><\/p>\n","protected":false},"featured_media":0,"template":"","meta":{"_monsterinsights_skip_tracking":false,"_monsterinsights_sitenote_active":false,"_monsterinsights_sitenote_note":"","_monsterinsights_sitenote_category":0},"product_brand":[],"product_cat":[13633,12324],"product_tag":[],"class_list":{"0":"post-763148","1":"product","2":"type-product","3":"status-publish","5":"product_cat-kultur-ve-bilim","6":"product_cat-sosyoloji","7":"pa_cilt-ciltsiz","8":"pa_tur-kitap","9":"pa_yayinevi-kapadokya-universitesi-yayinlari","10":"pa_yazar-kolektif","12":"first","13":"instock","14":"sale","15":"shipping-taxable","16":"purchasable","17":"product-type-simple"},"_links":{"self":[{"href":"https:\/\/roveyayinevi.com.tr\/index.php\/wp-json\/wp\/v2\/product\/763148","targetHints":{"allow":["GET"]}}],"collection":[{"href":"https:\/\/roveyayinevi.com.tr\/index.php\/wp-json\/wp\/v2\/product"}],"about":[{"href":"https:\/\/roveyayinevi.com.tr\/index.php\/wp-json\/wp\/v2\/types\/product"}],"wp:attachment":[{"href":"https:\/\/roveyayinevi.com.tr\/index.php\/wp-json\/wp\/v2\/media?parent=763148"}],"wp:term":[{"taxonomy":"product_brand","embeddable":true,"href":"https:\/\/roveyayinevi.com.tr\/index.php\/wp-json\/wp\/v2\/product_brand?post=763148"},{"taxonomy":"product_cat","embeddable":true,"href":"https:\/\/roveyayinevi.com.tr\/index.php\/wp-json\/wp\/v2\/product_cat?post=763148"},{"taxonomy":"product_tag","embeddable":true,"href":"https:\/\/roveyayinevi.com.tr\/index.php\/wp-json\/wp\/v2\/product_tag?post=763148"}],"curies":[{"name":"wp","href":"https:\/\/api.w.org\/{rel}","templated":true}]}}