{"id":763126,"date":"2025-08-28T10:31:32","date_gmt":"2025-08-28T07:31:32","guid":{"rendered":"https:\/\/roveyayinevi.com.tr\/index.php\/urun\/bir-maliyecinin-anisi-kuru-incirdeki-zehir-aflatoksin\/"},"modified":"2026-04-15T03:28:35","modified_gmt":"2026-04-15T00:28:35","slug":"bir-maliyecinin-anisi-kuru-incirdeki-zehir-aflatoksin","status":"publish","type":"product","link":"https:\/\/roveyayinevi.com.tr\/index.php\/urun\/bir-maliyecinin-anisi-kuru-incirdeki-zehir-aflatoksin\/","title":{"rendered":"Bir Maliyecinin An\u0131s\u0131 Kuru \u0130ncirdeki Zehir Aflatoksin"},"content":{"rendered":"<p>Bu an\u0131 kitab\u0131n\u0131n i\u00e7erik anlat\u0131mlar\u0131n\u0131n \u00e7o\u011fu yerlerinde Ayd\u0131n ili, Maliye, Vergi Denetmenli\u011fi, kuru incir adlar\u0131 ge\u00e7mektedir. Ancak bu yazd\u0131klar\u0131m\u0131n geri plan\u0131nda, insanlar\u0131m\u0131za anlatmak istedi\u011fim tek \u015fey vard\u0131r. O tek \u015fey de, yediklerinden kaynakl\u0131, insanlar\u0131m\u0131z\u0131n ya\u015fam hakk\u0131d\u0131r. \u00dclkemizde, insanlar\u0131m\u0131z\u0131n ya\u015fam hakk\u0131na sayg\u0131 g\u00f6sterilmemi\u015f olmas\u0131d\u0131r. \u00c7ok az\u0131 bile do\u011frudan \u201cKanser \u0130lletine\u201d sebep olan, insanlar\u0131m\u0131z\u0131 d\u00f6n\u00fclmez \u00f6l\u00fcm yolculu\u011funa \u00e7\u0131kartacak, do\u011frudan do\u011fruya topra\u011fa g\u00f6m\u00fclerek ya da yak\u0131larak, imha edilmesi gereken y\u00fczde 100\u2019\u00fc Aflatoksinli olan, tonlarca kuru incirlerin i\u00e7 piyasaya s\u00fcr\u00fclerek, insanlar\u0131m\u0131za t\u00fckettirilmi\u015f olmas\u0131d\u0131r. Bu \u00dclkenin duyarl\u0131 vatanda\u015f\u0131 olarak, Ayd\u0131n ilinde Vergi Denetmeni olarak g\u00f6rev yapt\u0131\u011f\u0131m ve bir vergi incelemesi s\u0131ras\u0131nda edindi\u011fim bu \u00e7\u0131plak ger\u00e7e\u011fi, insanlar\u0131m\u0131z\u0131 bilgilendirmek ad\u0131na o y\u0131llara ait an\u0131lar\u0131m olarak, kitapla\u015ft\u0131r\u0131p anlatmay\u0131 d\u00fc\u015f\u00fcnd\u00fcm. Ancak kamudaki etkin g\u00f6revim nedeniyle ya da \u015fu veya bu nedenlerle \u015eubat 1992\u2019 den, o g\u00fcnden, bug\u00fcne kadar bu d\u00fc\u015f\u00fcncemi bir t\u00fcrl\u00fc ger\u00e7ekle\u015ftiremedim. Bug\u00fcne kadar \u00dclkemizin bu kat\u0131 ger\u00e7e\u011fini insanlar\u0131m\u0131za aktaramam\u0131\u015f olman\u0131n \u00fcz\u00fcnt\u00fcs\u00fcn\u00fc hep i\u00e7imde, y\u00fcre\u011fimde ac\u0131lar duyarak ya\u015fad\u0131m. Ya\u015fad\u0131\u011f\u0131m\u0131z bu Pandemi g\u00fcnlerinde kendime bo\u015f zaman buldum. O y\u0131llara ait notlar\u0131m\u0131 g\u00f6zden ge\u00e7irerek, bu an\u0131 kitab\u0131n\u0131 yazma f\u0131rsat\u0131n\u0131 yakalam\u0131\u015f oldum. Ayd\u0131n ilinde Vergi Denetmeni olarak \u00e7al\u0131\u015ft\u0131\u011f\u0131m o y\u0131llarda; yapt\u0131\u011f\u0131m bir vergi incelemesi s\u00fcrecinde g\u00f6rd\u00fcklerimi, ya\u015fad\u0131klar\u0131m\u0131 ve bunlara ili\u015fkin d\u00fc\u015f\u00fcncelerimi bu an\u0131 kitab\u0131mda anlatt\u0131m. Bu an\u0131lar\u0131m\u0131 yazarken bir yandan da, \u00e7ok tehlikeli olan, Aflatoksin belas\u0131ndan; kendimizi, ailemizi nas\u0131l koruyabiliriz sorusuna yan\u0131t olabilecek olan bilgi, d\u00fc\u015f\u00fcnce, tespit ve ara\u015ft\u0131rmalar\u0131m\u0131 edebi bir plan i\u00e7erisinde okurlara daha iyi nas\u0131l aktarabilirim d\u00fc\u015f\u00fcncesi i\u00e7inde oldum. Bu kitab\u0131mda, o y\u0131llara ait an\u0131lar\u0131m\u0131 anlatm\u0131\u015f ve okurlar\u0131m\u0131 bilgilendirmi\u015f olmakla, \u015eubat 1992\u2019 den bug\u00fcne kadar, y\u00fcre\u011fimin derinliklerinde hep sessizce kanam\u0131\u015f ve s\u00fcrekli bana ac\u0131lar vermi\u015f olan, bu ac\u0131lar\u0131m\u0131n bir k\u0131sm\u0131ndan kurtulmu\u015f oldum. <\/p>\n","protected":false},"excerpt":{"rendered":"<p>Bu an\u0131 kitab\u0131n\u0131n i\u00e7erik anlat\u0131mlar\u0131n\u0131n \u00e7o\u011fu yerlerinde Ayd\u0131n ili, Maliye, Vergi Denetmenli\u011fi, kuru incir adlar\u0131 ge\u00e7mektedir. Ancak bu yazd\u0131klar\u0131m\u0131n geri plan\u0131nda, insanlar\u0131m\u0131za anlatmak istedi\u011fim tek \u015fey<span class=\"excerpt-hellip\"> [\u2026]<\/span><\/p>\n","protected":false},"featured_media":0,"template":"","meta":{"_monsterinsights_skip_tracking":false,"_monsterinsights_sitenote_active":false,"_monsterinsights_sitenote_note":"","_monsterinsights_sitenote_category":0},"product_brand":[],"product_cat":[13701,12291],"product_tag":[],"class_list":{"0":"post-763126","1":"product","2":"type-product","3":"status-publish","5":"product_cat-ani-mektup-gunluk","6":"product_cat-edebiyat","7":"pa_cilt-ciltsiz","8":"pa_tur-kitap","9":"pa_yayinevi-gulnar-yayinlari","10":"pa_yazar-mehmet-turan","12":"first","13":"instock","14":"sale","15":"shipping-taxable","16":"purchasable","17":"product-type-simple"},"_links":{"self":[{"href":"https:\/\/roveyayinevi.com.tr\/index.php\/wp-json\/wp\/v2\/product\/763126","targetHints":{"allow":["GET"]}}],"collection":[{"href":"https:\/\/roveyayinevi.com.tr\/index.php\/wp-json\/wp\/v2\/product"}],"about":[{"href":"https:\/\/roveyayinevi.com.tr\/index.php\/wp-json\/wp\/v2\/types\/product"}],"wp:attachment":[{"href":"https:\/\/roveyayinevi.com.tr\/index.php\/wp-json\/wp\/v2\/media?parent=763126"}],"wp:term":[{"taxonomy":"product_brand","embeddable":true,"href":"https:\/\/roveyayinevi.com.tr\/index.php\/wp-json\/wp\/v2\/product_brand?post=763126"},{"taxonomy":"product_cat","embeddable":true,"href":"https:\/\/roveyayinevi.com.tr\/index.php\/wp-json\/wp\/v2\/product_cat?post=763126"},{"taxonomy":"product_tag","embeddable":true,"href":"https:\/\/roveyayinevi.com.tr\/index.php\/wp-json\/wp\/v2\/product_tag?post=763126"}],"curies":[{"name":"wp","href":"https:\/\/api.w.org\/{rel}","templated":true}]}}