{"id":762982,"date":"2025-08-28T10:26:37","date_gmt":"2025-08-28T07:26:37","guid":{"rendered":"https:\/\/roveyayinevi.com.tr\/index.php\/urun\/felaket-seneleri\/"},"modified":"2026-04-15T03:27:50","modified_gmt":"2026-04-15T00:27:50","slug":"felaket-seneleri","status":"publish","type":"product","link":"https:\/\/roveyayinevi.com.tr\/index.php\/urun\/felaket-seneleri\/","title":{"rendered":"Felaket Seneleri"},"content":{"rendered":"<p>Y\u00fckseli\u015fin ihti\u015fam\u0131, duraklaman\u0131n karars\u0131zl\u0131\u011f\u0131 ve \u00e7\u00f6k\u00fc\u015f\u00fcn dram\u0131. Osmanl\u0131 \u00e7a\u011f\u0131n\u0131n \u00f6zeti. Ne, nerede, nas\u0131l ba\u015flar? Tarih\u00e7i sebep ve sonu\u00e7lar\u0131 ne \u015fekilde birbirine ba\u011flar? Viyana Ku\u015fatmas\u0131, bu s\u00fcre\u00e7te devlet ve orduda ya\u015fanan disiplinsizler, maliyenin bozulmas\u0131\u2026 Toplumsal dalgalanmalar&#8230; Ahmet Refik\u2019in tabiriyle Felaket Seneleri\u2026 Ge\u00e7mi\u015fle gelecek aras\u0131nda sal\u0131nan ate\u015f toplar\u0131. <\/p>\n","protected":false},"excerpt":{"rendered":"<p>Y\u00fckseli\u015fin ihti\u015fam\u0131, duraklaman\u0131n karars\u0131zl\u0131\u011f\u0131 ve \u00e7\u00f6k\u00fc\u015f\u00fcn dram\u0131. Osmanl\u0131 \u00e7a\u011f\u0131n\u0131n \u00f6zeti. Ne, nerede, nas\u0131l ba\u015flar? Tarih\u00e7i sebep ve sonu\u00e7lar\u0131 ne \u015fekilde birbirine ba\u011flar? Viyana Ku\u015fatmas\u0131, bu s\u00fcre\u00e7te<span class=\"excerpt-hellip\"> [\u2026]<\/span><\/p>\n","protected":false},"featured_media":0,"template":"","meta":{"_monsterinsights_skip_tracking":false,"_monsterinsights_sitenote_active":false,"_monsterinsights_sitenote_note":"","_monsterinsights_sitenote_category":0},"product_brand":[],"product_cat":[13517,12304],"product_tag":[],"class_list":{"0":"post-762982","1":"product","2":"type-product","3":"status-publish","5":"product_cat-osmanli-tarihi","6":"product_cat-tarih","7":"pa_cilt-ciltsiz","8":"pa_tur-kitap","9":"pa_yayinevi-kapi-yayinlari","10":"pa_yazar-ahmed-refik","12":"first","13":"instock","14":"sale","15":"shipping-taxable","16":"purchasable","17":"product-type-simple"},"_links":{"self":[{"href":"https:\/\/roveyayinevi.com.tr\/index.php\/wp-json\/wp\/v2\/product\/762982","targetHints":{"allow":["GET"]}}],"collection":[{"href":"https:\/\/roveyayinevi.com.tr\/index.php\/wp-json\/wp\/v2\/product"}],"about":[{"href":"https:\/\/roveyayinevi.com.tr\/index.php\/wp-json\/wp\/v2\/types\/product"}],"wp:attachment":[{"href":"https:\/\/roveyayinevi.com.tr\/index.php\/wp-json\/wp\/v2\/media?parent=762982"}],"wp:term":[{"taxonomy":"product_brand","embeddable":true,"href":"https:\/\/roveyayinevi.com.tr\/index.php\/wp-json\/wp\/v2\/product_brand?post=762982"},{"taxonomy":"product_cat","embeddable":true,"href":"https:\/\/roveyayinevi.com.tr\/index.php\/wp-json\/wp\/v2\/product_cat?post=762982"},{"taxonomy":"product_tag","embeddable":true,"href":"https:\/\/roveyayinevi.com.tr\/index.php\/wp-json\/wp\/v2\/product_tag?post=762982"}],"curies":[{"name":"wp","href":"https:\/\/api.w.org\/{rel}","templated":true}]}}