{"id":762972,"date":"2025-08-28T10:26:22","date_gmt":"2025-08-28T07:26:22","guid":{"rendered":"https:\/\/roveyayinevi.com.tr\/index.php\/urun\/yapay-zeka-ve-sanat-arac-mi-amac-mi\/"},"modified":"2026-01-29T03:56:41","modified_gmt":"2026-01-29T00:56:41","slug":"yapay-zeka-ve-sanat-arac-mi-amac-mi","status":"publish","type":"product","link":"https:\/\/roveyayinevi.com.tr\/index.php\/urun\/yapay-zeka-ve-sanat-arac-mi-amac-mi\/","title":{"rendered":"Yapay Zeka ve Sanat Ara\u00e7 m\u0131 Ama\u00e7 m\u0131"},"content":{"rendered":"<p>2022 y\u0131l\u0131ndan itibaren ciddi bir \u015fekilde tart\u0131\u015f\u0131lan yapay zek\u00e2 olgusu, \u00e7ok ge\u00e7meden sanat alan\u0131nda da kendisine yer buldu. G\u00fcna\u015f\u0131r\u0131, bir\u00e7ok farkl\u0131 mecrada, yapay zek\u00e2 sanat\u0131 \u00f6ld\u00fcr\u00fcyor mu? Sanat\u00e7\u0131lar ve tasar\u0131mc\u0131lar i\u015flerinden mi olacaklar? Makineler sanat yapabilir mi ve benzeri sorulara cevaplar arand\u0131. Sanat Tarih\u00e7isi Alp Do\u011fu Eser, 2023 y\u0131l\u0131n\u0131n Ekim ay\u0131nda yay\u0131mlanan Yapay Zek\u00e2 ve Sanat: Sanat\u00e7\u0131larla Tart\u0131\u015fmalara Bir Bak\u0131\u015f adl\u0131 kitab\u0131nda, sanat, tasar\u0131m ve hukuk alanlar\u0131ndan isimlerle s\u00f6z konusu tart\u0131\u015fmalar\u0131 ele alm\u0131\u015ft\u0131. Eser, Yapay Zek\u00e2 ve Sanat: Ara\u00e7 m\u0131 Ama\u00e7 m\u0131? adl\u0131 bu \u00e7al\u0131\u015fmas\u0131nda ise, sorgu alan\u0131n\u0131 geni\u015fleterek, konuyla ilgili farkl\u0131 alanlardan 21 isimle s\u00f6yle\u015filer ger\u00e7ekle\u015ftiriyor. Bu s\u00f6yle\u015filer, \u201cYapay Zek\u00e2 Nedir?\u201d, \u201cYapay Zek\u00e2 Okuryazarl\u0131\u011f\u0131\u201d, \u201c\u0130nsan ve Makinede Sanat \u0130\u00e7g\u00fcd\u00fcs\u00fc\u201d, \u201cGe\u00e7mi\u015f \u0130le G\u00fcn\u00fcm\u00fcz Aras\u0131nda: Sanat Tarihi, Sanat E\u011fitimi, Yapay Zek\u00e2\u201d, \u201cG\u00fcncel Sanat Pratiklerinde Yapay Zek\u00e2n\u0131n Yeri Kavramsal \u00c7er\u00e7eve\/Yorum Pratik\u201d, \u201cDijital Sanatlar K\u00fcrat\u00f6rl\u00fc\u011f\u00fc\u201d ve \u201cHukuki Boyutlar\u201d adl\u0131 7 farkl\u0131 b\u00f6l\u00fcmden olu\u015fuyor. <\/p>\n","protected":false},"excerpt":{"rendered":"<p>2022 y\u0131l\u0131ndan itibaren ciddi bir \u015fekilde tart\u0131\u015f\u0131lan yapay zek\u00e2 olgusu, \u00e7ok ge\u00e7meden sanat alan\u0131nda da kendisine yer buldu. G\u00fcna\u015f\u0131r\u0131, bir\u00e7ok farkl\u0131 mecrada, yapay zek\u00e2 sanat\u0131 \u00f6ld\u00fcr\u00fcyor<span class=\"excerpt-hellip\"> [\u2026]<\/span><\/p>\n","protected":false},"featured_media":0,"template":"","meta":{"_monsterinsights_skip_tracking":false,"_monsterinsights_sitenote_active":false,"_monsterinsights_sitenote_note":"","_monsterinsights_sitenote_category":0},"product_brand":[],"product_cat":[12408],"product_tag":[],"class_list":{"0":"post-762972","1":"product","2":"type-product","3":"status-publish","5":"product_cat-sanat","6":"pa_cilt-ciltsiz","7":"pa_tur-kitap","8":"pa_yayinevi-utopya-yayinevi","9":"pa_yazar-alp-dogu-eser","11":"first","12":"instock","13":"sale","14":"shipping-taxable","15":"purchasable","16":"product-type-simple"},"_links":{"self":[{"href":"https:\/\/roveyayinevi.com.tr\/index.php\/wp-json\/wp\/v2\/product\/762972","targetHints":{"allow":["GET"]}}],"collection":[{"href":"https:\/\/roveyayinevi.com.tr\/index.php\/wp-json\/wp\/v2\/product"}],"about":[{"href":"https:\/\/roveyayinevi.com.tr\/index.php\/wp-json\/wp\/v2\/types\/product"}],"wp:attachment":[{"href":"https:\/\/roveyayinevi.com.tr\/index.php\/wp-json\/wp\/v2\/media?parent=762972"}],"wp:term":[{"taxonomy":"product_brand","embeddable":true,"href":"https:\/\/roveyayinevi.com.tr\/index.php\/wp-json\/wp\/v2\/product_brand?post=762972"},{"taxonomy":"product_cat","embeddable":true,"href":"https:\/\/roveyayinevi.com.tr\/index.php\/wp-json\/wp\/v2\/product_cat?post=762972"},{"taxonomy":"product_tag","embeddable":true,"href":"https:\/\/roveyayinevi.com.tr\/index.php\/wp-json\/wp\/v2\/product_tag?post=762972"}],"curies":[{"name":"wp","href":"https:\/\/api.w.org\/{rel}","templated":true}]}}