{"id":762819,"date":"2025-08-28T10:21:23","date_gmt":"2025-08-28T07:21:23","guid":{"rendered":"https:\/\/roveyayinevi.com.tr\/index.php\/urun\/alti-yasinda-siyasi-sanik\/"},"modified":"2026-04-15T03:27:46","modified_gmt":"2026-04-15T00:27:46","slug":"alti-yasinda-siyasi-sanik","status":"publish","type":"product","link":"https:\/\/roveyayinevi.com.tr\/index.php\/urun\/alti-yasinda-siyasi-sanik\/","title":{"rendered":"Alt\u0131 Ya\u015f\u0131nda Siyasi San\u0131k"},"content":{"rendered":"<p>3 Eyl\u00fcl 2022\u2019de aram\u0131zdan ayr\u0131lan avukat-yazar Polat Sabuncu bu kitab\u0131nda, kendi ya\u015fam \u00f6yk\u00fcs\u00fcnden hareketle kimi an\u0131lar\u0131n\u0131 kaleme al\u0131yor. Kurgusuz ve abart\u0131s\u0131z bir anlat\u0131mla ve bir hukuk insan\u0131n\u0131n ayr\u0131nt\u0131 ve hakikat hassasiyetiyle kaleme ald\u0131\u011f\u0131 kitab\u0131 okurken, kendisi ve insanlar\u0131yla tan\u0131\u015facak, ad\u0131n\u0131 Ulu \u00d6nderimiz Mustafa Kemal Atat\u00fcrk\u2019\u00fcn \u015eebinkarahisar olarak belirledi\u011fi Anadolu kasabas\u0131n\u0131n yak\u0131n ge\u00e7mi\u015fine seyahat edeceksiniz. Sayfalarda ilerlerken kar\u015f\u0131n\u0131za Turan Dursun\u2019lar, Can Y\u00fccel\u2019ler, Aziz Nesin\u2019ler ve daha niceleri \u00e7\u0131kacak. Bir avu\u00e7 ta\u015fral\u0131 \u00fcniversite \u00f6\u011frencisinin, yerde\u015fleri \u0130stanbul\u2019a okumaya geldi\u011finde ba\u015flar\u0131n\u0131 sokabilecekleri bir yurt kurmak i\u00e7in y\u00fcr\u00fctt\u00fckleri ola\u011fan\u00fcst\u00fc m\u00fccadeleye tan\u0131k olacaks\u0131n\u0131z \u00f6rne\u011fin. Ya da 1968 y\u0131l\u0131nda, Beyaz\u0131t Meydan\u0131\u2019nda bayra\u011fa sar\u0131l\u0131 i\u00e7i bo\u015f bir tabutun ba\u015f\u0131nda toplanm\u0131\u015f binlerce \u00fcniversiteli gen\u00e7le kar\u015f\u0131la\u015facaks\u0131n\u0131z. Ve bizler bu sat\u0131rlar\u0131 okurken, Polat Sabuncu \u00e7ok uzaklarda bir yerlerden g\u00fcl\u00fcmseyecek hepimize\u2026 <\/p>\n","protected":false},"excerpt":{"rendered":"<p>3 Eyl\u00fcl 2022\u2019de aram\u0131zdan ayr\u0131lan avukat-yazar Polat Sabuncu bu kitab\u0131nda, kendi ya\u015fam \u00f6yk\u00fcs\u00fcnden hareketle kimi an\u0131lar\u0131n\u0131 kaleme al\u0131yor. Kurgusuz ve abart\u0131s\u0131z bir anlat\u0131mla ve bir hukuk<span class=\"excerpt-hellip\"> [\u2026]<\/span><\/p>\n","protected":false},"featured_media":0,"template":"","meta":{"_monsterinsights_skip_tracking":false,"_monsterinsights_sitenote_active":false,"_monsterinsights_sitenote_note":"","_monsterinsights_sitenote_category":0},"product_brand":[],"product_cat":[13701,12291],"product_tag":[],"class_list":{"0":"post-762819","1":"product","2":"type-product","3":"status-publish","5":"product_cat-ani-mektup-gunluk","6":"product_cat-edebiyat","7":"pa_cilt-ciltsiz","8":"pa_tur-kitap","9":"pa_yayinevi-kaynak-yayinlari","10":"pa_yazar-polat-sabuncu","12":"first","13":"instock","14":"sale","15":"shipping-taxable","16":"purchasable","17":"product-type-simple"},"_links":{"self":[{"href":"https:\/\/roveyayinevi.com.tr\/index.php\/wp-json\/wp\/v2\/product\/762819","targetHints":{"allow":["GET"]}}],"collection":[{"href":"https:\/\/roveyayinevi.com.tr\/index.php\/wp-json\/wp\/v2\/product"}],"about":[{"href":"https:\/\/roveyayinevi.com.tr\/index.php\/wp-json\/wp\/v2\/types\/product"}],"wp:attachment":[{"href":"https:\/\/roveyayinevi.com.tr\/index.php\/wp-json\/wp\/v2\/media?parent=762819"}],"wp:term":[{"taxonomy":"product_brand","embeddable":true,"href":"https:\/\/roveyayinevi.com.tr\/index.php\/wp-json\/wp\/v2\/product_brand?post=762819"},{"taxonomy":"product_cat","embeddable":true,"href":"https:\/\/roveyayinevi.com.tr\/index.php\/wp-json\/wp\/v2\/product_cat?post=762819"},{"taxonomy":"product_tag","embeddable":true,"href":"https:\/\/roveyayinevi.com.tr\/index.php\/wp-json\/wp\/v2\/product_tag?post=762819"}],"curies":[{"name":"wp","href":"https:\/\/api.w.org\/{rel}","templated":true}]}}