{"id":762801,"date":"2025-08-28T10:20:51","date_gmt":"2025-08-28T07:20:51","guid":{"rendered":"https:\/\/roveyayinevi.com.tr\/index.php\/urun\/thomas-s-kuhn\/"},"modified":"2026-04-15T03:27:46","modified_gmt":"2026-04-15T00:27:46","slug":"thomas-s-kuhn","status":"publish","type":"product","link":"https:\/\/roveyayinevi.com.tr\/index.php\/urun\/thomas-s-kuhn\/","title":{"rendered":"Thomas S. Kuhn"},"content":{"rendered":"<p>Thomas Kuhn&#8217;un bilim felsefesine getirdi\u011fi yeni bak\u0131\u015f a\u00e7\u0131s\u0131 ve arg\u00fcmanlar\u0131n\u0131n derinli\u011fi, yirminci y\u00fczy\u0131l\u0131n son \u00e7eyre\u011finden yirmi birinci y\u00fczy\u0131l\u0131n ilk \u00e7eyre\u011fine kadar uzanan bilim tarihi ve bilim felsefesi \u00e7al\u0131\u015fmalar\u0131nda b\u00fcy\u00fck bir etki yaratm\u0131\u015ft\u0131r. Bat\u0131 felsefesinde oldu\u011fu gibi \u00fclkemizdeki bilim felsefesi ve bilim tarihi yaz\u0131c\u0131l\u0131\u011f\u0131nda da Kuhn&#8217;un bilim alg\u0131s\u0131 her ge\u00e7en g\u00fcn kendini yeni alanlarda ve farkl\u0131 tart\u0131\u015fmalarda hissettirmektedir. Geni\u015f bir yelpaze i\u00e7inde yer alan bu tart\u0131\u015fmalar, Kuhn&#8217;un pop\u00fclerli\u011fini ve \u00f6nemini a\u00e7\u0131k\u00e7a ortaya koymaktad\u0131r. \u00d6zellikle onun kavramlar\u0131ndan yola \u00e7\u0131karak g\u00fcn\u00fcm\u00fcz d\u00fc\u015f\u00fcnsel \u00e7al\u0131\u015fmalar\u0131n\u0131 \u015fekillendirmek ve bu \u00e7al\u0131\u015fmalara yeni bir y\u00f6n vermek b\u00fcy\u00fck bir de\u011fer ta\u015f\u0131maktad\u0131r. Bu ba\u011flamda, Kuhn\u2019un bilim alg\u0131s\u0131na kazand\u0131rd\u0131klar\u0131n\u0131 g\u00fcncel tart\u0131\u015fmalardan hareketle aktarmak ve onun miras\u0131n\u0131 anmak ad\u0131na 2 Kas\u0131m 2022 tarihinde Ankara \u00dcniversitesi Dil ve Tarih-Co\u011frafya Fak\u00fcltesi Felsefe B\u00f6l\u00fcm\u00fc \u00e7at\u0131s\u0131 alt\u0131nda bir kongre d\u00fczenlendi. Bu kongrede sunulan bildiriler, Kuhn&#8217;un sadece bilim felsefesini de\u011fil, sosyal bilimlerin \u00e7e\u015fitli alanlar\u0131n\u0131 da derinden etkiledi\u011fini ortaya koydu. Kongre sonras\u0131, Kuhn&#8217;un kavramlar\u0131n\u0131n \u00fclkemizdeki disiplinler aras\u0131 etkisini ara\u015ft\u0131rmak ad\u0131na, daha geni\u015f bir yazar kat\u0131l\u0131m\u0131yla bu kitab\u0131 haz\u0131rlad\u0131k. Elinizdeki kitap, \u2018\u00fclkemizde gerek bilim \u00fczerine yap\u0131lan \u00e7al\u0131\u015fmalarda gerekse de do\u011frudan bilimsel \u00e7al\u0131\u015fmalarda Kuhn&#8217;un kavramlar\u0131 ne derece etkili ve yayg\u0131n?\u2019 sorusuna verilen cevab\u0131n somut bir \u00f6rne\u011fi olarak, Kuhn\u2019un farkl\u0131 alanlardaki etkisini ortaya koyan \u00e7al\u0131\u015fmalardan olu\u015fmaktad\u0131r. Kitab\u0131n yeni \u00e7al\u0131\u015fmalara kaynakl\u0131k etmesini ve farkl\u0131 alanlardaki ara\u015ft\u0131rmac\u0131lara ilham kayna\u011f\u0131 olmas\u0131n\u0131 umut ediyoruz. <\/p>\n","protected":false},"excerpt":{"rendered":"<p>Thomas Kuhn&#8217;un bilim felsefesine getirdi\u011fi yeni bak\u0131\u015f a\u00e7\u0131s\u0131 ve arg\u00fcmanlar\u0131n\u0131n derinli\u011fi, yirminci y\u00fczy\u0131l\u0131n son \u00e7eyre\u011finden yirmi birinci y\u00fczy\u0131l\u0131n ilk \u00e7eyre\u011fine kadar uzanan bilim tarihi ve bilim<span class=\"excerpt-hellip\"> [\u2026]<\/span><\/p>\n","protected":false},"featured_media":0,"template":"","meta":{"_monsterinsights_skip_tracking":false,"_monsterinsights_sitenote_active":false,"_monsterinsights_sitenote_note":"","_monsterinsights_sitenote_category":0},"product_brand":[],"product_cat":[16038,12388],"product_tag":[],"class_list":{"0":"post-762801","1":"product","2":"type-product","3":"status-publish","5":"product_cat-arastirma-inceleme-referans-felsefe","6":"product_cat-felsefe","7":"pa_cilt-ciltsiz","8":"pa_tur-kitap","9":"pa_yayinevi-nika-yayinevi","10":"pa_yazar-kolektif","12":"first","13":"instock","14":"sale","15":"shipping-taxable","16":"purchasable","17":"product-type-simple"},"_links":{"self":[{"href":"https:\/\/roveyayinevi.com.tr\/index.php\/wp-json\/wp\/v2\/product\/762801","targetHints":{"allow":["GET"]}}],"collection":[{"href":"https:\/\/roveyayinevi.com.tr\/index.php\/wp-json\/wp\/v2\/product"}],"about":[{"href":"https:\/\/roveyayinevi.com.tr\/index.php\/wp-json\/wp\/v2\/types\/product"}],"wp:attachment":[{"href":"https:\/\/roveyayinevi.com.tr\/index.php\/wp-json\/wp\/v2\/media?parent=762801"}],"wp:term":[{"taxonomy":"product_brand","embeddable":true,"href":"https:\/\/roveyayinevi.com.tr\/index.php\/wp-json\/wp\/v2\/product_brand?post=762801"},{"taxonomy":"product_cat","embeddable":true,"href":"https:\/\/roveyayinevi.com.tr\/index.php\/wp-json\/wp\/v2\/product_cat?post=762801"},{"taxonomy":"product_tag","embeddable":true,"href":"https:\/\/roveyayinevi.com.tr\/index.php\/wp-json\/wp\/v2\/product_tag?post=762801"}],"curies":[{"name":"wp","href":"https:\/\/api.w.org\/{rel}","templated":true}]}}