{"id":762774,"date":"2025-08-28T10:20:02","date_gmt":"2025-08-28T07:20:02","guid":{"rendered":"https:\/\/roveyayinevi.com.tr\/index.php\/urun\/anadoluda-cogulculuk-ve-tolerans\/"},"modified":"2026-04-15T03:27:45","modified_gmt":"2026-04-15T00:27:45","slug":"anadoluda-cogulculuk-ve-tolerans","status":"publish","type":"product","link":"https:\/\/roveyayinevi.com.tr\/index.php\/urun\/anadoluda-cogulculuk-ve-tolerans\/","title":{"rendered":"Anadolu\u2019da \u00c7o\u011fulculuk ve Tolerans"},"content":{"rendered":"<p>Onur Bilge Kula bu kitapta iki kavram\u0131, \u00e7o\u011ful(-cu)luk ve tolerans kavramlar\u0131n\u0131 irdelemektedir. Bu iki kavram insanl\u0131k tarihinin \u00f6zellikle d\u00fcnya dinlerinin ortaya \u00e7\u0131kmas\u0131ndan sonraki en b\u00fcy\u00fck felsefi sorunu ve bug\u00fcn de s\u00fcren \u00f6nemli bir tart\u0131\u015fma konusunu olu\u015fturur. Kula, toplumsal, k\u00fclt\u00fcrel ve politik ya\u015fam tarz\u0131na g\u00fcncel yans\u0131malar\u0131 da olan b\u00f6yle \u00f6nemli bir sorunu k\u00fclt\u00fcr, felsefe ve yaz\u0131n tarihi a\u00e7\u0131s\u0131ndan \u00f6nemli olan \u00f6zg\u00fcn metinler \u00fczerinde a\u00e7\u0131mlayarak yorumlamaktad\u0131r. Kitab\u0131n temel sav\u0131, bir k\u00fclt\u00fcr\u00fcn veya \u00fclkenin b\u00f6yle bir \u00e7o\u011ful birikime sahip olmas\u0131n\u0131n, hem birtak\u0131m gerilimlere yol a\u00e7abildi\u011fi, hem de o t\u00fcmel k\u00fclt\u00fcr ile onu olu\u015fturan \u201calt k\u00fclt\u00fcrler\u201d veya \u201cpar\u00e7a k\u00fclt\u00fcrler\u201d aras\u0131ndaki baz\u0131 gerilimlerin veya zorluklar\u0131n ak\u0131lc\u0131la\u015ft\u0131r\u0131lmas\u0131 ve \u00e7\u00f6z\u00fcm\u00fc i\u00e7in bulunmaz bir kaynak i\u015flevi g\u00f6rebildi\u011fidir. Kitapta bu sav Anadolu k\u00fclt\u00fcr tarihinin \u00f6nemli d\u00fc\u015f\u00fcn\u00fcrlerinin \u00e7al\u0131\u015fmalar\u0131 ele al\u0131narak temellendirilmektedir. <\/p>\n","protected":false},"excerpt":{"rendered":"<p>Onur Bilge Kula bu kitapta iki kavram\u0131, \u00e7o\u011ful(-cu)luk ve tolerans kavramlar\u0131n\u0131 irdelemektedir. Bu iki kavram insanl\u0131k tarihinin \u00f6zellikle d\u00fcnya dinlerinin ortaya \u00e7\u0131kmas\u0131ndan sonraki en b\u00fcy\u00fck felsefi<span class=\"excerpt-hellip\"> [\u2026]<\/span><\/p>\n","protected":false},"featured_media":0,"template":"","meta":{"_monsterinsights_skip_tracking":false,"_monsterinsights_sitenote_active":false,"_monsterinsights_sitenote_note":"","_monsterinsights_sitenote_category":0},"product_brand":[],"product_cat":[16038,12388],"product_tag":[],"class_list":{"0":"post-762774","1":"product","2":"type-product","3":"status-publish","5":"product_cat-arastirma-inceleme-referans-felsefe","6":"product_cat-felsefe","7":"pa_cilt-ciltsiz","8":"pa_tur-kitap","9":"pa_yayinevi-bilgesu-yayincilik","10":"pa_yazar-onur-bilge-kula","12":"first","13":"instock","14":"sale","15":"shipping-taxable","16":"purchasable","17":"product-type-simple"},"_links":{"self":[{"href":"https:\/\/roveyayinevi.com.tr\/index.php\/wp-json\/wp\/v2\/product\/762774","targetHints":{"allow":["GET"]}}],"collection":[{"href":"https:\/\/roveyayinevi.com.tr\/index.php\/wp-json\/wp\/v2\/product"}],"about":[{"href":"https:\/\/roveyayinevi.com.tr\/index.php\/wp-json\/wp\/v2\/types\/product"}],"wp:attachment":[{"href":"https:\/\/roveyayinevi.com.tr\/index.php\/wp-json\/wp\/v2\/media?parent=762774"}],"wp:term":[{"taxonomy":"product_brand","embeddable":true,"href":"https:\/\/roveyayinevi.com.tr\/index.php\/wp-json\/wp\/v2\/product_brand?post=762774"},{"taxonomy":"product_cat","embeddable":true,"href":"https:\/\/roveyayinevi.com.tr\/index.php\/wp-json\/wp\/v2\/product_cat?post=762774"},{"taxonomy":"product_tag","embeddable":true,"href":"https:\/\/roveyayinevi.com.tr\/index.php\/wp-json\/wp\/v2\/product_tag?post=762774"}],"curies":[{"name":"wp","href":"https:\/\/api.w.org\/{rel}","templated":true}]}}