{"id":762683,"date":"2025-08-28T10:17:14","date_gmt":"2025-08-28T07:17:14","guid":{"rendered":"https:\/\/roveyayinevi.com.tr\/index.php\/urun\/korece\/"},"modified":"2026-04-15T03:27:43","modified_gmt":"2026-04-15T00:27:43","slug":"korece","status":"publish","type":"product","link":"https:\/\/roveyayinevi.com.tr\/index.php\/urun\/korece\/","title":{"rendered":"Korece"},"content":{"rendered":"<p>Avrupa Birli\u011fi taraf\u0131ndan kabul edilen ve \u00fcye \u00fclkelerle aday \u00fclkelerde y\u00fcrt\u00fclmekte olan yabanc\u0131 dil \u00f6\u011fretimi faaliyetlerinin genel \u00e7er\u00e7evesini i\u00e7eren Avrupa Dilleri Ortak \u00c7er\u00e7eve program\u0131 (Common Europen Framework) \u00f6l\u00e7\u00fclerine uygun olarak haz\u0131rlanan bu kitap, Korece \u00f6\u011fretimi alan\u0131na yeni bri katk\u0131 yapma amac\u0131yla haz\u0131rlanm\u0131\u015ft\u0131r. A1 ve A2 d\u00fczeyinde temel Korece \u00f6\u011fretimim i\u00e7in haz\u0131rlanan kitap, sadece T\u00fcrkiye i\u00e7in de\u011fil Avrupa Birli\u011fi i\u00e7in de bir ilk olma \u00f6zelli\u011fi ta\u015f\u0131maktad\u0131r. Korece`nin yabanc\u0131 dil olarak \u00f6\u011fretilmesinde kullan\u0131lan materyaller yak\u0131n ge\u00e7mi\u015fe kadar Koredeki \u00fcniversitelerin Korece \u00d6\u011fretim Merkezleri taraf\u0131ndan gelmekteydi.<\/p>\n","protected":false},"excerpt":{"rendered":"<p>Avrupa Birli\u011fi taraf\u0131ndan kabul edilen ve \u00fcye \u00fclkelerle aday \u00fclkelerde y\u00fcrt\u00fclmekte olan yabanc\u0131 dil \u00f6\u011fretimi faaliyetlerinin genel \u00e7er\u00e7evesini i\u00e7eren Avrupa Dilleri Ortak \u00c7er\u00e7eve program\u0131 (Common Europen<span class=\"excerpt-hellip\"> [\u2026]<\/span><\/p>\n","protected":false},"featured_media":0,"template":"","meta":{"_monsterinsights_skip_tracking":false,"_monsterinsights_sitenote_active":false,"_monsterinsights_sitenote_note":"","_monsterinsights_sitenote_category":0},"product_brand":[],"product_cat":[14597,12566],"product_tag":[],"class_list":{"0":"post-762683","1":"product","2":"type-product","3":"status-publish","5":"product_cat-dil-ogrenimi","6":"product_cat-egitim","7":"pa_cilt-ciltsiz","8":"pa_tur-kitap","9":"pa_yayinevi-ankara-universitesi-yayinevi","10":"pa_yazar-kolektif","12":"first","13":"instock","14":"sale","15":"shipping-taxable","16":"purchasable","17":"product-type-simple"},"_links":{"self":[{"href":"https:\/\/roveyayinevi.com.tr\/index.php\/wp-json\/wp\/v2\/product\/762683","targetHints":{"allow":["GET"]}}],"collection":[{"href":"https:\/\/roveyayinevi.com.tr\/index.php\/wp-json\/wp\/v2\/product"}],"about":[{"href":"https:\/\/roveyayinevi.com.tr\/index.php\/wp-json\/wp\/v2\/types\/product"}],"wp:attachment":[{"href":"https:\/\/roveyayinevi.com.tr\/index.php\/wp-json\/wp\/v2\/media?parent=762683"}],"wp:term":[{"taxonomy":"product_brand","embeddable":true,"href":"https:\/\/roveyayinevi.com.tr\/index.php\/wp-json\/wp\/v2\/product_brand?post=762683"},{"taxonomy":"product_cat","embeddable":true,"href":"https:\/\/roveyayinevi.com.tr\/index.php\/wp-json\/wp\/v2\/product_cat?post=762683"},{"taxonomy":"product_tag","embeddable":true,"href":"https:\/\/roveyayinevi.com.tr\/index.php\/wp-json\/wp\/v2\/product_tag?post=762683"}],"curies":[{"name":"wp","href":"https:\/\/api.w.org\/{rel}","templated":true}]}}