{"id":762675,"date":"2025-08-28T10:17:05","date_gmt":"2025-08-28T07:17:05","guid":{"rendered":"https:\/\/roveyayinevi.com.tr\/index.php\/urun\/hasan-ali-yucel-konusmalari\/"},"modified":"2026-04-14T03:24:34","modified_gmt":"2026-04-14T00:24:34","slug":"hasan-ali-yucel-konusmalari","status":"publish","type":"product","link":"https:\/\/roveyayinevi.com.tr\/index.php\/urun\/hasan-ali-yucel-konusmalari\/","title":{"rendered":"Hasan Ali Y\u00fccel Konu\u015fmalar\u0131"},"content":{"rendered":"<p>Olduk\u00e7a zengin bir belge ve kaynak incelemesine dayanan bu kitap, Milli \u015eef D\u00f6nemi Maarif Vekili Hasan Ali Y\u00fccel`in 19 May\u0131s t\u00f6renlerinde, radyoda ve parlamentoda yapt\u0131\u011f\u0131 konu\u015fmalar arac\u0131l\u0131\u011f\u0131yla ulusal kimli\u011fin in\u015fas\u0131nda politik konu\u015fmalar\u0131n i\u015flevlerine i\u015faret etmektedir.Kitab\u0131n ilk b\u00f6l\u00fcm\u00fcnde, Y\u00fccel`in bir ayd\u0131n ve devlet adam\u0131 olarak kimli\u011finin olu\u015fum evreleri, T\u00fcrk ulusal kimli\u011finin olu\u015fum evreleriyle sarmalanarak anlat\u0131lm\u0131\u015f.\u0130kinci b\u00f6l\u00fcm\u00fcnde, tek parti d\u00f6neminde yurtta\u015f terbiyesinin ve ulusal kimlik in\u015fas\u0131n\u0131n bir arac\u0131 olarak politik s\u00f6z\u00fcn \u00f6nemi vurgulanm\u0131\u015f.\u00dc\u00e7\u00fcnc\u00fc b\u00f6l\u00fcm\u00fcnde ise, Y\u00fccel`in politik konu\u015fmalar\u0131n\u0131n analizi arac\u0131l\u0131\u011f\u0131yla, Milli \u015eef d\u00f6nemine hakim olan ulus\u00e7uluk anlay\u0131\u015f\u0131n\u0131n g\u00fcndelik hayat\u0131n i\u00e7ine \u00f6\u011f\u00fctler ve \u00f6neriler yoluyla dahil edilmesinin ve parlamentoda yurtta\u015flar\u0131n kaderlerinin tayin edilmesinin bi\u00e7imleri ve stratejileri betimlenmi\u015ftir.T\u00f6rensel g\u00f6steri s\u00f6ylevleri, radyo ve parlamento konu\u015fmalar\u0131n\u0131n ele\u015ftirel retorik analizi \u00e7er\u00e7evesinde incelendi\u011fi ilk \u00e7al\u0131\u015fma olmas\u0131 itibariyle \u00f6zg\u00fcn bir eser niteli\u011fine sahip olan kitap, ileti\u015fim \u00e7al\u0131\u015fmalar\u0131n\u0131n disiplinler aras\u0131 niteli\u011fini bir kez daha g\u00f6zler \u00f6n\u00fcne sermektedir. <\/p>\n","protected":false},"excerpt":{"rendered":"<p>Olduk\u00e7a zengin bir belge ve kaynak incelemesine dayanan bu kitap, Milli \u015eef D\u00f6nemi Maarif Vekili Hasan Ali Y\u00fccel`in 19 May\u0131s t\u00f6renlerinde, radyoda ve parlamentoda yapt\u0131\u011f\u0131 konu\u015fmalar<span class=\"excerpt-hellip\"> [\u2026]<\/span><\/p>\n","protected":false},"featured_media":0,"template":"","meta":{"_monsterinsights_skip_tracking":false,"_monsterinsights_sitenote_active":false,"_monsterinsights_sitenote_note":"","_monsterinsights_sitenote_category":0},"product_brand":[],"product_cat":[13059,12337],"product_tag":[],"class_list":{"0":"post-762675","1":"product","2":"type-product","3":"status-publish","5":"product_cat-diger-politika-siyaset","6":"product_cat-politika-siyaset","7":"pa_cilt-ciltsiz","8":"pa_tur-kitap","9":"pa_yayinevi-ankara-universitesi-yayinevi","10":"pa_yazar-halise-karaaslan-sanli","12":"first","13":"instock","14":"sale","15":"shipping-taxable","16":"purchasable","17":"product-type-simple"},"_links":{"self":[{"href":"https:\/\/roveyayinevi.com.tr\/index.php\/wp-json\/wp\/v2\/product\/762675","targetHints":{"allow":["GET"]}}],"collection":[{"href":"https:\/\/roveyayinevi.com.tr\/index.php\/wp-json\/wp\/v2\/product"}],"about":[{"href":"https:\/\/roveyayinevi.com.tr\/index.php\/wp-json\/wp\/v2\/types\/product"}],"wp:attachment":[{"href":"https:\/\/roveyayinevi.com.tr\/index.php\/wp-json\/wp\/v2\/media?parent=762675"}],"wp:term":[{"taxonomy":"product_brand","embeddable":true,"href":"https:\/\/roveyayinevi.com.tr\/index.php\/wp-json\/wp\/v2\/product_brand?post=762675"},{"taxonomy":"product_cat","embeddable":true,"href":"https:\/\/roveyayinevi.com.tr\/index.php\/wp-json\/wp\/v2\/product_cat?post=762675"},{"taxonomy":"product_tag","embeddable":true,"href":"https:\/\/roveyayinevi.com.tr\/index.php\/wp-json\/wp\/v2\/product_tag?post=762675"}],"curies":[{"name":"wp","href":"https:\/\/api.w.org\/{rel}","templated":true}]}}