{"id":762633,"date":"2025-08-28T10:15:50","date_gmt":"2025-08-28T07:15:50","guid":{"rendered":"https:\/\/roveyayinevi.com.tr\/index.php\/urun\/dersim-desim\/"},"modified":"2026-01-29T03:56:08","modified_gmt":"2026-01-29T00:56:08","slug":"dersim-desim","status":"publish","type":"product","link":"https:\/\/roveyayinevi.com.tr\/index.php\/urun\/dersim-desim\/","title":{"rendered":"Dersim \/ Desim"},"content":{"rendered":"<p>Dr. Mehmet Y\u0131ld\u0131r\u0131m (D\u00easimli Memed), Dersim\u2019in bilinmeyen son be\u015f as\u0131rl\u0131k tarihini ayd\u0131nlatmak i\u00e7in, tarihin olmazsa olmaz\u0131 olan ar\u015fiv, alan ve literat\u00fcr \u00e7al\u0131\u015fmalar\u0131 ile ciddi verilere ula\u015farak mukayese, analiz ve yorumlama y\u00f6ntemi gibi bilimsel \u00e7al\u0131\u015fma teknikleriyle Dersim Tarihi \u00e7al\u0131\u015fmalar\u0131n\u0131 s\u00fcrd\u00fcren akademisyenlerin ilki ve kutbu oldu. O ilk kez, halk aras\u0131nda \u201cD\u00easim\u201d olarak tan\u0131mlanan y\u00f6re ad\u0131n\u0131n, D\u00easimlu A\u015fireti ile ili\u015fkisini kurup bunu da ar\u015fiv belgeleriyle destekleyerek bu ad\u0131n tarihsel ve etimolojik k\u00f6kenine ula\u015ft\u0131. 1847 y\u0131l\u0131nda bir yaz\u0131m hatas\u0131 sonucu \u201cD\u00easim\u201d olan y\u00f6re ad\u0131n\u0131n \u201cDersim\u201de d\u00f6n\u00fc\u015fmesini ispatlayarak \u201cDersim\u201d ad\u0131 etraf\u0131nda yap\u0131lan hatal\u0131 yorumlar\u0131 sona erdirmi\u015f oldu. O\u2019nun m\u00fctevaz\u0131, \u00e7al\u0131\u015fkan bir akademisyen ve Dersim sevdal\u0131s\u0131 olarak, yedi y\u0131l boyunca Osmanl\u0131 ar\u015fivlerinde bilfiil \u00e7al\u0131\u015fm\u0131\u015fl\u0131\u011f\u0131n\u0131n tan\u0131\u011f\u0131y\u0131m. Ayn\u0131 zamanda O\u2019nu, insan-\u0131 k\u00e2millerimizin; \u201ctarihimiz, klamlar\u0131m\u0131z\u0131n melodisinin s\u0131rt\u0131ndaki m\u0131sralardad\u0131r\u201d \u00f6zdeyi\u015fini de rehber alarak, hayat\u0131n\u0131n 28 y\u0131l\u0131n\u0131 alan ara\u015ft\u0131rmas\u0131 yaparak s\u00f6zl\u00fc haf\u0131zam\u0131z\u0131 kay\u0131t alt\u0131na almas\u0131yla da tan\u0131yorum. Bir\u00e7ok zaman, alan \u00e7al\u0131\u015fmalar\u0131nda beraber olmam\u0131za, kar\u015f\u0131l\u0131kl\u0131 veri al\u0131\u015fveri\u015finde bulunmam\u0131za istinaden Dr. Mehmet Y\u0131ld\u0131r\u0131m\u2019\u0131n kat\u0131l\u0131mc\u0131, payla\u015f\u0131mc\u0131 ki\u015fili\u011fi hakk\u0131nda s\u00f6yleyeceklerimin bu de\u011ferli akademisyen i\u00e7in az olabilece\u011fi d\u00fc\u015f\u00fcncesindeyim. Dr. Mehmet Y\u0131ld\u0131r\u0131m\u2019\u0131n bir iktisat tarih\u00e7isi olarak Tanzimat, \u0130ttihat ve Cumhuriyet d\u00f6nemlerini kapsayan yaz\u0131lar\u0131, tarih, dil, edebiyat ve etnografya disiplinlerini kapsamaktad\u0131r. Dr. Mehmet Y\u0131ld\u0131r\u0131m\u2019\u0131n vefat\u0131 sonras\u0131 bu kitap ile farkl\u0131 yay\u0131nlarda yay\u0131mlanm\u0131\u015f olan yaz\u0131lar\u0131n\u0131n bir araya getirilip \u201ctoplu yaz\u0131lar\u201d olarak okuyucuya sunulmas\u0131 ama\u00e7lanm\u0131\u015ft\u0131r&#8230; Do\u00e7. Dr. Daimi Cengiz&#8230; <\/p>\n","protected":false},"excerpt":{"rendered":"<p>Dr. Mehmet Y\u0131ld\u0131r\u0131m (D\u00easimli Memed), Dersim\u2019in bilinmeyen son be\u015f as\u0131rl\u0131k tarihini ayd\u0131nlatmak i\u00e7in, tarihin olmazsa olmaz\u0131 olan ar\u015fiv, alan ve literat\u00fcr \u00e7al\u0131\u015fmalar\u0131 ile ciddi verilere ula\u015farak<span class=\"excerpt-hellip\"> [\u2026]<\/span><\/p>\n","protected":false},"featured_media":0,"template":"","meta":{"_monsterinsights_skip_tracking":false,"_monsterinsights_sitenote_active":false,"_monsterinsights_sitenote_note":"","_monsterinsights_sitenote_category":0},"product_brand":[],"product_cat":[12370,12304],"product_tag":[],"class_list":{"0":"post-762633","1":"product","2":"type-product","3":"status-publish","5":"product_cat-arastirma-inceleme","6":"product_cat-tarih","7":"pa_cilt-ciltsiz","8":"pa_tur-kitap","9":"pa_yayinevi-utopya-yayinevi","10":"pa_yazar-mehmet-yildirim","12":"first","13":"instock","14":"sale","15":"shipping-taxable","16":"purchasable","17":"product-type-simple"},"_links":{"self":[{"href":"https:\/\/roveyayinevi.com.tr\/index.php\/wp-json\/wp\/v2\/product\/762633","targetHints":{"allow":["GET"]}}],"collection":[{"href":"https:\/\/roveyayinevi.com.tr\/index.php\/wp-json\/wp\/v2\/product"}],"about":[{"href":"https:\/\/roveyayinevi.com.tr\/index.php\/wp-json\/wp\/v2\/types\/product"}],"wp:attachment":[{"href":"https:\/\/roveyayinevi.com.tr\/index.php\/wp-json\/wp\/v2\/media?parent=762633"}],"wp:term":[{"taxonomy":"product_brand","embeddable":true,"href":"https:\/\/roveyayinevi.com.tr\/index.php\/wp-json\/wp\/v2\/product_brand?post=762633"},{"taxonomy":"product_cat","embeddable":true,"href":"https:\/\/roveyayinevi.com.tr\/index.php\/wp-json\/wp\/v2\/product_cat?post=762633"},{"taxonomy":"product_tag","embeddable":true,"href":"https:\/\/roveyayinevi.com.tr\/index.php\/wp-json\/wp\/v2\/product_tag?post=762633"}],"curies":[{"name":"wp","href":"https:\/\/api.w.org\/{rel}","templated":true}]}}