{"id":762632,"date":"2025-08-28T10:15:49","date_gmt":"2025-08-28T07:15:49","guid":{"rendered":"https:\/\/roveyayinevi.com.tr\/index.php\/urun\/kapitalist-mufredat\/"},"modified":"2026-04-15T03:27:42","modified_gmt":"2026-04-15T00:27:42","slug":"kapitalist-mufredat","status":"publish","type":"product","link":"https:\/\/roveyayinevi.com.tr\/index.php\/urun\/kapitalist-mufredat\/","title":{"rendered":"Kapitalist M\u00fcfredat"},"content":{"rendered":"<p>T\u00fcrkiye\u2019de e\u011fitim milyonlarca veli ve \u00f6\u011frenciyi ilgilendiriyor. \u00c7\u00fcnk\u00fc okula bi\u00e7ilen de\u011fer h\u00e2l\u00e2 pozitif ve \u00e7ok etkili. Her aile \u00e7ocu\u011funun ille de \u201cokumas\u0131\u201dn\u0131 istiyor. Yani okul arac\u0131l\u0131\u011f\u0131yla s\u0131n\u0131f atlamak veya stat\u00fc y\u00fckseltmek, pek \u00e7ok ebeveyn ve \u00f6\u011frenci i\u00e7in de\u011ferini ve anlam\u0131n\u0131 koruyor. AKP de uzun iktidar d\u00f6neminde hem okula atfedilen bu pozitif de\u011fer ve anlam\u0131 kullanmas\u0131n\u0131 bildi hem de kendi me\u015frebince e\u011fitim politikalar\u0131 ve prati\u011finde yapt\u0131\u011f\u0131 s\u00f6zde \u201creform\u201d ve \u201cdevrim\u201dlerle de\u011fi\u015fimin mant\u0131\u011f\u0131n\u0131 yakalad\u0131\u011f\u0131n\u0131 iddia etti. Ancak gelinen noktada e\u011fitime dair pek \u00e7ok sonu\u00e7, asl\u0131nda okullar\u0131n derin bir kriz i\u00e7inde oldu\u011funu g\u00f6steriyor. En bilinen negatif g\u00f6sterge olan e\u011fitim kalitesinin d\u00fc\u015f\u00fckl\u00fc\u011f\u00fcn\u00fc herkes kabul ediyor. Kamu okullar\u0131ndan \u00f6zel e\u011fitim kurumlar\u0131na ka\u00e7mak da art\u0131k para etmiyor \u00e7\u00fcnk\u00fc sistemin negatif mant\u0131\u011f\u0131 her yeri e\u015fzamanl\u0131 olarak olumsuz etkiliyor. Peki, bu krizin nedeni ne? Neden, elbette AKP\u2019nin e\u011fitimi hem a\u015f\u0131r\u0131 derecede muhafazak\u00e2rla\u015ft\u0131rmas\u0131 hem de kapitalistle\u015ftirmesidir. \u00d6yle ki bu trendin sonucunda olu\u015fan diploma enflasyonunun yol a\u00e7t\u0131\u011f\u0131 okuryazar i\u015fsizler, korkun\u00e7 bir gelecek kayg\u0131s\u0131 ya\u015famaya ba\u015flad\u0131lar. \u00d6rne\u011fin \u00f6\u011fretmen, atanamasa b\u00fcy\u00fck bir sorun, atansa ba\u015fka bir sorun. Milli e\u011fitim sistemi tam bir yapboz tahtas\u0131na d\u00f6n\u00fc\u015ft\u00fcr\u00fcld\u00fc. De\u011fi\u015ftirilen dokuz e\u011fitim bakan\u0131 da sorunlar\u0131n \u00e7\u00f6z\u00fcm\u00fcnde \u00e7are olamad\u0131. Harcanan onca para, emek ve kaynak maalesef kalitesiz, e\u015fitsiz ve anti-demokratik e\u011fitimin sorunlar\u0131n\u0131 \u00e7\u00f6zemedi. Kemal \u0130nal, farkl\u0131 tarihlerde yazd\u0131\u011f\u0131 kitap b\u00f6l\u00fcm\u00fc ve makalelerinin yer ald\u0131\u011f\u0131 bu \u00e7al\u0131\u015fmas\u0131nda genelde AKP\u2019nin ba\u015far\u0131s\u0131z e\u011fitim politikalar\u0131n\u0131n analizini yapmakta, \u00f6zelde ise m\u00fcfredatlara odaklanarak merkeziyet\u00e7i, standart ve tek\u00e7i devlet akl\u0131n\u0131n \u00f6\u011fretim program\u0131 yaparken ne t\u00fcr hatalar i\u015fledi\u011fini ortaya koymaktad\u0131r. \u0130nal\u2019\u0131n bu \u00e7al\u0131\u015fmas\u0131, e\u011fitime ele\u015ftirel analiz yaparak yakla\u015fman\u0131n \u00f6nemini g\u00f6sterdi\u011fi i\u00e7in okunup \u00fczerinde de\u011ferlendirmede bulunmay\u0131 hak ediyor. <\/p>\n","protected":false},"excerpt":{"rendered":"<p>T\u00fcrkiye\u2019de e\u011fitim milyonlarca veli ve \u00f6\u011frenciyi ilgilendiriyor. \u00c7\u00fcnk\u00fc okula bi\u00e7ilen de\u011fer h\u00e2l\u00e2 pozitif ve \u00e7ok etkili. Her aile \u00e7ocu\u011funun ille de \u201cokumas\u0131\u201dn\u0131 istiyor. Yani okul arac\u0131l\u0131\u011f\u0131yla<span class=\"excerpt-hellip\"> [\u2026]<\/span><\/p>\n","protected":false},"featured_media":0,"template":"","meta":{"_monsterinsights_skip_tracking":false,"_monsterinsights_sitenote_active":false,"_monsterinsights_sitenote_note":"","_monsterinsights_sitenote_category":0},"product_brand":[],"product_cat":[13059,12337],"product_tag":[],"class_list":{"0":"post-762632","1":"product","2":"type-product","3":"status-publish","5":"product_cat-diger-politika-siyaset","6":"product_cat-politika-siyaset","7":"pa_cilt-ciltsiz","8":"pa_tur-kitap","9":"pa_yayinevi-toz-yayinlari","10":"pa_yazar-kemal-inal","12":"first","13":"instock","14":"sale","15":"shipping-taxable","16":"purchasable","17":"product-type-simple"},"_links":{"self":[{"href":"https:\/\/roveyayinevi.com.tr\/index.php\/wp-json\/wp\/v2\/product\/762632","targetHints":{"allow":["GET"]}}],"collection":[{"href":"https:\/\/roveyayinevi.com.tr\/index.php\/wp-json\/wp\/v2\/product"}],"about":[{"href":"https:\/\/roveyayinevi.com.tr\/index.php\/wp-json\/wp\/v2\/types\/product"}],"wp:attachment":[{"href":"https:\/\/roveyayinevi.com.tr\/index.php\/wp-json\/wp\/v2\/media?parent=762632"}],"wp:term":[{"taxonomy":"product_brand","embeddable":true,"href":"https:\/\/roveyayinevi.com.tr\/index.php\/wp-json\/wp\/v2\/product_brand?post=762632"},{"taxonomy":"product_cat","embeddable":true,"href":"https:\/\/roveyayinevi.com.tr\/index.php\/wp-json\/wp\/v2\/product_cat?post=762632"},{"taxonomy":"product_tag","embeddable":true,"href":"https:\/\/roveyayinevi.com.tr\/index.php\/wp-json\/wp\/v2\/product_tag?post=762632"}],"curies":[{"name":"wp","href":"https:\/\/api.w.org\/{rel}","templated":true}]}}