{"id":762462,"date":"2025-08-28T10:10:05","date_gmt":"2025-08-28T07:10:05","guid":{"rendered":"https:\/\/roveyayinevi.com.tr\/index.php\/urun\/kurtulus-savasindan-cumhuriyete-ankara\/"},"modified":"2026-04-15T03:27:37","modified_gmt":"2026-04-15T00:27:37","slug":"kurtulus-savasindan-cumhuriyete-ankara","status":"publish","type":"product","link":"https:\/\/roveyayinevi.com.tr\/index.php\/urun\/kurtulus-savasindan-cumhuriyete-ankara\/","title":{"rendered":"Kurtulu\u015f Sava\u015f\u0131\u2019ndan Cumhuriyet\u2019e Ankara"},"content":{"rendered":"<p>\u201cHasan \u00c7eki\u00e7 taraf\u0131ndan haz\u0131rlanan \u201cKurtulu\u015f Sava\u015f\u0131\u2019ndan Cumhuriyete Ankara\u201d isimli \u00e7al\u0131\u015fma Mondros M\u00fctarekesinden Cumhuriyetin ilan\u0131na kadar geli\u015fen olaylar\u0131 akademik metottan ziyade pop\u00fcler tarih tarz\u0131nda ele alan derleme tarz\u0131nda bir \u00e7al\u0131\u015fmad\u0131r. Tarihe merakl\u0131 ve ad\u0131 ge\u00e7en d\u00f6neme ilgi duyan okuyucular\u0131n zevkle okuyacaklar\u0131 ve bilgilenecekleri bir kitapt\u0131r. Kitapta y\u00fczlerce matbu evraktan istifa edilmi\u015f ve sadece Ankara de\u011fil Mili M\u00fccadele tarihi ile ilgili derli toplu bir eser ortaya \u00e7\u0131km\u0131\u015ft\u0131r. B\u00fcy\u00fck bir emek sarf edilerek yap\u0131lan bu \u00e7al\u0131\u015fmay\u0131 takdirle kar\u015f\u0131l\u0131yor hay\u0131rl\u0131 olmas\u0131n\u0131 diliyorum.\u201d (Prof. Dr. Hale \u015e\u0131vg\u0131n Hac\u0131 Bayram Veli \u00dcniversitesi Tarih B\u00f6l\u00fcm\u00fc \u00d6\u011fretim \u00dcyesi)   \u201cZaferden sonra h\u00fck\u00fcmet \u015fekli Cumhuriyet olacakt\u0131r.\u201c (Mustafa Kemal (Atat\u00fcrk) Erzurum Kongresi g\u00fcnlerinde 23 Temmuz-7 A\u011fustos 1919) \u201cB\u00fct\u00fcn d\u00fcnyan\u0131n kuvvetine kar\u015f\u0131 ulusal bir hareket yaratmak\u2026 Ne \u00e7ocuk\u00e7a bir hayal\u2026\u201d  Times Gazetesi, (Mustafa Kemal\u2019in 27 Aral\u0131k 1919\u2019da Ankara\u2019ya geli\u015fini b\u00f6yle yazm\u0131\u015ft\u0131r.) \u201cBir pat\u0131rt\u0131, bir g\u00fcr\u00fclt\u00fc. Beyannameler, telgraflar\u2026 Sanki bir \u015feyler oluyor, olacak. Ayol \u015furac\u0131kta her i\u015fimiz, her kuvvetimiz meydanda. D\u00fcnya durumumuzu biliyor. D\u00fc\u015f\u00fcn, bl\u00f6f\u00fcn s\u0131ras\u0131 m\u0131? Hangi te\u015fkilat, hangi kuvvet, hangi kahraman? Kuzum Mustafa, sen deli misin?\u201d(Mustafa Kemal\u2019in 27 Aral\u0131k 1919\u2019da Ankara\u2019ya geli\u015fi \u00fczerine Refik Halit Karay\u2019\u0131n yorumu) \u201c\u0130\u015fittim ki baz\u0131 arkada\u015flar yoksullu\u011fumuzu bahane ederek memleketlerine d\u00f6nmek istiyorlarm\u0131\u015f. Ben kimseyi zorla Milli Meclise davet etmedim. Herkes karar\u0131nda h\u00fcrd\u00fcr, bunlara ba\u015fkalar\u0131 da kat\u0131labilirler. Ben bu kutsal davaya inanm\u0131\u015f bir insan s\u0131fat\u0131yla buradan bir yere gitmemeye karar verdim. Hatta hepiniz gidebilirsiniz. Asker Mustafa Kemal mavzerini eline al\u0131r, fi\u015feklerini g\u00f6\u011fs\u00fcne dizer, bir eline de bayra\u011f\u0131 al\u0131r, bu \u015fekilde Elmada\u011f\u2019\u0131na \u00e7\u0131kar, orada tek kur\u015funum kalana kadar vatan\u0131 m\u00fcdafaa ederim. Kur\u015funlar\u0131m bitince bu aciz v\u00fccudumu bayra\u011f\u0131ma sarar, d\u00fc\u015fman kur\u015funlar\u0131yla yaralan\u0131r, temiz kan\u0131m\u0131, kutsal bayra\u011f\u0131ma i\u00e7ire i\u00e7ire tek ba\u015f\u0131ma can veririm. Ben buna ant i\u00e7tim.\u201d (Mustafa Kemal (Atat\u00fcrk) Meclis\u2019in a\u00e7\u0131ld\u0131\u011f\u0131 ilk g\u00fcnler 1920) \u201cAnkara benzerlerinden \u00fcst\u00fcn \u201cBa\u015fkent\u2019 Olsun\u201d (R\u00e2z\u00ee, 1699) \u201cAnkara ba\u015fkent olacak\u201d (M\u00fc\u015ftak Baba, D.?- \u00d6.1830) \u201cStratejik sebeplerden dolay\u0131 Osmanl\u0131 \u0130mparatorlu\u011fu ba\u015fkenti Ankara olmal\u0131d\u0131r\u201d  (H.Von Moltke (1836-1839 y\u0131llar\u0131 aras\u0131nda Osmanl\u0131 ordusunda askeri dan\u0131\u015fman) \u201cOsmanl\u0131 ba\u015fkentinin ta\u015f\u0131nmas\u0131 gerekti\u011fini epeydir s\u00f6ylerim. H\u00fck\u00fcmet \u0130stanbul\u2019da kald\u0131k\u00e7a, g\u00f6zlerini hep Avrupa\u2019ya \u00e7evirecektir.\u201d (Von der Goltz Pa\u015fa 1883-1895 y\u0131llar\u0131 aras\u0131nda askeri okullar m\u00fcfetti\u015fi ve askeri dan\u0131\u015fman.) \u201cTarih bize Ankara\u2019n\u0131n merkez olmas\u0131n\u0131 emretmi\u015ftir. Binaenaleyh yap\u0131lacak yeg\u00e2ne i\u015f Ankara\u2019y\u0131 medeni bir merkez haline sokmak veya \u015fanl\u0131 merkezimizi bir \u015fehir haline getirmekten ibarettir. (Mustafa Kemal (Atat\u00fcrk) (16\/17 Ocak 1923 \u0130zmit Kasr-\u0131 H\u00fcmayun) <\/p>\n","protected":false},"excerpt":{"rendered":"<p>\u201cHasan \u00c7eki\u00e7 taraf\u0131ndan haz\u0131rlanan \u201cKurtulu\u015f Sava\u015f\u0131\u2019ndan Cumhuriyete Ankara\u201d isimli \u00e7al\u0131\u015fma Mondros M\u00fctarekesinden Cumhuriyetin ilan\u0131na kadar geli\u015fen olaylar\u0131 akademik metottan ziyade pop\u00fcler tarih tarz\u0131nda ele alan derleme<span class=\"excerpt-hellip\"> [\u2026]<\/span><\/p>\n","protected":false},"featured_media":0,"template":"","meta":{"_monsterinsights_skip_tracking":false,"_monsterinsights_sitenote_active":false,"_monsterinsights_sitenote_note":"","_monsterinsights_sitenote_category":0},"product_brand":[],"product_cat":[12312,12304],"product_tag":[],"class_list":{"0":"post-762462","1":"product","2":"type-product","3":"status-publish","5":"product_cat-diger","6":"product_cat-tarih","7":"pa_cilt-ciltsiz","8":"pa_tur-kitap","9":"pa_yayinevi-zet-akademi-yayinlari","10":"pa_yazar-hasan-cekic","12":"first","13":"instock","14":"sale","15":"shipping-taxable","16":"purchasable","17":"product-type-simple"},"_links":{"self":[{"href":"https:\/\/roveyayinevi.com.tr\/index.php\/wp-json\/wp\/v2\/product\/762462","targetHints":{"allow":["GET"]}}],"collection":[{"href":"https:\/\/roveyayinevi.com.tr\/index.php\/wp-json\/wp\/v2\/product"}],"about":[{"href":"https:\/\/roveyayinevi.com.tr\/index.php\/wp-json\/wp\/v2\/types\/product"}],"wp:attachment":[{"href":"https:\/\/roveyayinevi.com.tr\/index.php\/wp-json\/wp\/v2\/media?parent=762462"}],"wp:term":[{"taxonomy":"product_brand","embeddable":true,"href":"https:\/\/roveyayinevi.com.tr\/index.php\/wp-json\/wp\/v2\/product_brand?post=762462"},{"taxonomy":"product_cat","embeddable":true,"href":"https:\/\/roveyayinevi.com.tr\/index.php\/wp-json\/wp\/v2\/product_cat?post=762462"},{"taxonomy":"product_tag","embeddable":true,"href":"https:\/\/roveyayinevi.com.tr\/index.php\/wp-json\/wp\/v2\/product_tag?post=762462"}],"curies":[{"name":"wp","href":"https:\/\/api.w.org\/{rel}","templated":true}]}}