{"id":762444,"date":"2025-08-28T10:09:28","date_gmt":"2025-08-28T07:09:28","guid":{"rendered":"https:\/\/roveyayinevi.com.tr\/index.php\/urun\/oguz-isyani\/"},"modified":"2026-04-15T03:27:37","modified_gmt":"2026-04-15T00:27:37","slug":"oguz-isyani","status":"publish","type":"product","link":"https:\/\/roveyayinevi.com.tr\/index.php\/urun\/oguz-isyani\/","title":{"rendered":"O\u011fuz \u0130syan\u0131"},"content":{"rendered":"<p>\u00b7         Tarih boyunca sava\u015f\u00e7\u0131 bir nitelik g\u00f6steren O\u011fuzlar, pek \u00e7ok T\u00fcrk devletinin kurulu\u015funa nas\u0131l damga vurmu\u015ftur? \u00b7         G\u00f6\u00e7ebe O\u011fuz boylar\u0131, kendi kurmu\u015f olduklar\u0131 Sel\u00e7uklu ve Osmanl\u0131 \u0130mparatorluklar\u0131na kar\u015f\u0131 nas\u0131l bir diren\u00e7 g\u00f6stermi\u015flerdir? \u00b7         Varl\u0131klar\u0131n\u0131 korumak i\u00e7in hangi k\u00fclt\u00fcrel ve siyasal s\u00fcre\u00e7lerin i\u00e7inde bulunmu\u015flard\u0131r? \u00b7         Sel\u00e7uklular ve Osmanl\u0131lar, bir \u00e7eli\u015fki gibi g\u00f6r\u00fcnse de kurucular\u0131 olan O\u011fuz-T\u00fcrkmenleri kendi varl\u0131klar\u0131na neden bir tehlike olarak g\u00f6rm\u00fc\u015f ve onlar\u0131 d\u0131\u015flam\u0131\u015ft\u0131r? \u00b7         O\u011fuzlar, Sultan Sancar\u2019a neden isyan etmi\u015ftir? Sel\u00e7uklu Devleti\u2019ni y\u0131k\u0131l\u0131\u015fa g\u00f6t\u00fcren d\u00f6nemde O\u011fuz \u0130syan\u0131\u2019n\u0131n rol\u00fc nedir?Sultan Sancar devri, B\u00fcy\u00fck Sel\u00e7uklu Devleti\u2019nin en kritik d\u00f6nemini olu\u015fturur. O, devleti siyas\u00ee, asker\u00ee, idar\u00ee ve ekonomik a\u00e7\u0131lardan zirveye ula\u015ft\u0131rd\u0131\u011f\u0131 gibi ayn\u0131 zamanda devletin y\u0131k\u0131l\u0131\u015fa do\u011fru gitti\u011fi d\u00f6nemleri de g\u00f6rm\u00fc\u015ft\u00fcr. Sultan Sancar d\u00f6nemi, T\u00fcrk-O\u011fuz toplumunun ba\u011f\u0131ms\u0131zl\u0131k ile h\u00e2kimiyet konusundaki hassasiyetlerine g\u00f6sterdi\u011fi reflekslere dair en \u00f6nemli d\u00f6nemlerden biridir. \u00c7\u00fcnk\u00fc O\u011fuzlar\u0131n sultana isyan etmesiyle birlikte devletin y\u0131k\u0131lma d\u00f6nemi ba\u015flam\u0131\u015ft\u0131r. O\u011fuzlar\u0131n g\u00f6\u00e7 etmesi ve hele bunun sonucunda Sel\u00e7uklu Devleti\u2019nin y\u0131k\u0131larak yerine yeni devletlerin kurulmas\u0131 T\u00fcrk tarihindeki en \u00f6nemli olaylardan biridir.Prof. Dr. Ergin Ayan elinizdeki \u00e7al\u0131\u015fmada T\u00fcrk toplumunun h\u00e2kimiyet konusundaki tutumunu, tarihimizdeki bir\u00e7ok \u00f6rne\u011fin yan\u0131 s\u0131ra, Sultan Sancar d\u00f6nemi olaylar\u0131 ile de ortaya koyuyor. Sultan Sancar\u2019a isyan eden O\u011fuzlar\u0131n, Sel\u00e7uklu Devleti\u2019nin y\u0131k\u0131lma d\u00f6nemi ile, bu s\u00fcre\u00e7ten sonraki Mo\u011fol istilas\u0131na kadar Hor\u00e2s\u00e2n ve civar\u0131ndaki siyasal faaliyetleri kitap boyunca derinlemesine sorgulan\u0131yor. O\u011eUZ \u0130SYANI \u2013 B\u00fcy\u00fck Sel\u00e7uklu \u0130mparatorlu\u011fu\u2019nun Y\u0131k\u0131l\u0131\u015f\u0131, T\u00fcrk tarihinin belgelerle ve bulgularla ayd\u0131nlat\u0131lmaya en \u00e7ok ihtiya\u00e7 duyulan d\u00f6nemine dair benzeri g\u00f6r\u00fclmemi\u015f bir \u00e7al\u0131\u015fma.<\/p>\n","protected":false},"excerpt":{"rendered":"<p>\u00b7 Tarih boyunca sava\u015f\u00e7\u0131 bir nitelik g\u00f6steren O\u011fuzlar, pek \u00e7ok T\u00fcrk devletinin kurulu\u015funa nas\u0131l damga vurmu\u015ftur? \u00b7 G\u00f6\u00e7ebe O\u011fuz boylar\u0131, kendi kurmu\u015f olduklar\u0131 Sel\u00e7uklu ve Osmanl\u0131<span class=\"excerpt-hellip\"> [\u2026]<\/span><\/p>\n","protected":false},"featured_media":0,"template":"","meta":{"_monsterinsights_skip_tracking":false,"_monsterinsights_sitenote_active":false,"_monsterinsights_sitenote_note":"","_monsterinsights_sitenote_category":0},"product_brand":[],"product_cat":[12312,12304],"product_tag":[],"class_list":{"0":"post-762444","1":"product","2":"type-product","3":"status-publish","5":"product_cat-diger","6":"product_cat-tarih","7":"pa_cilt-ciltsiz","8":"pa_tur-kitap","9":"pa_yayinevi-kronik-kitap","10":"pa_yazar-ergin-ayan","12":"first","13":"instock","14":"sale","15":"shipping-taxable","16":"purchasable","17":"product-type-simple"},"_links":{"self":[{"href":"https:\/\/roveyayinevi.com.tr\/index.php\/wp-json\/wp\/v2\/product\/762444","targetHints":{"allow":["GET"]}}],"collection":[{"href":"https:\/\/roveyayinevi.com.tr\/index.php\/wp-json\/wp\/v2\/product"}],"about":[{"href":"https:\/\/roveyayinevi.com.tr\/index.php\/wp-json\/wp\/v2\/types\/product"}],"wp:attachment":[{"href":"https:\/\/roveyayinevi.com.tr\/index.php\/wp-json\/wp\/v2\/media?parent=762444"}],"wp:term":[{"taxonomy":"product_brand","embeddable":true,"href":"https:\/\/roveyayinevi.com.tr\/index.php\/wp-json\/wp\/v2\/product_brand?post=762444"},{"taxonomy":"product_cat","embeddable":true,"href":"https:\/\/roveyayinevi.com.tr\/index.php\/wp-json\/wp\/v2\/product_cat?post=762444"},{"taxonomy":"product_tag","embeddable":true,"href":"https:\/\/roveyayinevi.com.tr\/index.php\/wp-json\/wp\/v2\/product_tag?post=762444"}],"curies":[{"name":"wp","href":"https:\/\/api.w.org\/{rel}","templated":true}]}}