{"id":762425,"date":"2025-08-28T10:08:26","date_gmt":"2025-08-28T07:08:26","guid":{"rendered":"https:\/\/roveyayinevi.com.tr\/index.php\/urun\/oguz-kagandan-murat-hudavendigara-osmanli-tarihi-bir-deha-dusun-1\/"},"modified":"2026-01-30T03:55:36","modified_gmt":"2026-01-30T00:55:36","slug":"oguz-kagandan-murat-hudavendigara-osmanli-tarihi-bir-deha-dusun-1","status":"publish","type":"product","link":"https:\/\/roveyayinevi.com.tr\/index.php\/urun\/oguz-kagandan-murat-hudavendigara-osmanli-tarihi-bir-deha-dusun-1\/","title":{"rendered":"O\u011fuz Ka\u011fan\u2019dan Murat H\u00fcdavendigar\u2019a Osmanl\u0131 Tarihi Bir Deha D\u00fc\u015f\u00fcn-1"},"content":{"rendered":"<p>\u2022 Bir deha d\u00fc\u015f\u00fcn; ata topraklar\u0131n\u0131 T\u00fcrk\u2019\u00fcn ba\u011f\u0131ms\u0131zl\u0131k ate\u015fiyle harlay\u0131p, \u00f6zg\u00fcrl\u00fc\u011f\u00fcn\u00fc bozk\u0131r\u0131n \u00e7elikten sert so\u011fu\u011funda bileyip Allah\u2019tan ba\u015fkas\u0131na e\u011filmeyen bedenini Caber Kalesi\u2019nde b\u0131rakmam\u0131\u015f olsun\u2026 \u2022 Bir Deha D\u00fc\u015f\u00fcn; babas\u0131ndan kalan d\u00f6rt y\u00fcz \u00e7ad\u0131rl\u0131k obas\u0131 ve birde vazge\u00e7ilmez Anadolu sevdas\u0131yla ile \u00c2li Sel\u00e7uk\u2019un e\u015fi\u011fine diz k\u0131r\u0131p, ahi oca\u011f\u0131nda el s\u0131k\u0131\u015f\u0131p, Mevlana\u2019dan mu\u015ftu al\u0131p, H\u0131z\u0131r\u2019\u0131n yolda\u015fl\u0131\u011f\u0131nda a\u015firetini Bizans\u2019\u0131n \u015fah damar\u0131na kurmam\u0131\u015f olsun\u2026 \u2022 Bir Deha D\u00fc\u015f\u00fcn; \u015eeyh Edebali dergah\u0131nda Kelamullaha edebinden uykusuna galip olup, sabah\u0131n\u0131n vuslat\u0131nda uyand\u0131\u011f\u0131 r\u00fcyas\u0131nda 623 senelik devlete yorumlanan, \u015eeyhinin duas\u0131nda a\u015firetini beylik de solukland\u0131ran, \u00fc\u00e7 k\u0131ta ve yedi d\u00fcvele ferman olacak s\u00f6z\u00fcn\u00fc \u201cOsmanl\u0131\u201d diye yazd\u0131ran, ali Osman\u2019\u0131n atas\u0131, devlet-i Aliye-yi Osman\u2019\u0131n kurucusu ,36 fatihan\u0131n okuyucusu Osman Gazi olmam\u0131\u015f olsun\u2026 \u2022 Bir Deha D\u00fc\u015f\u00fcn; Bursa\u2019y\u0131 al\u0131p ba\u015fkent k\u0131ls\u0131n, suya seccade salanlara o\u011flu S\u00fcleyman Pa\u015fa\u2019y\u0131 ba\u015fbu\u011f edip Rumeli\u2019ye sals\u0131n. Edirne fatihine desin ki: Sen Murad\u2019s\u0131n. Geyikli Baba tekkesinde bir yi\u011fit Gazi Han\u2019s\u0131n. Beylikten devlete giden yolda fermans\u0131n. Otuz yedi y\u0131ll\u0131k saltanat\u0131nda en uzun ya\u015fayan evlad\u0131 Osman\u2019s\u0131n. G\u00fcm\u00fc\u015fl\u00fc K\u00fcmbette \u00fczerinize Allah\u2019\u0131n rahmeti, m\u00fclk\u00fc Osmanl\u0131\u2019n\u0131n duas\u0131 ya\u011fs\u0131n. \u00dcmmetin aras\u0131na tefrika girmesin, devlet b\u00f6l\u00fcnmesin diyerek T\u00fcrk\u2019\u00fcn kadim t\u00f6resi \u00fcle\u015ftirmeyi reddeden Sultan-ul Azam Gazi Orhan Bey olmam\u0131\u015f olsun\u2026  \u2022 Bir Deha D\u00fc\u015f\u00fcn; \u0130lk beylerbeyli\u011fini kurup Rumeli\u2019de ha\u00e7l\u0131lar\u0131 S\u0131rps\u0131nd\u0131\u011f\u0131\u2019nda tarihe g\u00f6mmemi\u015f olsun. Aleme nizam veren, tam \u00fc\u00e7 y\u00fcz y\u0131l sava\u015f meydanlar\u0131n\u0131 titreten, zalime korku dosta g\u00fcven veren, bordo berelilerin hamurunu olu\u015fturan Yeni\u00e7eri Oca\u011f\u0131\u2019n\u0131 kurmam\u0131\u015f olsun. Milletin aras\u0131na fitne girmesin diyerek ilk defa evlad\u0131ndan vazge\u00e7en baba olmam\u0131\u015f olsun. Mevlana hazretlerini Osmano\u011fullar\u0131 ile h\u0131s\u0131m eden el olsun. \u0130slam\u2019\u0131n sancaktar\u0131, \u00fcmmetin bek\u00e7isi askeriyeyi Muhammediye helak olmas\u0131n da onlar\u0131n yerine ben kurban olay\u0131m diyerek, Allah a\u015fk\u0131yla a\u011flayan g\u00f6zlerinden d\u00f6k\u00fclen ya\u015fta, \u0130smail gibi \u0130brahim\u2019ine uzat\u0131lan ba\u015fta Gazi H\u00fcnk\u00e2r olmam\u0131\u015f olsun. Ve Kosova Ovas\u0131\u2019na gelirken Gazi-i Mutlak iken, Kosova\u2019n\u0131n ortas\u0131nda \u015eEH\u0130T-\u0130 MUHAKKAK olmam\u0131\u015f olsun&#8230; \u2022 Bir Deha D\u00fc\u015f\u00fcn; S\u00fcleyman \u015eah ile Caber\u2019de s\u0131rland\u0131\u011f\u0131n\u0131, \u2022 Bir Deha D\u00fc\u015f\u00fcn; Ertu\u011frul Gazi ile S\u00f6\u011f\u00fctte solukland\u0131\u011f\u0131n\u0131, \u2022 Bir Deha D\u00fc\u015f\u00fcn; Osman Gazi ile Bursa\u2019da payitahtl\u0131\u011f\u0131n\u0131, \u2022 Bir Deha D\u00fc\u015f\u00fcn; Orhan Gazi ile Rumeli\u2019de fatihanl\u0131\u011f\u0131n\u0131, \u2022 Bir Deha D\u00fc\u015f\u00fcn; Balkanlardaki m\u00fchr\u00fcm\u00fcz Me\u015fhed-i H\u00fcdavendigar ile devlet-i Ali Osman\u2019\u0131\u2026 <\/p>\n","protected":false},"excerpt":{"rendered":"<p>\u2022 Bir deha d\u00fc\u015f\u00fcn; ata topraklar\u0131n\u0131 T\u00fcrk\u2019\u00fcn ba\u011f\u0131ms\u0131zl\u0131k ate\u015fiyle harlay\u0131p, \u00f6zg\u00fcrl\u00fc\u011f\u00fcn\u00fc bozk\u0131r\u0131n \u00e7elikten sert so\u011fu\u011funda bileyip Allah\u2019tan ba\u015fkas\u0131na e\u011filmeyen bedenini Caber Kalesi\u2019nde b\u0131rakmam\u0131\u015f olsun\u2026 \u2022 Bir<span class=\"excerpt-hellip\"> [\u2026]<\/span><\/p>\n","protected":false},"featured_media":0,"template":"","meta":{"_monsterinsights_skip_tracking":false,"_monsterinsights_sitenote_active":false,"_monsterinsights_sitenote_note":"","_monsterinsights_sitenote_category":0},"product_brand":[],"product_cat":[13517,12304],"product_tag":[],"class_list":{"0":"post-762425","1":"product","2":"type-product","3":"status-publish","5":"product_cat-osmanli-tarihi","6":"product_cat-tarih","7":"pa_cilt-ciltsiz","8":"pa_tur-kitap","9":"pa_yayinevi-vova-yayinlari","10":"pa_yazar-muhammed-polat","12":"first","13":"instock","14":"sale","15":"shipping-taxable","16":"purchasable","17":"product-type-simple"},"_links":{"self":[{"href":"https:\/\/roveyayinevi.com.tr\/index.php\/wp-json\/wp\/v2\/product\/762425","targetHints":{"allow":["GET"]}}],"collection":[{"href":"https:\/\/roveyayinevi.com.tr\/index.php\/wp-json\/wp\/v2\/product"}],"about":[{"href":"https:\/\/roveyayinevi.com.tr\/index.php\/wp-json\/wp\/v2\/types\/product"}],"wp:attachment":[{"href":"https:\/\/roveyayinevi.com.tr\/index.php\/wp-json\/wp\/v2\/media?parent=762425"}],"wp:term":[{"taxonomy":"product_brand","embeddable":true,"href":"https:\/\/roveyayinevi.com.tr\/index.php\/wp-json\/wp\/v2\/product_brand?post=762425"},{"taxonomy":"product_cat","embeddable":true,"href":"https:\/\/roveyayinevi.com.tr\/index.php\/wp-json\/wp\/v2\/product_cat?post=762425"},{"taxonomy":"product_tag","embeddable":true,"href":"https:\/\/roveyayinevi.com.tr\/index.php\/wp-json\/wp\/v2\/product_tag?post=762425"}],"curies":[{"name":"wp","href":"https:\/\/api.w.org\/{rel}","templated":true}]}}