{"id":762299,"date":"2025-08-28T10:04:28","date_gmt":"2025-08-28T07:04:28","guid":{"rendered":"https:\/\/roveyayinevi.com.tr\/index.php\/urun\/toplumsal-yapi\/"},"modified":"2026-04-15T03:27:15","modified_gmt":"2026-04-15T00:27:15","slug":"toplumsal-yapi","status":"publish","type":"product","link":"https:\/\/roveyayinevi.com.tr\/index.php\/urun\/toplumsal-yapi\/","title":{"rendered":"Toplumsal Yap\u0131"},"content":{"rendered":"<p>\u201cT\u0131pk\u0131 d\u00fcnyada oldu\u011fu gibi, T\u00fcrkiye\u2019de de toplumsal yap\u0131 tan\u0131mlar\u0131 aras\u0131nda farklar var. Bunlar toplumsal yap\u0131n\u0131n sorunsalla\u015ft\u0131r\u0131lmas\u0131na ve incelenmesi s\u0131ras\u0131nda izlenen yol ve y\u00f6ntemlere yans\u0131yor. T\u00fcm bu \u00e7e\u015fitlili\u011fine ra\u011fmen, toplumsal yap\u0131 incelemelerinde istatikselle\u015ftirilmi\u015f demografik, s\u0131n\u0131fsal ya da k\u00fclt\u00fcrel olu\u015fumlar, \u0131rksal, dinsel tahakk\u00fcm ili\u015fkileri, toplumsal cinsiyet rejimleri, yani ilk bak\u0131\u015fta bizlere d\u0131\u015fsal gibi g\u00f6r\u00fcnen b\u00fcy\u00fck \u00e7apl\u0131 olgular kar\u015f\u0131m\u0131za \u00e7\u0131kar. Oysa toplumsal yap\u0131, ayn\u0131 zamanda maddi ve sembolik (k\u00fclt\u00fcrel) pratiklerimizin, g\u00f6m\u00fcl\u00fc oldu\u011fu ili\u015fki a\u011flar\u0131n\u0131n d\u0131\u015f\u0131nda bir olgu de\u011fildir. Toplumsal yap\u0131n\u0131n harc\u0131n\u0131 ve ta\u015f\u0131y\u0131c\u0131 unsurlar\u0131n\u0131 somut, ger\u00e7ek insanlar, onlar\u0131n maddi faaliyetleri, reel ili\u015fkileri ve bunlar hakk\u0131ndaki tasavvurlar\u0131 olu\u015fturur. Toplumsal yap\u0131y\u0131 bu b\u00fct\u00fcnselli\u011fi dikkate alarak incelemek gerekir.\u201d Cem \u00d6zatalay Yirmi be\u015f bilim insan\u0131n\u0131n katk\u0131lar\u0131yla kapsaml\u0131 bir temel referans kitab\u0131 olarak haz\u0131rlanan Toplumsal Yap\u0131 &#8211; T\u00fcrkiye\u2019de E\u015fitsizlik, Tahakk\u00fcm, De\u011fi\u015fim, sermaye birikimi, n\u00fcfus de\u011fi\u015fimleri, ailenin d\u00f6n\u00fc\u015f\u00fcm\u00fc, tar\u0131mda d\u00f6n\u00fc\u015f\u00fcm, \u00fcretimin yap\u0131s\u0131, devlet-sermaye ili\u015fkilerini g\u00fcncel veriler \u0131\u015f\u0131\u011f\u0131nda ele al\u0131yor. Kent ve \u00e7evre sorunlar\u0131, kad\u0131n i\u015fg\u00fcc\u00fcn\u00fcn durumu, toplumsal cinsiyet rejimi, e\u015fitlik sorunlar\u0131, \u0131rk\u00e7\u0131l\u0131k, sendikal ve mesleki \u00f6rg\u00fctlenmeler, orta s\u0131n\u0131flar\u0131n ve esnaf\u0131n konumunda de\u011fi\u015fimler, toplumsal m\u00fccadele alanlar\u0131 gibi konulara e\u011filiyor. Bu de\u011fi\u015fim ve m\u00fccadelelerin k\u00fclt\u00fcrel alana yans\u0131mas\u0131na ve aile i\u00e7inde, \u00e7al\u0131\u015fma hayat\u0131nda ve dinsel alanda h\u00fck\u00fcm s\u00fcren tahakk\u00fcm ili\u015fkilerine \u0131\u015f\u0131k tutuyor. Aksu Bora, Alanur \u00c7avlin, Asl\u0131 Aydemir, Asl\u0131 Odman, Aybala Ertekin, Cem \u00d6zatalay, Cemil Y\u0131ld\u0131zcan, Deniz Parlak, Deniz Pelek, Deniz Yonucu, Didem Dan\u0131\u015f, G\u00f6zde Orhan, G\u00fcleng\u00fcl Alt\u0131nta\u015f, Hande G\u00fclen, I\u015f\u0131l Erdin\u00e7, Jean-Fran\u00e7ois P\u00e9rouse, M\u00fcge Neda Alt\u0131noklu, Osman Sava\u015fkan, Ozan F\u00e9lix Sousbois, Saniye Dedeo\u011flu, Tan\u0131l Bora, Uraz Ayd\u0131n, Y. Do\u011fan \u00c7etinkaya, Y\u0131ld\u0131r\u0131m \u015eent\u00fcrk, Z. T\u00fcl Akbal S\u00fcalp\u2019in katk\u0131lar\u0131yla.<\/p>\n","protected":false},"excerpt":{"rendered":"<p>\u201cT\u0131pk\u0131 d\u00fcnyada oldu\u011fu gibi, T\u00fcrkiye\u2019de de toplumsal yap\u0131 tan\u0131mlar\u0131 aras\u0131nda farklar var. Bunlar toplumsal yap\u0131n\u0131n sorunsalla\u015ft\u0131r\u0131lmas\u0131na ve incelenmesi s\u0131ras\u0131nda izlenen yol ve y\u00f6ntemlere yans\u0131yor. T\u00fcm bu<span class=\"excerpt-hellip\"> [\u2026]<\/span><\/p>\n","protected":false},"featured_media":0,"template":"","meta":{"_monsterinsights_skip_tracking":false,"_monsterinsights_sitenote_active":false,"_monsterinsights_sitenote_note":"","_monsterinsights_sitenote_category":0},"product_brand":[],"product_cat":[13488],"product_tag":[],"class_list":{"0":"post-762299","1":"product","2":"type-product","3":"status-publish","5":"product_cat-toplum-ve-insan","6":"pa_cilt-ciltsiz","7":"pa_tur-kitap","8":"pa_yayinevi-iletisim-yayinlari","9":"pa_yazar-cem-ozatalay","11":"first","12":"instock","13":"sale","14":"shipping-taxable","15":"purchasable","16":"product-type-simple"},"_links":{"self":[{"href":"https:\/\/roveyayinevi.com.tr\/index.php\/wp-json\/wp\/v2\/product\/762299","targetHints":{"allow":["GET"]}}],"collection":[{"href":"https:\/\/roveyayinevi.com.tr\/index.php\/wp-json\/wp\/v2\/product"}],"about":[{"href":"https:\/\/roveyayinevi.com.tr\/index.php\/wp-json\/wp\/v2\/types\/product"}],"wp:attachment":[{"href":"https:\/\/roveyayinevi.com.tr\/index.php\/wp-json\/wp\/v2\/media?parent=762299"}],"wp:term":[{"taxonomy":"product_brand","embeddable":true,"href":"https:\/\/roveyayinevi.com.tr\/index.php\/wp-json\/wp\/v2\/product_brand?post=762299"},{"taxonomy":"product_cat","embeddable":true,"href":"https:\/\/roveyayinevi.com.tr\/index.php\/wp-json\/wp\/v2\/product_cat?post=762299"},{"taxonomy":"product_tag","embeddable":true,"href":"https:\/\/roveyayinevi.com.tr\/index.php\/wp-json\/wp\/v2\/product_tag?post=762299"}],"curies":[{"name":"wp","href":"https:\/\/api.w.org\/{rel}","templated":true}]}}